{"id":314,"date":"2010-08-25T18:18:23","date_gmt":"2010-08-25T18:18:23","guid":{"rendered":"https:\/\/atletismotriatlonlucena.com\/?page_id=314"},"modified":"2011-08-17T11:15:33","modified_gmt":"2011-08-17T11:15:33","slug":"resultados-de-carreras","status":"publish","type":"page","link":"https:\/\/atletismotriatlonlucena.com\/?page_id=314","title":{"rendered":"Resultados de Carreras. No Circuito."},"content":{"rendered":"<p><em><span style=\"color: #ff0000;\"><span style=\"text-decoration: underline;\">XIV.- PRUEBA \u00a0LOS 101 KM RONDA <\/span><\/span><\/em><em><span style=\"color: #ff0000;\"><span style=\"text-decoration: underline;\">SABADO 6\u00a0\u00a0 Y\u00a0\u00a0 DOMINGO\u00a0 7\u00a0 \u00a0\u00a0DE MAYO 2011<\/span><\/span><\/em><\/p>\n<p><em><span style=\"color: #ff0000;\">A LAS \u00a0\u00a09 \u00a0HORA <\/span><\/em><em><span style=\"color: #ff0000;\">LUGAR:\u00a0 RONDA ( MALAGA)<\/span><\/em><\/p>\n<p><em><span style=\"color: #ff0000;\">MODALIDAD:\u00a0 MARCHA CORTA,\u00a0 101 \u00a0KM<\/span><\/em><\/p>\n<p><em><span style=\"color: #ff0000;\">MODALIDAD:\u00a0 DUATLON\u00a0\u00a0\u00a0\u00a0 101\u00a0\u00a0 CARRERA Y BICI <\/span><\/em><\/p>\n<p><em><span style=\"color: #ff0000;\">CORREDORES: 8.000 \u00a0MARCHADORES<\/span><\/em><\/p>\n<p><em> <\/em><\/p>\n<p><em><span style=\"color: #008000;\"><strong>PUESTO\u00a0\u00a0\u00a0\u00a0\u00a0\u00a0\u00a0\u00a0\u00a0 NOMBRES\u00a0\u00a0\u00a0\u00a0 \u00a0\u00a0\u00a0\u00a0\u00a0\u00a0\u00a0\u00a0\u00a0\u00a0\u00a0\u00a0\u00a0\u00a0\u00a0\u00a0\u00a0\u00a0\u00a0\u00a0CATEG\u00a0\u00a0\u00a0\u00a0\u00a0\u00a0\u00a0\u00a0\u00a0\u00a0\u00a0\u00a0\u00a0\u00a0 PRUEBA\u00a0\u00a0\u00a0\u00a0\u00a0\u00a0 TIEMPO<\/strong><\/span><\/em><\/p>\n<p><em> <span style=\"text-decoration: underline;\">CLUB ATLETISMO Y TRIATLON DE LUCENA<\/span><\/em><\/p>\n<p><em> <\/em><\/p>\n<p><em>1<span style=\"color: #0000ff;\">8\u00ba.-CAT\u00a0 MIGUEL A. BALLESTEROS ROLDAN.. \u00a0\u00a0VT\u00a0\u00a0\u00a0\u00a0\u00a0\u00a0\u00a0 101 KM\u00a0\u00a0\u00a0\u00a0\u00a0\u00a0\u00a0\u00a0 10.40\u201919\u2019\u2019<\/span><\/em><\/p>\n<p><em><span style=\"color: #0000ff;\">38\u00ba.-GRAL <\/span><\/em><\/p>\n<p><em><span style=\"color: #0000ff;\"> <\/span><\/em><\/p>\n<p><em><span style=\"color: #0000ff;\">76\u00ba.-CAT\u00a0\u00a0 ALBERTO VALVERDE RUIZ \u2026\u2026\u2026\u2026..\u00a0 VT\u00a0\u00a0 \u00a0\u00a0\u00a0\u00a0101\u00a0 KM\u00a0\u00a0\u00a0\u00a0\u00a0\u00a0\u00a0 11.47\u201926\u2019\u2019<\/span><\/em><\/p>\n<p><em><span style=\"color: #0000ff;\">111\u00ba.-GRAL<\/span><\/em><\/p>\n<p><em><span style=\"color: #0000ff;\"> <\/span><\/em><\/p>\n<p><em><span style=\"color: #0000ff;\">192\u00ba.-GRAL FRANCISCO SERRANO VEGA \u2026\u2026\u2026\u00a0 VT\u00a0\u00a0\u00a0\u00a0\u00a0 101 KM\u00a0\u00a0\u00a0\u00a0\u00a0\u00a0\u00a0\u00a0 12.43\u201948\u2019\u2019<\/span><\/em><\/p>\n<p><em><span style=\"color: #0000ff;\"> <\/span><\/em><\/p>\n<p><em><span style=\"color: #0000ff;\">26\u00ba.-GRAL.-\u00a0 MIGUEL ANGEL MU\u00d1OZ BEATO\u2026 VT\u00a0\u00a0\u00a0\u00a0 \u00a0101 KM\u00a0\u00a0\u00a0\u00a0\u00a0\u00a0\u00a0\u00a0\u00a0\u00a0 14.39\u201909\u2019\u2019<\/span><\/em><\/p>\n<p><em><span style=\"color: #0000ff;\"> <\/span><\/em><\/p>\n<p><em><span style=\"color: #0000ff;\">277\u00ba.-CAT\u00a0\u00a0 JUAN PEDRO MU\u00d1OZ NAVARRO\u2026.. VT\u00a0\u00a0\u00a0\u00a0 101\u00a0 KM\u00a0\u00a0\u00a0\u00a0\u00a0\u00a0\u00a0\u00a0\u00a0 14.51\u201918\u2019\u2019<\/span><\/em><\/p>\n<p><em><span style=\"color: #0000ff;\">465\u00ba.-GRAL<\/span><\/em><\/p>\n<p><em><span style=\"color: #0000ff;\"> <\/span><\/em><\/p>\n<p><em><span style=\"color: #0000ff;\">11\u00ba.-CAT\u00a0\u00a0 BERNARDO GUTIERREZ RUIZ \u2026\u2026\u2026.SN\u00a0\u00a0\u00a0 101\u00a0 KM\u00a0\u00a0\u00a0\u00a0\u00a0\u00a0\u00a0\u00a0\u00a0\u00a0 14.51\u201918\u2019\u2019<\/span><\/em><\/p>\n<p><em><span style=\"color: #0000ff;\">467\u00ba.-GRAL<\/span><\/em><\/p>\n<p><em><span style=\"color: #0000ff;\"> <\/span><\/em><\/p>\n<p><em><span style=\"color: #0000ff;\">191\u00ba.-CAT\u00a0\u00a0 JORGE MANUEL PINEDA ALBA\u2026.\u00a0\u00a0 SN\u00a0\u00a0\u00a0\u00a0 101\u00a0 KM\u00a0\u00a0\u00a0\u00a0\u00a0\u00a0\u00a0\u00a0 16.27\u201935\u2019\u2019<\/span><\/em><\/p>\n<p><em><span style=\"color: #0000ff;\">746\u00ba.-GRAL<\/span><\/em><\/p>\n<p><em><span style=\"color: #0000ff;\"> <\/span><\/em><\/p>\n<p><em><span style=\"color: #0000ff;\">195\u00ba.-CAT\u00a0 JOSE ANTONIO SOME CALVILLO .. SN\u00a0\u00a0\u00a0\u00a0\u00a0 101\u00a0 KM\u00a0\u00a0\u00a0 \u00a0\u00a0\u00a0\u00a0\u00a016.32\u201900\u2019\u2019<\/span><\/em><\/p>\n<p><em><span style=\"color: #0000ff;\">758\u00ba.-GRAL<\/span><\/em><\/p>\n<p><em><span style=\"color: #0000ff;\"> <\/span><\/em><\/p>\n<p><em><span style=\"color: #0000ff;\"> <\/span><\/em><\/p>\n<p><em><span style=\"color: #0000ff;\">32\u00ba.-GRAL .-JUAN MANRIQUE NAVARRO \u2026\u2026\u2026\u2026 VT\u00a0\u00a0\u00a0 101 Duatlon\u00a0\u00a0\u00a0\u00a0\u00a0 6.24\u201918\u2019\u2019<\/span><\/em><\/p>\n<p><em><span style=\"color: #0000ff;\"> <\/span><\/em><\/p>\n<p><em><span style=\"color: #0000ff;\">JAVI VERGARA SERRANO \u2026\u2026\u2026\u2026\u2026\u2026\u2026\u2026\u2026 SN\u00a0 Retirada a los 80 km (Lesion)l <\/span><\/em><\/p>\n<p><em> <\/em><\/p>\n<p><em> <span style=\"text-decoration: underline;\">EL CLUB DE ATLETISMO QUE MAS DEPORTISTAS HA PRESENTADO<\/span><\/em><\/p>\n<p>_________________________________________________________________________________________<\/p>\n<p><em><span style=\"color: #ff0000;\"><strong>XXIII.- CROSS POPULAR PRIMAVERA <\/strong><\/span><\/em><em><span style=\"color: #ff0000;\"><strong>DOMINGO 8 \u00a0DE MAYO \u00a02011<\/strong><\/span><\/em><\/p>\n<p><em><span style=\"color: #ff0000;\"><strong>A LAS \u00a0\u00a010 HORAS<\/strong><\/span><\/em><\/p>\n<p><em><span style=\"color: #ff0000;\">LUGAR: LA RAMBLA ( C\u00f3rdoba)<\/span><\/em><\/p>\n<p><em><span style=\"color: #ff0000;\">CORREDORES: 250<\/span><\/em><\/p>\n<p><em>P<span style=\"color: #339966;\"><span style=\"text-decoration: underline;\"><strong>UESTO\u00a0\u00a0\u00a0\u00a0\u00a0\u00a0\u00a0\u00a0\u00a0 NOMBRES\u00a0\u00a0\u00a0\u00a0\u00a0\u00a0\u00a0\u00a0\u00a0\u00a0\u00a0\u00a0\u00a0\u00a0\u00a0\u00a0\u00a0\u00a0\u00a0\u00a0\u00a0\u00a0\u00a0\u00a0 CATEG\u00a0\u00a0\u00a0\u00a0\u00a0\u00a0\u00a0\u00a0\u00a0\u00a0\u00a0\u00a0\u00a0\u00a0 PRUEBA\u00a0\u00a0\u00a0\u00a0\u00a0\u00a0 TIEMPO<\/strong><\/span><\/span><\/em><\/p>\n<p><em> <\/em><em><span style=\"text-decoration: underline;\"><span style=\"color: #00ff00;\"><strong>CLUB <\/strong><\/span><\/span><\/em><em><span style=\"text-decoration: underline;\"><span style=\"color: #00ff00;\"><strong>ATLETISMO Y TRIATLON DE LUCENA<\/strong><\/span><\/span><\/em><em> <\/em><\/p>\n<p><em>2\u00ba.- ALEJANDRO GALLARDO GALLARDO\u2026\u2026.. PRE-BENJAMIN\u00a0\u00a0\u00a0\u00a0\u00a0\u00a0\u00a0\u00a0\u00a0\u00a0 \u00a0400\u00a0\u00a0 \u00a0\u00a0\u00a0\u00a0\u00a0\u00a0\u00a0\u00a0\u00a0\u00a0\u00a0\u00a0\u00a0\u00a0\u00a0\u00a0\u00a0\u00a0\u00a01\u201928\u2019\u2019<\/em><\/p>\n<p><em>2\u00ba.-VICTOR ALGAR VALERA\u2026\u2026\u2026\u2026\u2026\u2026\u2026\u2026\u2026 BENJAMIN\u00a0\u00a0\u00a0\u00a0\u00a0\u00a0\u00a0\u00a0\u00a0\u00a0\u00a0\u00a0\u00a0\u00a0\u00a0\u00a0\u00a0\u00a0\u00a0 600\u00a0\u00a0\u00a0\u00a0\u00a0\u00a0\u00a0\u00a0\u00a0\u00a0\u00a0\u00a0\u00a0\u00a0\u00a0\u00a0\u00a0\u00a0\u00a0\u00a0\u00a0\u00a0 2\u201914\u2019\u2019<\/em><\/p>\n<p><em>1\u00aa.-\u00a0 ANA LOPEZ FLORES\u2026\u2026\u2026\u2026\u2026\u2026\u2026\u2026\u2026.\u00a0\u00a0 \u00a0\u00a0\u00a0ALEVIN\u00a0\u00a0\u00a0\u00a0\u00a0\u00a0\u00a0\u00a0\u00a0\u00a0\u00a0\u00a0\u00a0\u00a0\u00a0\u00a0\u00a0\u00a0\u00a0\u00a0 \u00a0\u00a0\u00a01000\u00a0\u00a0\u00a0\u00a0\u00a0\u00a0\u00a0\u00a0\u00a0\u00a0\u00a0\u00a0\u00a0\u00a0\u00a0\u00a0\u00a0\u00a0\u00a0\u00a0\u00a0 3\u201935\u2019\u2019<\/em><\/p>\n<p><em>7\u00ba.- JORGE ARAGONZ GONZALEZ\u2026\u2026\u2026\u2026..\u00a0\u00a0\u00a0\u00a0 \u00a0\u00a0\u00a0ALEVIN\u00a0\u00a0\u00a0\u00a0\u00a0\u00a0\u00a0\u00a0\u00a0\u00a0\u00a0\u00a0\u00a0\u00a0\u00a0\u00a0\u00a0\u00a0 \u00a0\u00a0\u00a0\u00a01000\u00a0\u00a0\u00a0\u00a0\u00a0\u00a0\u00a0\u00a0\u00a0\u00a0\u00a0\u00a0\u00a0\u00a0\u00a0\u00a0\u00a0\u00a0\u00a0\u00a0\u00a0 3\u201944\u2019\u2019 <\/em><\/p>\n<p><em>12\u00ba.-LUCAS LAVEAU\u2026\u2026\u2026\u2026\u2026\u2026\u2026\u2026\u2026\u2026\u2026\u2026..\u00a0\u00a0 ALEVIN\u00a0\u00a0\u00a0\u00a0\u00a0\u00a0\u00a0\u00a0\u00a0\u00a0\u00a0\u00a0\u00a0\u00a0\u00a0\u00a0\u00a0\u00a0\u00a0\u00a0 \u00a0\u00a01000\u00a0\u00a0\u00a0\u00a0\u00a0 \u00a0\u00a0\u00a0\u00a0\u00a0\u00a0\u00a0\u00a0\u00a0\u00a0\u00a0\u00a0\u00a0\u00a0\u00a0\u00a04\u201900\u2019\u2019 <\/em><\/p>\n<p><em>2\u00aa.- MIRIAM LOPEZ JIMENEZ \u2026\u2026\u2026\u2026\u2026\u2026\u2026 \u00a0\u00a0\u00a0\u00a0\u00a0INF\u00a0\u00a0\u00a0\u00a0\u00a0\u00a0\u00a0\u00a0\u00a0\u00a0 \u00a0\u00a0\u00a0\u00a0\u00a0\u00a0\u00a0\u00a0\u00a0\u00a0\u00a0\u00a0\u00a0\u00a0\u00a0\u00a0\u00a0\u00a0\u00a01500\u00a0\u00a0\u00a0\u00a0\u00a0\u00a0\u00a0\u00a0\u00a0\u00a0\u00a0\u00a0\u00a0\u00a0\u00a0\u00a0\u00a0\u00a0\u00a0\u00a0\u00a0\u00a0 5\u201932\u2019\u2019<\/em><\/p>\n<p><em>7\u00ba.-ISMAEL ORTIZ CABEZA\u2026\u2026\u2026\u2026\u2026\u2026\u2026\u2026.\u00a0\u00a0 \u00a0\u00a0\u00a0\u00a0INF\u00a0\u00a0\u00a0\u00a0\u00a0\u00a0\u00a0\u00a0\u00a0\u00a0\u00a0\u00a0\u00a0\u00a0\u00a0\u00a0\u00a0\u00a0\u00a0\u00a0\u00a0\u00a0\u00a0\u00a0\u00a0\u00a0 \u00a0\u00a01500\u00a0\u00a0\u00a0\u00a0\u00a0\u00a0\u00a0\u00a0\u00a0\u00a0\u00a0\u00a0\u00a0\u00a0\u00a0\u00a0\u00a0\u00a0\u00a0\u00a0\u00a0\u00a0 6\u201926\u2019\u2019 <\/em><\/p>\n<p><em>2\u00ba.-JOSE BUJALANCE PEREZ \u2026\u2026\u2026\u2026\u2026\u2026\u2026..\u00a0\u00a0\u00a0\u00a0\u00a0 SN\u00a0\u00a0\u00a0 \u00a0\u00a0\u00a0\u00a0\u00a0\u00a0\u00a0\u00a0\u00a0\u00a0\u00a0\u00a0\u00a0\u00a0\u00a0\u00a0\u00a0\u00a0\u00a0\u00a0\u00a0\u00a0\u00a0\u00a0\u00a0\u00a06500\u00a0\u00a0\u00a0\u00a0\u00a0\u00a0\u00a0\u00a0\u00a0\u00a0\u00a0\u00a0\u00a0\u00a0\u00a0\u00a0\u00a0\u00a0\u00a0\u00a0\u00a0\u00a0 22\u201937\u2019\u2019<\/em><\/p>\n<p><em>11.-GRAL.<\/em><\/p>\n<p><em> <\/em><\/p>\n<p><em>1\u00ba.-CAT\u00a0 ANTONIO <\/em><em>BURGUILLOS CABEZA\u2026\u2026\u2026 VT\u00a0\u00a0\u00a0\u00a0\u00a0\u00a0\u00a0\u00a0\u00a0\u00a0\u00a0\u00a0\u00a0\u00a0\u00a0\u00a0\u00a0\u00a0\u00a0\u00a0\u00a0\u00a0\u00a0\u00a0 \u00a06500\u00a0\u00a0\u00a0\u00a0\u00a0\u00a0\u00a0\u00a0\u00a0\u00a0\u00a0\u00a0\u00a0\u00a0\u00a0\u00a0\u00a0\u00a0\u00a0\u00a0\u00a0\u00a0\u00a0 23\u201924\u2019\u2019<\/em><\/p>\n<p><em>14\u00ba.-GRAL<\/em><\/p>\n<p><em> <\/em><\/p>\n<p><em>5\u00baCAT.-JOSE DIEGO MOLINA GARCIA \u2026\u2026\u2026\u2026\u00a0\u00a0 VT\u00a0\u00a0\u00a0\u00a0 \u00a0\u00a0\u00a0\u00a0\u00a0\u00a0\u00a0\u00a0\u00a0\u00a0\u00a0\u00a0\u00a0\u00a0\u00a0\u00a0\u00a0\u00a0\u00a0\u00a0\u00a0\u00a0\u00a0\u00a06500\u00a0\u00a0\u00a0\u00a0\u00a0\u00a0\u00a0\u00a0\u00a0\u00a0\u00a0\u00a0\u00a0\u00a0\u00a0\u00a0\u00a0\u00a0\u00a0\u00a0\u00a0\u00a0\u00a0 23\u201944\u2019\u2019<\/em><\/p>\n<p><em>15\u00ba-GRAL<\/em><\/p>\n<p><em> <\/em><\/p>\n<p><em>2\u00ba.-CAT\u00a0 RAFAEL CABALLERO FUENTES \u2026\u2026\u2026\u00a0 VT\u00a0\u00a0\u00a0\u00a0\u00a0\u00a0\u00a0\u00a0\u00a0\u00a0\u00a0\u00a0\u00a0\u00a0\u00a0\u00a0\u00a0\u00a0\u00a0\u00a0\u00a0\u00a0\u00a0\u00a0\u00a0\u00a0\u00a0 6500\u00a0\u00a0\u00a0\u00a0\u00a0\u00a0\u00a0\u00a0\u00a0\u00a0\u00a0\u00a0\u00a0\u00a0\u00a0\u00a0\u00a0\u00a0\u00a0\u00a0\u00a0\u00a0\u00a0\u00a0 24\u201939\u2019\u2019<\/em><\/p>\n<p><em>24\u00ba.-GRAL<\/em><\/p>\n<p><em> <\/em><\/p>\n<p><em>5\u00ba.-CAT MIGUEL ANGEL CASTRO LUCENA\u2026\u2026..\u00a0 SN\u00a0\u00a0\u00a0\u00a0\u00a0\u00a0\u00a0\u00a0\u00a0\u00a0\u00a0\u00a0\u00a0\u00a0\u00a0\u00a0\u00a0\u00a0\u00a0\u00a0\u00a0\u00a0\u00a0\u00a0\u00a0\u00a0\u00a0 6500\u00a0\u00a0\u00a0\u00a0\u00a0\u00a0\u00a0\u00a0\u00a0\u00a0\u00a0\u00a0\u00a0\u00a0\u00a0\u00a0\u00a0\u00a0\u00a0\u00a0\u00a0\u00a0 24\u201947\u2019\u2019<\/em><\/p>\n<p><em>25\u00ba.-GRAL<\/em><\/p>\n<p><em> <\/em><\/p>\n<p><em>10\u00ba.-CAT JAVI JIMENEZ JIMENEZ\u2026\u2026\u2026\u2026\u2026\u2026\u2026..VT\u00a0\u00a0\u00a0\u00a0\u00a0\u00a0\u00a0\u00a0\u00a0\u00a0\u00a0\u00a0\u00a0\u00a0\u00a0\u00a0\u00a0\u00a0\u00a0\u00a0\u00a0\u00a0\u00a0\u00a0\u00a0\u00a0\u00a0 6500\u00a0\u00a0\u00a0\u00a0\u00a0\u00a0\u00a0\u00a0\u00a0\u00a0\u00a0\u00a0\u00a0\u00a0\u00a0\u00a0\u00a0\u00a0\u00a0\u00a0\u00a0\u00a0\u00a0 25\u201914\u2019\u2019<\/em><\/p>\n<p><em>32\u00ba.-GRAL<\/em><\/p>\n<p><em> <\/em><\/p>\n<p><em>11\u00baCAT.-EDUARDO FERNANDEZ PERALES\u2026\u2026\u00a0\u00a0 VT\u00a0\u00a0\u00a0\u00a0\u00a0 \u00a0\u00a0\u00a0\u00a0\u00a0\u00a0\u00a0\u00a0\u00a0\u00a0\u00a0\u00a0\u00a0\u00a0\u00a0\u00a0\u00a0\u00a0\u00a0\u00a0\u00a0\u00a0\u00a06500\u00a0\u00a0\u00a0\u00a0\u00a0\u00a0\u00a0\u00a0\u00a0\u00a0\u00a0\u00a0\u00a0\u00a0\u00a0\u00a0\u00a0\u00a0\u00a0\u00a0\u00a0 25\u201922\u2019\u2019 <\/em><\/p>\n<p><em>34\u00ba.-GRAL<\/em><\/p>\n<p><em> <\/em><\/p>\n<p><em>15\u00ba.-CAT RAFAEL ARAGON HURTADO \u2026\u2026\u2026\u2026\u2026 VT\u00a0\u00a0\u00a0\u00a0\u00a0\u00a0\u00a0\u00a0\u00a0\u00a0\u00a0\u00a0\u00a0\u00a0\u00a0\u00a0\u00a0\u00a0\u00a0\u00a0\u00a0\u00a0\u00a0\u00a0\u00a0\u00a0\u00a0 6500\u00a0\u00a0\u00a0\u00a0\u00a0\u00a0\u00a0\u00a0\u00a0\u00a0\u00a0\u00a0\u00a0\u00a0\u00a0\u00a0\u00a0\u00a0\u00a0 26\u201947\u2019\u2019<\/em><\/p>\n<p><em>53.-GRAL<\/em><\/p>\n<p><em> <\/em><\/p>\n<p><em>4\u00ba.-JUAN MANJON CABEZA \u2026\u2026\u2026\u2026\u2026\u2026\u2026\u2026\u2026.. \u00a0\u00a0VT\u00a0\u00a0\u00a0 \u00a0\u00a0\u00a0\u00a0\u00a0\u00a0\u00a0\u00a0\u00a0\u00a0\u00a0\u00a0\u00a0\u00a0\u00a0\u00a0\u00a0\u00a0\u00a0\u00a0\u00a0\u00a0\u00a0\u00a06500\u00a0\u00a0\u00a0\u00a0\u00a0\u00a0\u00a0\u00a0\u00a0\u00a0\u00a0\u00a0\u00a0\u00a0\u00a0\u00a0\u00a0\u00a0\u00a0\u00a0 27\u201913\u2019\u2019<\/em><\/p>\n<p><em>58\u00ba.-GRAL<\/em><\/p>\n<p><em> <span style=\"text-decoration: underline;\">CLUB SUR ATLETISMO CORDOBA 2016<\/span><\/em><\/p>\n<p><em>4\u00aa CAT ARACELI LOPEZ JIMENEZ\u2026\u2026\u2026\u2026\u2026\u2026..\u00a0 JUNIOR\u00a0\u00a0\u00a0\u00a0\u00a0\u00a0\u00a0\u00a0\u00a0\u00a0\u00a0\u00a0\u00a0 \u00a0\u00a0\u00a0\u00a0\u00a0\u00a0\u00a06500\u00a0\u00a0\u00a0\u00a0\u00a0\u00a0\u00a0\u00a0\u00a0\u00a0\u00a0\u00a0\u00a0\u00a0\u00a0\u00a0\u00a0\u00a0 31\u201935\u2019\u2019<\/em><\/p>\n<p><em>9\u00baCAT\u00a0 \u00a0\u00a0\u00a0\u00a0\u00a0\u00a0JORGE SANCHEZ ALBA\u2026\u2026\u2026\u2026\u2026\u2026\u00a0 JUVENIL \u00a0\u00a0\u00a0\u00a0\u00a0\u00a0\u00a0\u00a0\u00a0\u00a0\u00a0\u00a0\u00a0\u00a0\u00a0\u00a0\u00a0\u00a0\u00a05500\u00a0\u00a0\u00a0\u00a0\u00a0\u00a0\u00a0\u00a0 \u00a0\u00a0\u00a0\u00a0\u00a0\u00a0\u00a0\u00a0\u00a0\u00a024\u201908\u2019\u2019 <\/em><\/p>\n<p><em> <\/em><\/p>\n<p><em> <span style=\"text-decoration: underline;\">PERSONAS CON DISCAPACIDAD INTELECTUAL ( AMARA)<\/span><\/em><\/p>\n<p><em>1\u00ba.-FRANCISCO MOLINERO RODRIGUEZ\u2026\u2026\u2026\u2026\u2026\u2026\u2026.. .\u201d\u00a0\u00a0\u00a0\u00a0\u00a0\u00a0\u00a0\u00a0\u00a0\u00a0\u00a0\u00a0\u00a0\u00a0\u00a0 \u00a0\u00a0400\u00a0\u00a0\u00a0\u00a0\u00a0\u00a0\u00a0\u00a0\u00a0\u00a0\u00a0\u00a0\u00a0\u00a0\u00a0\u00a0\u00a0 \u00a0\u00a0\u00a0\u00a0\u00a058\u2019\u2019<\/em><\/p>\n<p><em>2\u00ba.-JESUS CARMONA CADIZ\u2026\u2026\u2026\u2026\u2026\u2026\u2026\u2026\u2026\u2026\u2026\u2026\u2026\u2026 \u201c\u00a0\u00a0\u00a0\u00a0\u00a0 \u00a0\u00a0\u00a0\u00a0\u00a0\u00a0\u00a0\u00a0\u00a0\u00a0\u00a0\u00a0\u00a0400\u00a0\u00a0\u00a0\u00a0\u00a0\u00a0\u00a0\u00a0\u00a0\u00a0\u00a0\u00a0\u00a0\u00a0\u00a0\u00a0\u00a0\u00a0\u00a0\u00a0\u00a0 1\u201903\u2019\u2019 <\/em><\/p>\n<p><em>3\u00ba.-DANIEL LOPEZ MARTIN \u2026\u2026\u2026\u2026\u2026\u2026\u2026\u2026\u2026\u2026\u2026\u2026\u2026\u2026.\u00a0 \u201c\u00a0\u00a0\u00a0\u00a0\u00a0\u00a0\u00a0\u00a0\u00a0\u00a0\u00a0\u00a0\u00a0\u00a0\u00a0 \u00a0400\u00a0\u00a0\u00a0\u00a0\u00a0\u00a0\u00a0\u00a0\u00a0\u00a0\u00a0\u00a0\u00a0\u00a0\u00a0\u00a0\u00a0\u00a0\u00a0\u00a0\u00a0 1\u201904\u2019\u2019<\/em><\/p>\n<p><em>4\u00ba.-JERONIMO ALHAMA TOLEDANO \u2026\u2026\u2026\u2026\u2026\u2026\u2026\u2026\u2026\u2026\u00a0\u00a0 \u201c\u00a0\u00a0\u00a0\u00a0\u00a0\u00a0\u00a0\u00a0\u00a0\u00a0\u00a0\u00a0\u00a0 \u00a0\u00a0400\u00a0\u00a0\u00a0\u00a0\u00a0\u00a0\u00a0\u00a0\u00a0\u00a0\u00a0\u00a0\u00a0\u00a0\u00a0\u00a0\u00a0\u00a0\u00a0\u00a0 1\u201908\u2019\u2019<\/em><\/p>\n<p><em>5\u00ba.-PEDRO GOMEZ GAVILAN \u2026\u2026\u2026\u2026\u2026\u2026\u2026\u2026\u2026\u2026\u2026\u2026\u2026.\u00a0\u00a0\u00a0 \u201c\u00a0\u00a0\u00a0\u00a0\u00a0\u00a0\u00a0\u00a0\u00a0\u00a0\u00a0\u00a0\u00a0 \u00a0\u00a0400\u00a0\u00a0\u00a0\u00a0\u00a0\u00a0\u00a0\u00a0\u00a0\u00a0\u00a0\u00a0\u00a0\u00a0\u00a0\u00a0\u00a0\u00a0\u00a0\u00a0 1\u201934\u2019\u2019<\/em><\/p>\n<p><em>1\u00aa.-CARMINA TORRALBO LOPEZ \u2026\u2026\u2026\u2026\u2026\u2026\u2026\u2026\u2026\u2026\u2026\u2026.\u00a0 \u201c\u00a0\u00a0\u00a0\u00a0\u00a0\u00a0\u00a0\u00a0\u00a0\u00a0\u00a0\u00a0\u00a0 \u00a0\u00a0400\u00a0\u00a0\u00a0\u00a0\u00a0\u00a0\u00a0\u00a0\u00a0\u00a0\u00a0\u00a0\u00a0\u00a0\u00a0\u00a0\u00a0\u00a0\u00a0\u00a0 1\u201925\u2019\u2019<\/em><\/p>\n<p><em>2\u00aa.-INMACULADA GALVEZ GOMEZ \u2026\u2026\u2026\u2026\u2026\u2026\u2026\u2026\u2026\u2026\u2026\u00a0 \u201c\u00a0\u00a0\u00a0\u00a0\u00a0\u00a0\u00a0\u00a0\u00a0\u00a0\u00a0\u00a0\u00a0\u00a0 \u00a0400\u00a0\u00a0\u00a0\u00a0\u00a0\u00a0\u00a0\u00a0\u00a0\u00a0\u00a0\u00a0\u00a0\u00a0\u00a0\u00a0\u00a0\u00a0\u00a0\u00a0 1\u201957\u2019\u2019<\/em><\/p>\n<p><em>5\u00aa.-GRACIA ALONSO NIETO \u2026\u2026\u2026\u2026\u2026\u2026\u2026\u2026\u2026\u2026\u2026\u2026\u2026\u2026..<\/em><em> \u201c\u00a0\u00a0\u00a0\u00a0\u00a0\u00a0\u00a0\u00a0\u00a0\u00a0\u00a0\u00a0 400\u00a0\u00a0\u00a0\u00a0\u00a0\u00a0\u00a0\u00a0\u00a0\u00a0\u00a0\u00a0\u00a0\u00a0\u00a0\u00a0 \u00a0\u00a02\u201930\u2019\u2019<\/em><\/p>\n<p><span style=\"color: #ff0000;\"><span style=\"text-decoration: underline;\"><strong>XI.- MEETING ATLETISMO DE BAENA <\/strong><\/span><\/span><span style=\"color: #ff0000;\"><span style=\"text-decoration: underline;\"><strong>DOMINGO 1\u00ba \u00a0DE MAYO \u00a02011<\/strong><\/span><\/span><\/p>\n<p><em>A LAS \u00a0\u00a010 HORAS <\/em><em>LUGAR: BAENA ( C\u00f3rdoba)<\/em><\/p>\n<p><strong><span style=\"color: #0000ff;\"><span style=\"text-decoration: underline;\">TODO UN EXITO PARA NUESTROS ATLETAS 17 PODIUMS<\/span><\/span><\/strong><\/p>\n<p><em>CORREDORES: 200<\/em><\/p>\n<p><em> <\/em><em>PUESTO\u00a0\u00a0\u00a0\u00a0\u00a0\u00a0\u00a0\u00a0\u00a0 NOMBRES\u00a0\u00a0\u00a0\u00a0\u00a0\u00a0\u00a0\u00a0\u00a0\u00a0\u00a0\u00a0\u00a0\u00a0\u00a0\u00a0\u00a0\u00a0\u00a0\u00a0\u00a0\u00a0\u00a0\u00a0 CATEG\u00a0\u00a0\u00a0\u00a0\u00a0\u00a0\u00a0\u00a0\u00a0\u00a0\u00a0\u00a0\u00a0\u00a0 PRUEBA\u00a0\u00a0\u00a0\u00a0\u00a0\u00a0 TIEMPO<\/em><\/p>\n<p><em> <span style=\"text-decoration: underline;\"><span style=\"color: #008000;\">CLUB ATLETISMO Y TRIATLON DE LUCENA<\/span><\/span><\/em><em><span style=\"color: #0000ff;\"> <\/span><\/em><\/p>\n<p><em><span style=\"color: #0000ff;\">1\u00ba.- ALEJANDRO GALLARDO GALLARDO \u00a0CHUPETE\u00a0\u00a0\u00a0\u00a0\u00a0\u00a0\u00a0\u00a0\u00a0\u00a0\u00a0\u00a0\u00a0\u00a0 \u00a0\u00a0\u00a0\u00a0\u00a0\u00a0\u00a080\u00a0\u00a0\u00a0\u00a0\u00a0\u00a0\u00a0\u00a0\u00a0\u00a0\u00a0\u00a0\u00a0\u00a0\u00a0\u00a0\u00a0\u00a0\u00a0\u00a0\u00a0\u00a0\u00a0 14\u2019\u2019<\/span><\/em><\/p>\n<p><em><span style=\"color: #0000ff;\">3\u00ba.-VICTOR ALGAR VALERA\u2026\u2026\u2026\u2026\u2026\u2026BENJAMIN\u00a0\u00a0\u00a0\u00a0\u00a0\u00a0\u00a0\u00a0\u00a0\u00a0\u00a0\u00a0\u00a0\u00a0\u00a0\u00a0\u00a0\u00a0\u00a0\u00a0 400\u00a0\u00a0\u00a0\u00a0\u00a0\u00a0\u00a0\u00a0\u00a0\u00a0\u00a0\u00a0\u00a0\u00a0\u00a0\u00a0\u00a0\u00a0\u00a0\u00a0\u00a0\u00a0 1\u201924\u2019\u2019<\/span><\/em><\/p>\n<p><em><span style=\"color: #0000ff;\">1\u00aa.-\u00a0 ANA LOPEZ FLORES\u2026\u2026\u2026\u2026\u2026\u2026\u2026\u2026 \u00a0ALEVIN\u00a0\u00a0\u00a0\u00a0\u00a0\u00a0\u00a0\u00a0\u00a0\u00a0\u00a0\u00a0\u00a0\u00a0\u00a0\u00a0\u00a0\u00a0\u00a0\u00a0 \u00a0\u00a0\u00a01000\u00a0\u00a0\u00a0\u00a0\u00a0\u00a0\u00a0\u00a0\u00a0\u00a0\u00a0\u00a0\u00a0\u00a0\u00a0\u00a0\u00a0\u00a0\u00a0\u00a0\u00a0 3\u201937\u2019\u2019<\/span><\/em><\/p>\n<p><em><span style=\"color: #0000ff;\">3\u00ba.- JORGE ARAGONZ GONZALEZ\u2026\u2026 \u00a0 ALEVIN\u00a0\u00a0\u00a0\u00a0\u00a0\u00a0\u00a0\u00a0\u00a0\u00a0\u00a0\u00a0\u00a0\u00a0\u00a0\u00a0\u00a0\u00a0 \u00a0\u00a0\u00a0\u00a01000\u00a0\u00a0\u00a0\u00a0\u00a0\u00a0\u00a0\u00a0\u00a0\u00a0\u00a0\u00a0\u00a0\u00a0\u00a0\u00a0\u00a0\u00a0\u00a0\u00a0\u00a0 3\u201942\u2019\u2019 <\/span><\/em><\/p>\n<p><em><span style=\"color: #0000ff;\">7\u00ba.-LUCAS LAVEAU\u2026\u2026\u2026\u2026\u2026\u2026\u2026\u2026\u2026\u2026 \u00a0ALEVIN\u00a0\u00a0\u00a0\u00a0\u00a0\u00a0\u00a0\u00a0\u00a0\u00a0\u00a0\u00a0\u00a0\u00a0\u00a0\u00a0\u00a0\u00a0\u00a0\u00a0\u00a0\u00a0\u00a0 1000\u00a0\u00a0\u00a0\u00a0 \u00a0\u00a0\u00a0\u00a0\u00a0\u00a0\u00a0\u00a0\u00a0\u00a0\u00a0\u00a0\u00a0\u00a0\u00a0\u00a0\u00a04\u201905\u2019\u2019 <\/span><\/em><\/p>\n<p><em><span style=\"color: #0000ff;\">1\u00aa.- MIRIAM LOPEZ JIMENEZ \u2026\u2026\u2026 \u00a0 \u00a0INF\u00a0\u00a0\u00a0\u00a0\u00a0\u00a0\u00a0\u00a0\u00a0\u00a0 \u00a0\u00a0\u00a0\u00a0\u00a0\u00a0\u00a0\u00a0\u00a0\u00a0\u00a0\u00a0\u00a0\u00a0\u00a0\u00a0\u00a0\u00a0\u00a0\u00a02000\u00a0\u00a0\u00a0\u00a0\u00a0\u00a0\u00a0\u00a0\u00a0\u00a0\u00a0\u00a0\u00a0\u00a0\u00a0\u00a0\u00a0\u00a0\u00a0\u00a0\u00a0 8\u201908\u2019\u2019<\/span><\/em><\/p>\n<p><em><span style=\"color: #0000ff;\">7\u00ba.-ISMAEL ORTIZ CABEZA\u2026\u2026\u2026\u2026\u2026\u2026 INF\u00a0\u00a0\u00a0\u00a0\u00a0\u00a0\u00a0\u00a0\u00a0\u00a0\u00a0\u00a0\u00a0\u00a0\u00a0\u00a0\u00a0\u00a0\u00a0\u00a0\u00a0\u00a0\u00a0\u00a0\u00a0\u00a0 \u00a0\u00a0\u00a02000\u00a0\u00a0\u00a0\u00a0\u00a0\u00a0\u00a0\u00a0\u00a0\u00a0\u00a0\u00a0\u00a0\u00a0\u00a0\u00a0\u00a0\u00a0\u00a0\u00a0\u00a0\u00a0 9\u201905\u2019\u2019<\/span><\/em><\/p>\n<p><em><span style=\"color: #0000ff;\">10\u00ba.-ABRAHAM AZNAR MADRIGAL \u00a0INF\u00a0\u00a0\u00a0\u00a0\u00a0\u00a0\u00a0\u00a0\u00a0\u00a0\u00a0\u00a0\u00a0\u00a0\u00a0\u00a0\u00a0\u00a0\u00a0\u00a0\u00a0\u00a0\u00a0\u00a0\u00a0\u00a0\u00a0\u00a0\u00a0 2000\u00a0\u00a0\u00a0\u00a0\u00a0\u00a0\u00a0\u00a0\u00a0\u00a0\u00a0\u00a0\u00a0\u00a0\u00a0\u00a0\u00a0 \u00a0\u00a0\u00a0\u00a0\u00a09\u201933\u2019\u2019<\/span><\/em><\/p>\n<p><em><span style=\"color: #0000ff;\">4\u00ba.- ANTONIO DAVID LUCENA \u00a0 \u00a0 \u00a0 \u00a0 \u00a0CAD\u00a0\u00a0\u00a0\u00a0\u00a0\u00a0\u00a0\u00a0\u00a0\u00a0\u00a0\u00a0\u00a0\u00a0\u00a0\u00a0\u00a0\u00a0\u00a0\u00a0\u00a0\u00a0\u00a0\u00a0\u00a0 \u00a0\u00a03000\u00a0\u00a0\u00a0\u00a0\u00a0\u00a0\u00a0\u00a0\u00a0\u00a0\u00a0\u00a0\u00a0\u00a0\u00a0 \u00a0\u00a0\u00a0\u00a0\u00a0\u00a012\u201942\u2019\u2019<\/span><\/em><\/p>\n<p><em><span style=\"color: #0000ff;\">1\u00ba.-JOSE BUJALANCE PEREZ \u2026\u2026 \u00a0 \u00a0 \u00a0SN\u00a0\u00a0\u00a0 \u00a0\u00a0\u00a0\u00a0\u00a0\u00a0\u00a0\u00a0\u00a0\u00a0\u00a0\u00a0\u00a0\u00a0\u00a0\u00a0\u00a0\u00a0\u00a0\u00a0\u00a0\u00a0\u00a0\u00a0\u00a0\u00a0\u00a04000\u00a0\u00a0\u00a0\u00a0\u00a0\u00a0\u00a0\u00a0\u00a0\u00a0\u00a0\u00a0\u00a0\u00a0\u00a0\u00a0\u00a0\u00a0\u00a0\u00a0\u00a0 13\u201925\u2019\u2019<\/span><\/em><\/p>\n<p><em><span style=\"color: #0000ff;\">3\u00ba.-JOSE DIEGO MOLINA GARCIA \u00a0 VT\u00a0\u00a0\u00a0\u00a0 \u00a0\u00a0\u00a0\u00a0\u00a0\u00a0\u00a0\u00a0\u00a0\u00a0\u00a0\u00a0\u00a0\u00a0\u00a0\u00a0\u00a0\u00a0\u00a0\u00a0\u00a0\u00a0\u00a0\u00a0\u00a0\u00a04000\u00a0\u00a0\u00a0\u00a0\u00a0\u00a0\u00a0\u00a0\u00a0\u00a0\u00a0\u00a0\u00a0\u00a0\u00a0\u00a0\u00a0\u00a0\u00a0\u00a0\u00a0\u00a0 13\u201956\u2019\u2019<\/span><\/em><\/p>\n<p><em><span style=\"color: #0000ff;\">4\u00ba.-JAVI JIMENEZ JIMENEZ \u2026\u2026\u2026 \u00a0VT\u00a0\u00a0\u00a0\u00a0\u00a0\u00a0\u00a0\u00a0\u00a0\u00a0\u00a0\u00a0\u00a0\u00a0\u00a0\u00a0\u00a0\u00a0\u00a0\u00a0\u00a0\u00a0\u00a0\u00a0\u00a0\u00a0\u00a0\u00a0\u00a0\u00a0\u00a0 4000\u00a0\u00a0\u00a0\u00a0\u00a0\u00a0\u00a0\u00a0\u00a0\u00a0 \u00a0\u00a0\u00a0\u00a0\u00a0\u00a0\u00a0\u00a0\u00a0\u00a0\u00a014\u201930\u2019\u2019<\/span><\/em><\/p>\n<p><em><span style=\"color: #0000ff;\">5\u00ba.-EDUARDO FERNANDEZ PERALES \u00a0 \u00a0VT\u00a0\u00a0\u00a0\u00a0\u00a0\u00a0\u00a0\u00a0\u00a0\u00a0\u00a0\u00a0\u00a0\u00a0\u00a0\u00a0\u00a0\u00a0\u00a0\u00a0\u00a0\u00a0\u00a0\u00a0\u00a0\u00a0\u00a0\u00a0\u00a0\u00a0 4000\u00a0\u00a0\u00a0\u00a0\u00a0\u00a0\u00a0\u00a0\u00a0\u00a0\u00a0\u00a0\u00a0\u00a0\u00a0\u00a0\u00a0\u00a0\u00a0\u00a0\u00a0 14\u201934\u2019\u2019<\/span><\/em><\/p>\n<p><em><span style=\"color: #0000ff;\">4\u00ba.-SAMUEL VILLA MORALES \u2026\u2026\u2026 \u00a0 \u00a0JUNIOR\u00a0\u00a0\u00a0\u00a0\u00a0\u00a0\u00a0\u00a0\u00a0\u00a0\u00a0\u00a0\u00a0\u00a0\u00a0\u00a0\u00a0\u00a0\u00a0\u00a0 \u00a0\u00a04000\u00a0\u00a0\u00a0\u00a0\u00a0\u00a0\u00a0\u00a0\u00a0\u00a0\u00a0\u00a0\u00a0\u00a0\u00a0\u00a0\u00a0\u00a0\u00a0\u00a0\u00a0\u00a0 14\u201945\u2019\u2019<\/span><\/em><\/p>\n<p><em><span style=\"color: #0000ff;\">4\u00ba.-MIGUEL ANGEL CASTRO LUCENA \u00a0 \u00a0 SN\u00a0\u00a0\u00a0\u00a0\u00a0\u00a0\u00a0\u00a0\u00a0\u00a0\u00a0\u00a0\u00a0\u00a0\u00a0\u00a0\u00a0\u00a0\u00a0\u00a0\u00a0\u00a0\u00a0\u00a0\u00a0\u00a0\u00a0\u00a0\u00a0\u00a0 4000\u00a0\u00a0\u00a0\u00a0\u00a0\u00a0\u00a0\u00a0\u00a0\u00a0\u00a0\u00a0\u00a0\u00a0\u00a0\u00a0\u00a0\u00a0\u00a0\u00a0\u00a0\u00a0 14\u201950\u2019\u2019<\/span><\/em><\/p>\n<p><em><span style=\"color: #0000ff;\">6\u00ba.-ALEJANDRO FERNANDEZ LOPEZ \u2026JUNIOR\u00a0\u00a0\u00a0\u00a0\u00a0\u00a0\u00a0\u00a0\u00a0\u00a0\u00a0\u00a0\u00a0\u00a0\u00a0\u00a0\u00a0\u00a0\u00a0\u00a0\u00a0 4000\u00a0\u00a0\u00a0\u00a0\u00a0\u00a0\u00a0\u00a0\u00a0\u00a0\u00a0\u00a0\u00a0\u00a0\u00a0\u00a0\u00a0\u00a0\u00a0\u00a0\u00a0\u00a0 14\u201957\u2019\u2019<\/span><\/em><\/p>\n<p><em><span style=\"color: #0000ff;\">1\u00ba.-ANTONIO JIMENEZ CASADO\u2026\u2026\u2026\u2026 \u00a0 \u00a0VT\u00a0 \u00a0\u00a0\u00a0\u00a0\u00a0\u00a0\u00a0\u00a0\u00a0\u00a0\u00a0\u00a0\u00a0\u00a0\u00a0\u00a0\u00a0\u00a0\u00a0\u00a0\u00a0\u00a0\u00a0\u00a0\u00a0\u00a0\u00a0\u00a03000\u00a0 \u00a0\u00a0\u00a0\u00a0\u00a0\u00a0\u00a0\u00a0\u00a0\u00a0\u00a0\u00a0\u00a0\u00a0\u00a0\u00a0\u00a0\u00a0\u00a0\u00a0\u00a010\u201913\u2019\u2019<\/span><\/em><\/p>\n<p><em><span style=\"color: #0000ff;\">2\u00ba.-ANTONIO BURGUILLOS CABEZA\u2026\u2026 \u00a0 \u00a0 VT\u00a0\u00a0\u00a0\u00a0\u00a0\u00a0\u00a0\u00a0\u00a0\u00a0\u00a0\u00a0\u00a0\u00a0\u00a0\u00a0\u00a0\u00a0\u00a0\u00a0\u00a0\u00a0\u00a0\u00a0\u00a0\u00a0\u00a0\u00a0\u00a0 3000\u00a0\u00a0\u00a0\u00a0\u00a0\u00a0\u00a0\u00a0\u00a0\u00a0\u00a0\u00a0\u00a0\u00a0\u00a0\u00a0\u00a0\u00a0\u00a0\u00a0\u00a0 10\u201919\u2019\u2019<\/span><\/em><\/p>\n<p><em><span style=\"color: #0000ff;\">7\u00ba.-JUAN MANJON CABEZA \u2026\u2026\u2026\u2026\u2026\u2026\u2026\u2026 \u00a0 VT\u00a0\u00a0\u00a0 \u00a0\u00a0\u00a0\u00a0\u00a0\u00a0\u00a0\u00a0\u00a0\u00a0\u00a0\u00a0\u00a0\u00a0\u00a0\u00a0\u00a0\u00a0\u00a0\u00a0\u00a0\u00a0\u00a0\u00a0\u00a0\u00a03000\u00a0\u00a0\u00a0\u00a0\u00a0\u00a0\u00a0\u00a0\u00a0\u00a0\u00a0\u00a0\u00a0\u00a0\u00a0\u00a0\u00a0\u00a0\u00a0\u00a0\u00a0 12\u201908\u2019\u2019<\/span><\/em><\/p>\n<p><em><span style=\"color: #0000ff;\"> <\/span><\/em><\/p>\n<p><em><span style=\"color: #0000ff;\"> <\/span><span style=\"text-decoration: underline;\"><span style=\"color: #008000;\">CLUB SUR ATLETISMO CORDOBA 2016<\/span><\/span><\/em><\/p>\n<p><em><span style=\"color: #0000ff;\">2\u00aa CAT ARACELI LOPEZ JIMENEZ\u2026\u2026\u2026\u2026<\/span><\/em><em><span style=\"color: #0000ff;\">JUNIOR\u00a0\u00a0\u00a0\u00a0\u00a0\u00a0\u00a0\u00a0\u00a0\u00a0\u00a0\u00a0\u00a0 \u00a0\u00a0\u00a0\u00a0\u00a0\u00a03000\u00a0\u00a0\u00a0\u00a0\u00a0\u00a0\u00a0\u00a0\u00a0\u00a0\u00a0\u00a0\u00a0\u00a0\u00a0\u00a0\u00a0\u00a0\u00a0\u00a0\u00a0\u00a0 13\u201906\u2019\u2019<\/span><\/em><\/p>\n<p><em><span style=\"color: #0000ff;\"> <\/span><\/em><\/p>\n<p><em><span style=\"color: #0000ff;\"> <\/span><\/em><\/p>\n<p><em><span style=\"color: #0000ff;\"> <\/span><\/em><em><span style=\"text-decoration: underline;\"><span style=\"color: #008000;\">PERSONAS CON DISCAPACIDAD SALUD MENTAL<\/span><\/span><\/em><span style=\"color: #008000;\"><em> <\/em><\/span><\/p>\n<p><em><span style=\"color: #0000ff;\">4\u00ba.- ANDRES RUBIO AGUILERA \u2026\u2026\u2026\u2026\u2026\u2026\u2026ABSOLUTA\u00a0\u00a0\u00a0 \u00a0\u00a0\u00a0\u00a0\u00a0\u00a0\u00a0\u00a0400\u00a0\u00a0\u00a0\u00a0\u00a0\u00a0\u00a0\u00a0\u00a0\u00a0\u00a0\u00a0\u00a0\u00a0\u00a0\u00a0\u00a0\u00a0\u00a0\u00a0\u00a0\u00a0\u00a0 1\u201924\u2019\u2019<\/span><\/em><\/p>\n<p><em><span style=\"color: #0000ff;\">7\u00ba.-ANTONIO FERNANDEZ MURIEL \u2026\u2026\u2026\u2026 \u00a0 \u00a0 \u00a0 \u00a0 \u00a0\u201c\u00a0\u00a0\u00a0\u00a0\u00a0\u00a0\u00a0\u00a0\u00a0\u00a0\u00a0\u00a0\u00a0\u00a0\u00a0\u00a0\u00a0\u00a0\u00a0\u00a0\u00a0 400\u00a0\u00a0\u00a0\u00a0\u00a0\u00a0\u00a0\u00a0\u00a0\u00a0\u00a0\u00a0 \u00a0\u00a0\u00a0\u00a0\u00a0\u00a0\u00a0\u00a0\u00a0\u00a01\u201944\u2019\u2019<\/span><\/em><\/p>\n<p><em><span style=\"color: #0000ff;\">8\u00ba.-JOSE RUIZ PULIDO \u2026\u2026\u2026\u2026\u2026\u2026\u2026\u2026\u2026\u2026\u2026\u2026 \u00a0 \u00a0 \u00a0 \u00a0 \u00a0 \u00a0\u201c\u00a0\u00a0\u00a0 \u00a0\u00a0\u00a0\u00a0\u00a0\u00a0\u00a0\u00a0\u00a0\u00a0\u00a0\u00a0\u00a0\u00a0\u00a0\u00a0400\u00a0\u00a0\u00a0\u00a0\u00a0\u00a0\u00a0\u00a0\u00a0\u00a0\u00a0\u00a0\u00a0\u00a0 \u00a0\u00a0\u00a0\u00a0\u00a0\u00a0\u00a0\u00a0\u00a01\u201956\u2019\u2019<\/span><\/em><\/p>\n<p><em><span style=\"color: #0000ff;\">9\u00ba.-JUAN VILLATORO JIMENEZ\u2026\u2026\u2026\u2026\u2026\u2026\u2026 \u00a0 \u00a0 \u00a0 \u00a0 \u00a0 \u00a0\u201c\u00a0\u00a0\u00a0\u00a0\u00a0\u00a0\u00a0\u00a0\u00a0\u00a0\u00a0\u00a0\u00a0\u00a0\u00a0\u00a0\u00a0\u00a0\u00a0 400\u00a0\u00a0\u00a0\u00a0\u00a0\u00a0\u00a0\u00a0 \u00a0\u00a0\u00a0\u00a0\u00a0\u00a0\u00a0\u00a0\u00a0\u00a0\u00a0\u00a0\u00a0\u00a01\u201957\u2019\u2019 <\/span><\/em><\/p>\n<p><em><span style=\"color: #0000ff;\">3\u00ba.-ANA ZAYAS SOBRINO \u2026\u2026\u2026\u2026\u2026\u2026\u2026\u2026\u2026\u2026\u2026 \u00a0 \u00a0 \u00a0 \u00a0 \u00a0 \u201c\u00a0\u00a0\u00a0\u00a0\u00a0\u00a0\u00a0\u00a0\u00a0\u00a0\u00a0\u00a0\u00a0\u00a0\u00a0\u00a0\u00a0\u00a0 400\u00a0\u00a0\u00a0\u00a0\u00a0\u00a0\u00a0\u00a0\u00a0\u00a0\u00a0\u00a0\u00a0 \u00a0\u00a0\u00a0\u00a0\u00a0\u00a0\u00a0\u00a0\u00a0\u00a02\u201912\u2019\u2019<\/span><\/em><\/p>\n<p><em><span style=\"color: #0000ff;\">4\u00aa.-ANTONIA M\u00aa CARO URBAN \u2026\u2026\u2026\u2026\u2026\u2026\u2026 \u00a0 \u00a0 \u00a0 \u00a0 \u00a0 \u00a0\u201c\u00a0\u00a0\u00a0\u00a0\u00a0\u00a0\u00a0\u00a0\u00a0\u00a0\u00a0\u00a0\u00a0\u00a0\u00a0\u00a0\u00a0\u00a0 400\u00a0\u00a0\u00a0\u00a0\u00a0\u00a0\u00a0 \u00a0\u00a0\u00a0\u00a0\u00a0\u00a0\u00a0\u00a0\u00a0\u00a0\u00a0\u00a0\u00a0\u00a0\u00a02\u201929\u2019\u2019<\/span><\/em><\/p>\n<p><em><span style=\"color: #0000ff;\">6\u00aa.-INMACULADA MARTINEZ CARRILLO \u2026 \u00a0 \u00a0 \u00a0 \u00a0 \u00a0\u201c\u00a0\u00a0\u00a0\u00a0\u00a0\u00a0\u00a0\u00a0\u00a0\u00a0\u00a0\u00a0\u00a0\u00a0\u00a0\u00a0\u00a0\u00a0 400\u00a0\u00a0\u00a0\u00a0\u00a0\u00a0\u00a0\u00a0 \u00a0\u00a0\u00a0\u00a0\u00a0\u00a0\u00a0\u00a0\u00a0\u00a0\u00a0\u00a0\u00a0\u00a02\u201944\u2019\u2019 <\/span><\/em><\/p>\n<p><em><span style=\"color: #0000ff;\">7\u00aa.-MAGDALENA CARRETERO MU\u00d1OZ \u2026\u2026 \u00a0 \u00a0 \u00a0 \u00a0 \u00a0 \u201c\u00a0\u00a0\u00a0\u00a0\u00a0\u00a0\u00a0\u00a0\u00a0\u00a0\u00a0\u00a0 \u00a0\u00a0\u00a0\u00a0\u00a0\u00a0400\u00a0\u00a0\u00a0\u00a0\u00a0\u00a0\u00a0\u00a0\u00a0\u00a0\u00a0\u00a0\u00a0\u00a0\u00a0 \u00a0\u00a0\u00a0\u00a0\u00a0\u00a03\u201913\u2019\u2019<\/span><\/em><\/p>\n<p><em><span style=\"color: #0000ff;\">8\u00aa.-M\u00aa ANGELES LOBO DIAZ \u2026\u2026\u2026\u2026\u2026\u2026\u2026\u2026 \u00a0 \u00a0 \u00a0 \u00a0 \u00a0 \u201c\u00a0\u00a0\u00a0\u00a0\u00a0\u00a0\u00a0\u00a0\u00a0\u00a0\u00a0\u00a0\u00a0\u00a0\u00a0\u00a0\u00a0\u00a0 400\u00a0\u00a0\u00a0\u00a0\u00a0\u00a0\u00a0\u00a0\u00a0\u00a0\u00a0\u00a0\u00a0\u00a0\u00a0\u00a0\u00a0\u00a0\u00a0\u00a0\u00a0\u00a0 3\u201930\u2019\u2019<\/span><\/em><\/p>\n<p><em><span style=\"color: #0000ff;\"> <\/span><\/em><\/p>\n<p><em><span style=\"color: #0000ff;\"> <\/span><span style=\"text-decoration: underline;\"><span style=\"color: #008000;\">PERSONAS CON DISCAPACIDAD INTELECTUAL ( AMARA)<\/span><\/span><\/em><\/p>\n<p><em><span style=\"color: #0000ff;\">1\u00ba.-FRANCISCO MOLINERO RODRIGUEZ\u2026\u2026\u2026\u2026\u2026 \u00a0 \u00a0 \u00a0 \u00a0 \u00a0 \u00a0 \u00a0 \u00a0 400\u00a0\u00a0\u00a0\u00a0\u00a0\u00a0\u00a0\u00a0\u00a0\u00a0\u00a0\u00a0\u00a0\u00a0\u00a0\u00a0 \u00a0\u00a0\u00a0\u00a0\u00a0\u00a01\u201900\u2019\u2019<\/span><\/em><\/p>\n<p><em><span style=\"color: #0000ff;\">2\u00ba.-JESUS CARMONA CADIZ\u2026\u2026\u2026\u2026\u2026\u2026\u2026\u2026\u2026\u2026\u2026\u2026 \u00a0 \u00a0 \u00a0 \u00a0 \u00a0 \u00a0 \u00a0 \u00a0 \u00a0 400\u00a0\u00a0\u00a0\u00a0\u00a0\u00a0\u00a0\u00a0\u00a0\u00a0\u00a0\u00a0\u00a0\u00a0\u00a0\u00a0\u00a0\u00a0\u00a0\u00a0\u00a0 1\u201901\u2019\u2019 <\/span><\/em><\/p>\n<p><em><span style=\"color: #0000ff;\">3\u00ba.-DANIEL LOPEZ MARTIN \u2026\u2026\u2026\u2026\u2026\u2026\u2026\u2026\u2026\u2026\u2026\u2026\u2026 \u00a0 \u00a0 \u00a0 \u00a0 \u00a0 \u00a0 \u00a0 \u00a0 400\u00a0\u00a0\u00a0\u00a0\u00a0\u00a0\u00a0\u00a0\u00a0\u00a0\u00a0\u00a0\u00a0\u00a0\u00a0\u00a0\u00a0\u00a0\u00a0\u00a0\u00a0 1\u201914\u2019\u2019<\/span><\/em><\/p>\n<p><em><span style=\"color: #0000ff;\">5\u00ba.-JERONIMO ALHAMA TOLEDANO \u2026\u2026\u2026\u2026\u2026\u2026\u2026 \u00a0 \u00a0 \u00a0 \u00a0 \u00a0 \u00a0 \u00a0 \u00a0 \u00a0400\u00a0\u00a0\u00a0\u00a0\u00a0\u00a0\u00a0\u00a0\u00a0\u00a0\u00a0\u00a0\u00a0\u00a0\u00a0\u00a0\u00a0\u00a0\u00a0\u00a0 1\u201929\u2019\u2019<\/span><\/em><\/p>\n<p><em><span style=\"color: #0000ff;\">6\u00ba.-PEDRO GOMEZ GAVILAN \u2026\u2026\u2026\u2026\u2026\u2026\u2026\u2026\u2026\u2026\u2026\u2026 \u00a0 \u00a0 \u00a0 \u00a0 \u00a0 \u00a0 \u00a0 \u00a0 \u00a0 400\u00a0\u00a0\u00a0\u00a0\u00a0\u00a0\u00a0\u00a0\u00a0\u00a0\u00a0\u00a0\u00a0\u00a0\u00a0\u00a0\u00a0\u00a0\u00a0\u00a0 1\u201939\u2019\u2019<\/span><\/em><\/p>\n<p><em><span style=\"color: #0000ff;\">1\u00aa.-CARMINA TORRALBO LOPEZ \u2026\u2026\u2026\u2026\u2026\u2026\u2026\u2026\u2026\u2026 \u00a0 \u00a0 \u00a0 \u00a0 \u00a0 \u00a0 \u00a0 \u00a0400\u00a0\u00a0\u00a0\u00a0\u00a0\u00a0\u00a0\u00a0\u00a0\u00a0\u00a0\u00a0\u00a0\u00a0\u00a0\u00a0\u00a0\u00a0\u00a0\u00a0 1\u201938\u2019\u2019<\/span><\/em><\/p>\n<p><em><span style=\"color: #0000ff;\">2\u00aa.-INMACULADA GALVEZ GOMEZ \u2026\u2026\u2026\u2026\u2026\u2026\u2026\u2026\u2026 \u00a0 \u00a0 \u00a0 \u00a0 \u00a0 \u00a0 \u00a0400\u00a0\u00a0\u00a0\u00a0\u00a0\u00a0\u00a0\u00a0\u00a0\u00a0\u00a0\u00a0\u00a0\u00a0\u00a0\u00a0\u00a0\u00a0\u00a0\u00a0 2\u201905\u2019\u2019<\/span><\/em><\/p>\n<p><em><span style=\"color: #0000ff;\">5\u00aa.-GRACIA ALONSO NIETO \u2026\u2026\u2026\u2026\u2026\u2026\u2026\u2026\u2026\u2026\u2026\u2026\u2026. \u00a0 \u00a0 \u00a0 \u00a0 \u00a0 \u00a0 \u00a0 \u00a0400\u00a0\u00a0\u00a0\u00a0\u00a0\u00a0\u00a0\u00a0\u00a0\u00a0\u00a0\u00a0\u00a0\u00a0\u00a0\u00a0\u00a0\u00a0 \u00a0\u00a02\u201930\u2019\u2019<\/span><\/em><\/p>\n<p>_________________________________________________________________________<\/p>\n<p><em><span style=\"color: #0000ff;\"><span style=\"text-decoration: underline;\"><strong>IX.-CARRERA LOS ALCARAVANES<\/strong><\/span><\/span><\/em><\/p>\n<p><em><span style=\"color: #ff0000;\">DOMINGO 24 \u00a0DE ABRIL \u00a02011<\/span><\/em><\/p>\n<p><em><span style=\"color: #ff0000;\">A LAS \u00a0\u00a010 HORAS <\/span><\/em><em><span style=\"color: #ff0000;\">LUGAR: LA CARLOTA ( C\u00f3rdoba)<\/span><\/em><\/p>\n<p><em>CORREDORES: 200<\/em><\/p>\n<p><em>PUESTO\u00a0\u00a0\u00a0\u00a0\u00a0\u00a0\u00a0\u00a0\u00a0 NOMBRES\u00a0\u00a0\u00a0\u00a0\u00a0\u00a0\u00a0\u00a0\u00a0\u00a0\u00a0\u00a0\u00a0\u00a0\u00a0\u00a0\u00a0\u00a0\u00a0\u00a0\u00a0\u00a0\u00a0\u00a0 CATEG\u00a0\u00a0\u00a0\u00a0\u00a0\u00a0\u00a0\u00a0\u00a0\u00a0\u00a0\u00a0\u00a0\u00a0 PRUEBA\u00a0\u00a0\u00a0\u00a0\u00a0\u00a0 TIEMPO<\/em><\/p>\n<p><em> <span style=\"text-decoration: underline;\"><span style=\"color: #008000;\">CLUB ATLETISMO Y TRIATLON DE LUCENA<\/span><\/span><\/em><\/p>\n<p><em><span style=\"color: #0000ff;\">1\u00aa.-\u00a0 ANA LOPEZ FLORES\u2026\u2026\u2026\u2026\u2026\u2026\u2026\u2026\u2026.\u00a0\u00a0 \u00a0\u00a0\u00a0ALEVIN \u00a0 \u00a0 \u00a0 \u00a0 \u00a0 1000\u00a0\u00a0\u00a0\u00a0\u00a0\u00a0\u00a0\u00a0\u00a0\u00a0\u00a0\u00a0\u00a0\u00a0\u00a0\u00a0\u00a0\u00a0\u00a0\u00a0\u00a0 3\u201956\u2019\u2019<\/span><\/em><\/p>\n<p><em><span style=\"color: #0000ff;\">4\u00ba.- JORGE ARAGONZ GONZALEZ\u2026\u2026\u2026\u2026..\u00a0\u00a0\u00a0\u00a0 \u00a0\u00a0\u00a0ALEVIN \u00a0 \u00a0 \u00a0 1000\u00a0\u00a0\u00a0\u00a0\u00a0\u00a0\u00a0\u00a0\u00a0\u00a0\u00a0\u00a0\u00a0\u00a0\u00a0\u00a0\u00a0\u00a0\u00a0\u00a0\u00a0 3\u201959\u2019\u2019<\/span><\/em><\/p>\n<p><em><span style=\"color: #0000ff;\">11\u00ba.-DARIO BALLESTEROS ROMERO \u2026\u2026\u2026\u2026\u00a0\u00a0\u00a0 ALEVIN \u00a0 \u00a0 \u00a0 \u00a01000\u00a0\u00a0\u00a0\u00a0\u00a0\u00a0\u00a0\u00a0\u00a0\u00a0\u00a0\u00a0\u00a0\u00a0\u00a0\u00a0\u00a0\u00a0\u00a0\u00a0\u00a0\u00a0 4\u201933\u2019\u2019<\/span><\/em><\/p>\n<p><em><span style=\"color: #0000ff;\">5\u00aa.- MIRIAM LOPEZ JIMENEZ \u2026\u2026\u2026\u2026\u2026\u2026\u2026 \u00a0\u00a0\u00a0\u00a0\u00a0INF \u00a0 \u00a0 \u00a0 \u00a0 \u00a0 \u00a0 \u00a0 \u00a0 2000\u00a0\u00a0\u00a0\u00a0\u00a0\u00a0\u00a0\u00a0\u00a0\u00a0\u00a0\u00a0\u00a0\u00a0\u00a0\u00a0\u00a0\u00a0\u00a0\u00a0\u00a0\u00a0 8\u201947\u2019\u2019<\/span><\/em><\/p>\n<p><em><span style=\"color: #0000ff;\">7\u00ba.-ISMAEL ORTIZ CABEZA\u2026\u2026\u2026\u2026\u2026\u2026\u2026\u2026.\u00a0\u00a0\u00a0 \u00a0\u00a0\u00a0INF \u00a0 \u00a0 \u00a0 \u00a0 \u00a0 \u00a0 \u00a0 \u00a0 \u00a02000\u00a0\u00a0\u00a0\u00a0\u00a0\u00a0\u00a0\u00a0\u00a0\u00a0\u00a0\u00a0\u00a0 \u00a0\u00a0\u00a0\u00a0\u00a0\u00a0\u00a0\u00a0\u00a09\u201958\u2019\u2019<\/span><\/em><\/p>\n<p><em><span style=\"color: #0000ff;\">7\u00ba.- ANTONIO DAVID LUCENA GARCIA \u2026\u2026..\u00a0 \u00a0\u00a0\u00a0CAD \u00a0 \u00a0 \u00a0 \u00a0 \u00a0 \u00a0 2500\u00a0\u00a0\u00a0\u00a0\u00a0\u00a0\u00a0\u00a0\u00a0\u00a0\u00a0\u00a0\u00a0\u00a0\u00a0\u00a0 \u00a0\u00a0\u00a0\u00a0\u00a0\u00a09\u201955\u2019\u2019<\/span><\/em><\/p>\n<p><em><span style=\"color: #0000ff;\"> <\/span><\/em><\/p>\n<p><em><span style=\"color: #0000ff;\">3\u00ba.-ANTONIO JIMENEZ CASADO\u2026\u2026\u2026\u2026\u2026\u2026..\u00a0\u00a0\u00a0\u00a0\u00a0 VT \u00a0 \u00a0 \u00a0 \u00a0 \u00a0 \u00a0 \u00a010800\u00a0\u00a0 \u00a0\u00a0\u00a0\u00a0\u00a0\u00a0\u00a0\u00a0\u00a0\u00a0\u00a0\u00a0\u00a0\u00a0\u00a0\u00a0\u00a0\u00a0\u00a038\u201926\u2019\u2019<\/span><\/em><\/p>\n<p><em><span style=\"color: #0000ff;\">13\u00baGral.<\/span><\/em><\/p>\n<p><em><span style=\"color: #0000ff;\"> <\/span><\/em><\/p>\n<p><em><span style=\"color: #0000ff;\">6\u00ba.-CAT MIGUEL A.BALLESTEROS ROLDAN..\u00a0 \u00a0\u00a0\u00a0\u00a0\u00a0\u00a0VT \u00a0 \u00a0 \u00a0 \u00a0 \u00a0 \u00a010800\u00a0\u00a0\u00a0\u00a0\u00a0\u00a0\u00a0\u00a0\u00a0\u00a0\u00a0\u00a0\u00a0\u00a0\u00a0\u00a0\u00a0\u00a0\u00a0\u00a0\u00a0 39\u201935\u2019\u2019<\/span><\/em><\/p>\n<p><em><span style=\"color: #0000ff;\">20\u00ba Gral<\/span><\/em><\/p>\n<p><em><span style=\"color: #0000ff;\"> <\/span><\/em><\/p>\n<p><em><span style=\"color: #0000ff;\">3\u00ba.- <\/span><\/em><em><span style=\"color: #0000ff;\">YASSINE SAIDI\u2026\u2026\u2026\u2026\u2026\u2026\u2026\u2026\u2026\u2026\u2026\u2026\u2026.\u00a0\u00a0\u00a0\u00a0 JUNIOR \u00a0 \u00a0 \u00a0 \u00a0 \u00a010800\u00a0\u00a0\u00a0\u00a0\u00a0\u00a0\u00a0\u00a0\u00a0\u00a0\u00a0\u00a0\u00a0\u00a0\u00a0\u00a0\u00a0\u00a0\u00a0\u00a0\u00a0 40\u201950\u2019\u2019<\/span><\/em><\/p>\n<p><em><span style=\"color: #0000ff;\">29\u00ba Gral.<\/span><\/em><\/p>\n<p><em><span style=\"color: #0000ff;\"> <\/span><\/em><\/p>\n<p><em><span style=\"color: #0000ff;\">10\u00ba.-EDUARDO FERNANDEZ PEREZLES\u2026\u2026\u2026\u2026. VT \u00a0 \u00a0 \u00a0 \u00a0 \u00a0 \u00a0 10800\u00a0\u00a0\u00a0\u00a0\u00a0\u00a0\u00a0\u00a0\u00a0\u00a0\u00a0\u00a0\u00a0\u00a0\u00a0\u00a0\u00a0\u00a0\u00a0\u00a0 43\u201939\u2019\u2019<\/span><\/em><\/p>\n<p><em><span style=\"color: #0000ff;\">48\u00ba Gral.<\/span><\/em><\/p>\n<p><em><span style=\"color: #0000ff;\"> <\/span><\/em><\/p>\n<p><em><span style=\"color: #0000ff;\">15\u00ba\u00a0 MIGUEL ANGEL CASTRO LUCENA \u2026\u2026\u2026\u2026\u2026 SENIOR \u00a0 \u00a0 \u00a0 10800\u00a0\u00a0\u00a0\u00a0\u00a0\u00a0\u00a0\u00a0\u00a0\u00a0\u00a0\u00a0\u00a0\u00a0\u00a0\u00a0\u00a0\u00a0\u00a0\u00a0\u00a0 43\u201948\u2019\u2019<\/span><\/em><\/p>\n<p><em><span style=\"color: #0000ff;\">52\u00ba Gral.<\/span><\/em><\/p>\n<p><em><span style=\"color: #0000ff;\"> <\/span><\/em><\/p>\n<p><em><span style=\"color: #0000ff;\">10\u00ba.-JUAN MANJON CABEZA \u2026\u2026\u2026\u2026\u2026\u2026\u2026\u2026\u2026..\u00a0 VT \u00a0 \u00a0 \u00a0 \u00a0 \u00a0 \u00a0 \u00a0 \u00a0 \u00a010800\u00a0\u00a0\u00a0\u00a0\u00a0\u00a0\u00a0\u00a0\u00a0\u00a0\u00a0\u00a0 \u00a0\u00a0\u00a0\u00a0\u00a0\u00a0\u00a0\u00a0\u00a045\u201903\u2019\u2019<\/span><\/em><\/p>\n<p><em><span style=\"color: #0000ff;\">60\u00ba Gral<\/span><\/em><\/p>\n<p><em><span style=\"color: #0000ff;\"> <\/span><\/em><\/p>\n<p><em><span style=\"color: #0000ff;\">12\u00ba.- RAFAEL ARAGON HURTADO\u2026\u2026\u2026\u2026\u2026\u2026\u2026\u2026. VT \u00a0 \u00a0 \u00a0 \u00a0 \u00a0 \u00a0 \u00a0 \u00a010800\u00a0\u00a0\u00a0\u00a0\u00a0\u00a0\u00a0\u00a0\u00a0\u00a0\u00a0\u00a0\u00a0\u00a0\u00a0\u00a0\u00a0\u00a0 46\u201902\u2019\u2019<\/span><\/em><\/p>\n<p><em><span style=\"color: #0000ff;\">69\u00ba Gral<\/span><\/em><\/p>\n<p><em><span style=\"color: #0000ff;\"> <\/span><\/em><\/p>\n<p><em><span style=\"color: #0000ff;\"> <\/span><span style=\"text-decoration: underline;\"><span style=\"color: #008000;\">CLUB SUR ATLETISMO CORDOBA 2016<\/span><\/span><\/em><\/p>\n<p><em><span style=\"color: #0000ff;\">3\u00aa CAT ARACELI LOPEZ JIMENEZ\u2026\u2026\u2026\u2026\u2026\u2026..\u00a0 JUNIOR \u00a0 \u00a0 \u00a0 \u00a0 \u00a0 \u00a0 10800\u00a0\u00a0\u00a0\u00a0\u00a0\u00a0\u00a0\u00a0\u00a0\u00a0\u00a0\u00a0\u00a0\u00a0\u00a0\u00a0\u00a0\u00a0\u00a0 57\u201930\u2019\u2019<\/span><\/em><\/p>\n<p><em><span style=\"color: #0000ff;\">13\u00ba Gral.<\/span><\/em><\/p>\n<p><em><span style=\"color: #0000ff;\"> <\/span><\/em><\/p>\n<p><em><span style=\"color: #0000ff;\"> <\/span><span style=\"text-decoration: underline;\"><span style=\"color: #008000;\">PERSONAS CON DISCAPACIDAD SALUD MENTAL<\/span><\/span><\/em><\/p>\n<p><em><span style=\"color: #0000ff;\">1\u00ba.- ANDRES RUBIO AGUILERA \u2026\u2026\u2026\u2026\u2026\u2026\u2026\u2026\u2026.ABSOLUTA\u00a0\u00a0\u00a0\u00a0\u00a0\u00a0 \u00a0\u00a0\u00a0\u00a0\u00a0400\u00a0\u00a0\u00a0\u00a0\u00a0\u00a0\u00a0\u00a0\u00a0\u00a0\u00a0\u00a0\u00a0\u00a0\u00a0\u00a0\u00a0\u00a0\u00a0\u00a0\u00a0\u00a0 1\u201952\u2019\u2019<\/span><\/em><\/p>\n<p><em><span style=\"color: #0000ff;\">4\u00ba.-ANTONIO FERNANDEZ MURIEL \u2026\u2026\u2026\u2026\u2026\u2026..\u00a0 \u00a0\u00a0\u00a0\u00a0\u00a0\u00a0\u00a0\u00a0\u201c\u00a0\u00a0\u00a0\u00a0\u00a0\u00a0\u00a0\u00a0\u00a0 \u00a0\u00a0\u00a0\u00a0\u00a0\u00a0\u00a0\u00a0\u00a0\u00a0\u00a0\u00a0400\u00a0\u00a0\u00a0\u00a0\u00a0\u00a0\u00a0\u00a0\u00a0\u00a0\u00a0\u00a0 \u00a0\u00a0\u00a0\u00a0\u00a0\u00a0\u00a0\u00a0\u00a02\u201916\u2019\u2019<\/span><\/em><\/p>\n<p><em><span style=\"color: #0000ff;\">3\u00ba.-JOSE RUIZ PULIDO \u2026\u2026\u2026\u2026\u2026\u2026\u2026\u2026\u2026\u2026\u2026\u2026. \u00a0 \u00a0 \u00a0 \u00a0 \u00a0 \u00a0 \u00a0 \u00a0 \u00a0 \u00a0 \u00a0 \u00a0 \u00a0 \u00a0 \u00a0 \u00a0 \u00a0 \u00a0 \u00a0 \u00a0 400\u00a0\u00a0\u00a0\u00a0\u00a0\u00a0\u00a0\u00a0\u00a0\u00a0\u00a0\u00a0\u00a0\u00a0 \u00a0\u00a0\u00a0\u00a0\u00a0\u00a0\u00a0\u00a02\u201913\u2019\u2019<\/span><\/em><\/p>\n<p><em><span style=\"color: #0000ff;\">5\u00ba.-JUAN VILLATORO JIMENEZ\u2026\u2026\u2026\u2026\u2026\u2026\u2026\u2026..\u00a0\u00a0 \u00a0\u00a0\u00a0\u00a0\u00a0\u00a0\u00a0\u00a0\u00a0\u00a0\u201c \u00a0 \u00a0 \u00a0 \u00a0 \u00a0 \u00a0 \u00a0 \u00a0 \u00a0 \u00a0400\u00a0\u00a0\u00a0\u00a0\u00a0\u00a0\u00a0\u00a0 \u00a0\u00a0\u00a0\u00a0\u00a0\u00a0\u00a0\u00a0\u00a0\u00a0\u00a0\u00a0\u00a02\u201938\u2019\u2019 <\/span><\/em><\/p>\n<p><em><span style=\"color: #0000ff;\">1\u00ba.-ANA ZAYAS SOBRINO \u2026\u2026\u2026\u2026\u2026\u2026\u2026\u2026\u2026\u2026\u2026\u2026\u00a0 \u00a0\u00a0\u00a0\u00a0\u00a0\u00a0\u00a0\u00a0\u00a0\u00a0\u201c \u00a0 \u00a0 \u00a0 \u00a0 \u00a0 \u00a0 \u00a0 \u00a0 \u00a0 \u00a0 \u00a0 \u00a0400\u00a0\u00a0\u00a0\u00a0\u00a0\u00a0\u00a0\u00a0\u00a0\u00a0\u00a0\u00a0\u00a0 \u00a0\u00a0\u00a0\u00a0\u00a0\u00a0\u00a0\u00a01\u201952\u2019\u2019<\/span><\/em><\/p>\n<p><em><span style=\"color: #0000ff;\">2\u00aa.-ANTONIA M\u00aa CARO URBAN \u2026\u2026\u2026\u2026\u2026\u2026\u2026\u2026\u2026\u00a0\u00a0\u00a0 \u00a0\u00a0\u00a0\u00a0\u00a0\u00a0\u00a0\u00a0\u00a0\u201c \u00a0 \u00a0 \u00a0 \u00a0 \u00a0 \u00a0 \u00a0 \u00a0 \u00a0 \u00a0400\u00a0\u00a0\u00a0\u00a0\u00a0\u00a0\u00a0 \u00a0\u00a0\u00a0\u00a0\u00a0\u00a0\u00a0\u00a0\u00a0\u00a0\u00a0\u00a0\u00a0\u00a0\u00a03\u201905\u2019\u2019<\/span><\/em><\/p>\n<p><em><span style=\"color: #0000ff;\">3\u00aa.-INMACULADA MARTINEZ CARRILLO \u2026\u2026\u2026\u2026.\u00a0 \u00a0\u00a0\u00a0\u00a0\u00a0\u00a0\u00a0\u00a0\u00a0\u00a0\u201c \u00a0 \u00a0 \u00a0 \u00a0 \u00a0 \u00a0 \u00a0 \u00a0400\u00a0\u00a0\u00a0\u00a0\u00a0\u00a0\u00a0\u00a0 \u00a0\u00a0\u00a0\u00a0\u00a0\u00a0\u00a0\u00a0\u00a0\u00a0\u00a0\u00a0\u00a0\u00a03\u201938\u2019\u2019 <\/span><\/em><\/p>\n<p><em><span style=\"color: #0000ff;\">4\u00aa.-MAGDALENA CARRETERO MU\u00d1OZ \u2026\u2026\u2026\u2026\u2026\u00a0\u00a0\u00a0\u00a0\u00a0\u00a0\u00a0\u00a0\u00a0\u00a0\u00a0\u00a0 \u201c \u00a0 \u00a0 \u00a0 \u00a0 \u00a0 \u00a0 \u00a0 \u00a0 400\u00a0\u00a0\u00a0\u00a0\u00a0\u00a0\u00a0\u00a0\u00a0\u00a0\u00a0\u00a0\u00a0\u00a0\u00a0\u00a0\u00a0\u00a0\u00a0\u00a0\u00a0\u00a0 3\u201959\u2019\u2019 <\/span><\/em><\/p>\n<p><em><span style=\"color: #0000ff;\">5\u00ba.-M\u00aa ANGELES LOBO DIAZ \u2026\u2026\u2026\u2026\u2026\u2026\u2026\u2026\u2026\u2026..\u00a0\u00a0\u00a0\u00a0\u00a0\u00a0\u00a0\u00a0\u00a0\u00a0 \u201c \u00a0 \u00a0 \u00a0 \u00a0 \u00a0 \u00a0 \u00a0 \u00a0 \u00a0 \u00a0400 \u00a0\u00a0\u00a0\u00a0\u00a0\u00a0\u00a0\u00a0\u00a0\u00a0\u00a0\u00a0\u00a0\u00a0\u00a0\u00a0\u00a0\u00a0\u00a0\u00a0\u00a0\u00a04\u201900\u2019\u2019<\/span><\/em><\/p>\n<h3>&#8212;&#8212;&#8212;&#8212;&#8212;&#8212;&#8212;&#8212;&#8212;&#8212;&#8212;&#8212;&#8212;&#8212;&#8212;&#8212;&#8212;&#8212;&#8212;&#8212;&#8212;&#8212;&#8212;&#8212;&#8212;&#8212;&#8212;&#8212;&#8212;&#8212;&#8212;&#8212;&#8212;&#8212;&#8212;<\/h3>\n<p><em><span style=\"color: #ff0000;\">XXI.-MEDIA \u00a0MARATON LISBOA<\/span><\/em><\/p>\n<p><em><span style=\"color: #ff0000;\"> <\/span><\/em><\/p>\n<p><em><span style=\"color: #ff0000;\">DOMINGO 20 DE MARZO 2011<\/span><\/em><\/p>\n<p><span style=\"color: #0000ff;\"> <\/span><em><span style=\"color: #0000ff;\">A LAS \u00a0\u00a09\u201930 HORAS<\/span><\/em><\/p>\n<p><em><span style=\"color: #0000ff;\"> <\/span><\/em><\/p>\n<p><em><span style=\"color: #0000ff;\">LUGAR:\u00a0 LISBOA(Portugal)<\/span><\/em><\/p>\n<p><em><span style=\"color: #0000ff;\"> <\/span><\/em><\/p>\n<p><em><span style=\"color: #0000ff;\">CORREDORES: 35.000<\/span><\/em><\/p>\n<p><em><span style=\"color: #0000ff;\"> <\/span><\/em><\/p>\n<p><em><span style=\"color: #0000ff;\"> <\/span><\/em><\/p>\n<p><em><span style=\"color: #0000ff;\">PUESTO\u00a0\u00a0\u00a0\u00a0\u00a0\u00a0\u00a0\u00a0\u00a0 NOMBRES\u00a0\u00a0\u00a0\u00a0\u00a0\u00a0\u00a0\u00a0\u00a0\u00a0\u00a0\u00a0\u00a0\u00a0\u00a0\u00a0\u00a0\u00a0\u00a0\u00a0\u00a0\u00a0\u00a0\u00a0 CATEG\u00a0\u00a0\u00a0\u00a0\u00a0\u00a0\u00a0\u00a0\u00a0\u00a0\u00a0\u00a0\u00a0\u00a0 PRUEBA\u00a0\u00a0\u00a0\u00a0\u00a0\u00a0 TIEMPO <\/span><\/em><\/p>\n<p><em><span style=\"color: #0000ff;\"> <\/span><\/em><\/p>\n<p><em><span style=\"color: #0000ff;\"> <\/span><\/em><\/p>\n<p><em><span style=\"color: #0000ff;\"> <\/span><\/em><\/p>\n<p><em><span style=\"color: #0000ff;\"> <\/span><\/em><\/p>\n<p><em><span style=\"color: #0000ff;\">128\u00ba.-GRAL\u00a0\u00a0\u00a0 ANTONIO BURGUILLOS CABEZA\u2026\u2026\u00a0 VT\u00a0\u00a0 \u00a0\u00a0\u00a0\u00a0\u00a0\u00a0\u00a0\u00a0\u00a0\u00a0\u00a0\u00a0\u00a0\u00a0\u00a0\u00a0\u00a021.097\u00a0\u00a0\u00a0\u00a0\u00a0\u00a0\u00a0\u00a0\u00a0\u00a0\u00a0\u00a0\u00a0\u00a0\u00a0\u00a0\u00a0\u00a0 1.18\u201949\u2019\u2019<\/span><\/em><\/p>\n<p><em><span style=\"color: #0000ff;\"> <\/span><\/em><\/p>\n<p><em><span style=\"color: #0000ff;\">172\u00ba.-GRAL.\u00a0\u00a0 JOSE BUJALANCE PEREZ\u2026\u2026\u2026\u2026\u2026\u2026.SN\u00a0\u00a0\u00a0\u00a0\u00a0\u00a0\u00a0\u00a0\u00a0\u00a0\u00a0\u00a0\u00a0\u00a0\u00a0\u00a0\u00a0\u00a0\u00a0\u00a0\u00a0\u00a0 \u201c\u00a0\u00a0\u00a0\u00a0\u00a0\u00a0\u00a0\u00a0\u00a0\u00a0\u00a0\u00a0\u00a0\u00a0\u00a0\u00a0\u00a0\u00a0\u00a0\u00a0\u00a0\u00a0\u00a0 1.21\u201943\u2019\u2019<\/span><\/em><\/p>\n<p><em><span style=\"color: #0000ff;\"> <\/span><\/em><\/p>\n<p><em><span style=\"color: #0000ff;\">478\u00ba GRAL\u00a0\u00a0\u00a0\u00a0 \u00a0\u00a0FRANCISCO REY MARTINEZ\u2026\u2026\u2026\u2026\u2026.VT\u00a0\u00a0\u00a0\u00a0\u00a0\u00a0\u00a0\u00a0\u00a0\u00a0\u00a0\u00a0\u00a0\u00a0\u00a0\u00a0\u00a0 \u00a0\u00a0\u00a0\u201c\u00a0\u00a0\u00a0\u00a0\u00a0\u00a0\u00a0\u00a0\u00a0\u00a0\u00a0\u00a0\u00a0\u00a0\u00a0\u00a0\u00a0\u00a0\u00a0\u00a0\u00a0\u00a0 1.31\u201909\u2019\u2019<\/span><\/em><\/p>\n<p><em><span style=\"color: #0000ff;\"> <\/span><\/em><\/p>\n<p><em><span style=\"color: #0000ff;\">1044.-GRAL\u00a0\u00a0 ALBERTO VALVERDE RUIZ\u2026\u2026\u2026\u2026\u2026\u2026 VT\u00a0\u00a0\u00a0\u00a0\u00a0\u00a0\u00a0\u00a0\u00a0\u00a0\u00a0\u00a0\u00a0\u00a0\u00a0\u00a0\u00a0\u00a0\u00a0\u00a0 \u201c\u00a0\u00a0\u00a0\u00a0\u00a0\u00a0\u00a0\u00a0\u00a0\u00a0\u00a0\u00a0\u00a0\u00a0\u00a0\u00a0\u00a0\u00a0\u00a0\u00a0\u00a0\u00a0 1.40\u201917\u2019\u2019<\/span><\/em><\/p>\n<p><em><span style=\"color: #0000ff;\"> <\/span><\/em><\/p>\n<p><em><span style=\"color: #0000ff;\">1045.-GRAL\u00a0\u00a0 JUAN PEDRO MU\u00d1OZ NAVARRO \u2026\u2026\u2026 VT\u00a0\u00a0\u00a0\u00a0\u00a0\u00a0\u00a0\u00a0\u00a0\u00a0\u00a0\u00a0\u00a0\u00a0\u00a0\u00a0\u00a0\u00a0\u00a0\u00a0 \u201c\u00a0\u00a0\u00a0\u00a0\u00a0\u00a0\u00a0\u00a0\u00a0\u00a0\u00a0\u00a0\u00a0\u00a0\u00a0\u00a0\u00a0\u00a0\u00a0\u00a0\u00a0\u00a0 1.40\u201917\u2019\u2019<\/span><\/em><\/p>\n<p><em><span style=\"color: #0000ff;\"> <\/span><\/em><\/p>\n<p><em><span style=\"color: #0000ff;\">1500.-GRAL\u00a0\u00a0 FRANCISCO SERRANO VEGA \u2026\u2026\u2026\u2026\u2026 VT\u00a0\u00a0\u00a0\u00a0\u00a0\u00a0\u00a0\u00a0\u00a0\u00a0\u00a0 \u00a0\u00a0\u00a0\u00a0\u00a0\u00a0\u00a0\u00a0\u00a0\u201c\u00a0\u00a0\u00a0\u00a0\u00a0\u00a0\u00a0\u00a0\u00a0\u00a0\u00a0\u00a0\u00a0\u00a0\u00a0\u00a0\u00a0\u00a0\u00a0\u00a0\u00a0 1.44\u201955\u2019\u2019<\/span><\/em><\/p>\n<p><em><span style=\"color: #0000ff;\"> <\/span><\/em><\/p>\n<p><em><span style=\"color: #0000ff;\">1792.-GRAL\u00a0 JOSE M\u00aa MU\u00d1OZ CANTERO\u2026\u2026\u2026\u2026\u2026\u2026.\u00a0 VT\u00a0\u00a0\u00a0\u00a0\u00a0\u00a0\u00a0\u00a0\u00a0\u00a0\u00a0\u00a0\u00a0\u00a0\u00a0\u00a0\u00a0\u00a0\u00a0\u00a0 \u201c\u00a0\u00a0\u00a0\u00a0\u00a0\u00a0\u00a0\u00a0\u00a0\u00a0\u00a0\u00a0\u00a0\u00a0\u00a0\u00a0\u00a0\u00a0\u00a0\u00a0 1.48\u201924\u2019\u2019<\/span><\/em><\/p>\n<p><em><span style=\"color: #0000ff;\"> <\/span><\/em><\/p>\n<p><em><span style=\"color: #0000ff;\">2403.-GRAL\u00a0 JOAQUIN ALBA DE LA TORRE\u2026\u2026\u2026\u2026\u2026. VT\u00a0\u00a0\u00a0\u00a0\u00a0\u00a0\u00a0\u00a0\u00a0\u00a0\u00a0\u00a0\u00a0\u00a0\u00a0\u00a0\u00a0\u00a0\u00a0\u00a0 \u201c\u00a0\u00a0\u00a0\u00a0\u00a0\u00a0\u00a0\u00a0\u00a0\u00a0\u00a0\u00a0\u00a0\u00a0\u00a0\u00a0\u00a0\u00a0\u00a0\u00a0 1.52\u201938\u2019\u2019 <\/span><\/em><\/p>\n<p><em><span style=\"color: #0000ff;\"> <\/span><\/em><\/p>\n<p><em><span style=\"color: #0000ff;\"> <\/span><\/em><\/p>\n<p><em><span style=\"color: #0000ff;\"> <\/span><\/em><\/p>\n<p><em><span style=\"color: #0000ff;\"> <\/span><\/em><\/p>\n<p><em><span style=\"color: #0000ff;\"> <\/span><\/em><\/p>\n<p><em><span style=\"color: #0000ff;\"> <\/span><\/em><\/p>\n<p><em><span style=\"color: #0000ff;\"> <\/span><span style=\"text-decoration: underline;\"><span style=\"color: #008080;\">MEJORES MARCAS CLUB ATLETISMO DE LUCENA<\/span><\/span><\/em><\/p>\n<p><em><span style=\"color: #0000ff;\"> <\/span><\/em><\/p>\n<p><em><span style=\"color: #0000ff;\"> 1\u00ba.-ANTONIO BURGUILLOS CABEZA<\/span><\/em><\/p>\n<p><em><span style=\"color: #0000ff;\"> 2\u00ba.-JOSE BUJALANCE PEREZ<\/span><\/em><\/p>\n<p><em><span style=\"color: #0000ff;\"> 3\u00ba.-FRANCISCO REY MARTINEZ<\/span><\/em><\/p>\n<h3><span style=\"color: #0000ff;\"><span style=\"text-decoration: underline;\"><strong>Increible resultados de nuestros Atletas en esa Jornada de Domingo<\/strong><\/span><\/span>.<\/h3>\n<p style=\"text-align: justify;\"><em><span style=\"color: #ff0000;\"><span style=\"text-decoration: underline;\">IX.- MILLA POPULAR NUEVA CARTEYA <\/span><\/span><\/em><em><span style=\"color: #ff0000;\"><span style=\"text-decoration: underline;\">DOMINGO 10 \u00a0DE ABRIL \u00a02011<\/span><\/span><\/em><\/p>\n<p><em>A LAS \u00a0\u00a010 HORAS <\/em><em>LUGAR: NUEVA CARTEYA ( C\u00f3rdoba)<\/em><\/p>\n<p><em>CORREDORES: 400<\/em><\/p>\n<p><em><span style=\"color: #993300;\">PUESTO\u00a0\u00a0\u00a0\u00a0\u00a0\u00a0\u00a0\u00a0\u00a0 NOMBRES\u00a0\u00a0\u00a0\u00a0\u00a0\u00a0\u00a0\u00a0\u00a0\u00a0\u00a0\u00a0\u00a0\u00a0\u00a0\u00a0\u00a0\u00a0\u00a0\u00a0\u00a0\u00a0\u00a0\u00a0 CATEG\u00a0\u00a0\u00a0\u00a0\u00a0\u00a0\u00a0\u00a0\u00a0\u00a0\u00a0\u00a0\u00a0\u00a0 PRUEBA\u00a0\u00a0\u00a0\u00a0\u00a0\u00a0 TIEMPO<\/span><\/em><\/p>\n<p><em> <span style=\"text-decoration: underline;\"><span style=\"color: #008000;\">CLUB ATLETISMO Y TRIATLON DE LUCENA<\/span><\/span><\/em><\/p>\n<p><em><span style=\"color: #0000ff;\">25\u00ba.-ALEJANDRO BUJALANCE EGEA \u2026\u2026\u2026\u2026.\u00a0 CHUPETE\u00a0\u00a0\u00a0\u00a0\u00a0\u00a0\u00a0\u00a0\u00a0\u00a0\u00a0\u00a0\u00a0\u00a0\u00a0 \u00a0\u00a0\u00a0\u00a0100\u00a0\u00a0\u00a0\u00a0\u00a0\u00a0\u00a0\u00a0\u00a0\u00a0\u00a0\u00a0\u00a0\u00a0\u00a0\u00a0\u00a0\u00a0\u00a0\u00a0\u00a0\u00a0 35\u2019\u2019<\/span><\/em><\/p>\n<p><em><span style=\"color: #0000ff;\">2\u00ba.- ALEJANDRO GALLARDO GALLARDO\u2026\u2026.. PRE-BENJA\u00a0\u00a0\u00a0\u00a0\u00a0\u00a0\u00a0\u00a0\u00a0\u00a0\u00a0\u00a0\u00a0\u00a0 \u00a0\u00a0\u00a0400\u00a0\u00a0\u00a0\u00a0\u00a0\u00a0\u00a0\u00a0\u00a0\u00a0\u00a0\u00a0\u00a0\u00a0\u00a0\u00a0\u00a0\u00a0\u00a0\u00a0\u00a0\u00a0 1\u201931\u2019\u2019<\/span><\/em><\/p>\n<p><em><span style=\"color: #0000ff;\">1\u00aa.-\u00a0 ANA LOPEZ FLORES\u2026\u2026\u2026\u2026\u2026\u2026\u2026\u2026\u2026.\u00a0\u00a0 \u00a0\u00a0\u00a0ALEVIN\u00a0\u00a0\u00a0\u00a0 \u00a0\u00a0\u00a0\u00a0\u00a0\u00a0\u00a0\u00a0\u00a0\u00a0\u00a0\u00a0\u00a0\u00a0\u00a0\u00a0\u00a0\u00a0\u00a0\u00a0800\u00a0\u00a0\u00a0\u00a0\u00a0\u00a0\u00a0\u00a0\u00a0\u00a0\u00a0\u00a0\u00a0\u00a0\u00a0\u00a0\u00a0\u00a0\u00a0\u00a0\u00a0\u00a0 2\u201919\u2019\u2019<\/span><\/em><\/p>\n<p><em><span style=\"color: #0000ff;\">3\u00ba.- JORGE ARAGONZ GONZALEZ\u2026\u2026\u2026\u2026..\u00a0\u00a0\u00a0\u00a0 \u00a0\u00a0\u00a0ALEVIN\u00a0\u00a0\u00a0\u00a0\u00a0\u00a0\u00a0\u00a0\u00a0\u00a0\u00a0\u00a0\u00a0\u00a0\u00a0\u00a0\u00a0\u00a0 \u00a0\u00a0\u00a0\u00a0\u00a0800\u00a0\u00a0\u00a0\u00a0\u00a0\u00a0\u00a0\u00a0\u00a0\u00a0\u00a0\u00a0\u00a0\u00a0\u00a0\u00a0\u00a0\u00a0\u00a0\u00a0\u00a0\u00a0 2\u201955\u2019\u2019<\/span><\/em><\/p>\n<p><em><span style=\"color: #0000ff;\">15\u00ba.-DARIO BALLESTEROS ROMERO \u2026\u2026\u2026\u2026\u00a0\u00a0\u00a0 ALEVIN\u00a0\u00a0\u00a0\u00a0\u00a0\u00a0\u00a0\u00a0\u00a0\u00a0\u00a0\u00a0\u00a0\u00a0\u00a0\u00a0\u00a0\u00a0\u00a0\u00a0\u00a0\u00a0\u00a0 800\u00a0\u00a0\u00a0\u00a0\u00a0\u00a0\u00a0\u00a0\u00a0\u00a0\u00a0\u00a0\u00a0\u00a0\u00a0\u00a0\u00a0\u00a0\u00a0\u00a0\u00a0\u00a0 3\u201919\u2019\u2019<\/span><\/em><\/p>\n<p><em><span style=\"color: #0000ff;\">3\u00aa.- MIRIAM LOPEZ JIMENEZ \u2026\u2026\u2026\u2026\u2026\u2026\u2026 \u00a0\u00a0\u00a0\u00a0\u00a0INF\u00a0\u00a0\u00a0\u00a0\u00a0\u00a0\u00a0\u00a0\u00a0\u00a0 \u00a0\u00a0\u00a0\u00a0\u00a0\u00a0\u00a0\u00a0\u00a0\u00a0\u00a0\u00a0\u00a0\u00a0\u00a0\u00a0\u00a0\u00a0\u00a0\u00a01609\u00a0\u00a0\u00a0\u00a0\u00a0\u00a0\u00a0\u00a0\u00a0\u00a0\u00a0\u00a0\u00a0\u00a0\u00a0\u00a0\u00a0\u00a0\u00a0\u00a0\u00a0 6\u201913\u2019\u2019<\/span><\/em><\/p>\n<p><em><span style=\"color: #0000ff;\">12\u00ba.-ISMAEL ORTIZ CABEZA\u2026\u2026\u2026\u2026\u2026\u2026\u2026\u2026.\u00a0\u00a0\u00a0\u00a0 INF\u00a0\u00a0\u00a0\u00a0\u00a0\u00a0\u00a0\u00a0\u00a0\u00a0\u00a0\u00a0\u00a0\u00a0\u00a0\u00a0\u00a0\u00a0\u00a0\u00a0\u00a0\u00a0\u00a0\u00a0\u00a0\u00a0 \u00a0\u00a0\u00a01609\u00a0\u00a0\u00a0\u00a0\u00a0\u00a0\u00a0\u00a0\u00a0\u00a0\u00a0\u00a0\u00a0\u00a0\u00a0\u00a0\u00a0\u00a0\u00a0\u00a0\u00a0 6\u201943\u2019\u2019<\/span><\/em><\/p>\n<p><em><span style=\"color: #0000ff;\">7\u00ba.- ANTONIO DAVID LUCENA GARCIA \u2026\u2026..\u00a0 \u00a0\u00a0\u00a0\u00a0CAD\u00a0\u00a0\u00a0\u00a0\u00a0\u00a0\u00a0\u00a0\u00a0\u00a0\u00a0\u00a0\u00a0\u00a0\u00a0\u00a0\u00a0\u00a0\u00a0\u00a0\u00a0\u00a0\u00a0\u00a0\u00a0 \u00a0\u00a01609\u00a0\u00a0\u00a0\u00a0\u00a0\u00a0\u00a0\u00a0\u00a0\u00a0\u00a0\u00a0\u00a0\u00a0\u00a0\u00a0 \u00a0\u00a0\u00a0\u00a0\u00a05\u201923\u2019\u2019<\/span><\/em><\/p>\n<p><em><span style=\"color: #0000ff;\">2\u00aa.- YOLANDA LOPEZ MORENO \u2026\u2026\u2026\u2026\u2026\u2026..\u00a0\u00a0\u00a0\u00a0 JUV\u00a0\u00a0\u00a0\u00a0\u00a0\u00a0\u00a0\u00a0\u00a0\u00a0\u00a0\u00a0\u00a0\u00a0\u00a0\u00a0\u00a0\u00a0\u00a0\u00a0\u00a0\u00a0\u00a0\u00a0\u00a0\u00a0\u00a0\u00a0 1609\u00a0\u00a0\u00a0\u00a0\u00a0\u00a0\u00a0\u00a0\u00a0\u00a0\u00a0\u00a0\u00a0\u00a0\u00a0\u00a0\u00a0\u00a0\u00a0\u00a0 7\u201947\u2019\u2019<\/span><\/em><\/p>\n<p><em><span style=\"color: #0000ff;\">1\u00ba.-JOSE BUJALANCE PEREZ \u2026\u2026\u2026\u2026\u2026\u2026\u2026..\u00a0\u00a0\u00a0\u00a0\u00a0 SN\u00a0\u00a0\u00a0\u00a0\u00a0\u00a0\u00a0\u00a0\u00a0\u00a0\u00a0\u00a0\u00a0\u00a0\u00a0\u00a0\u00a0\u00a0\u00a0\u00a0\u00a0\u00a0\u00a0\u00a0\u00a0\u00a0\u00a0\u00a0\u00a0\u00a0 1609\u00a0\u00a0\u00a0\u00a0\u00a0\u00a0\u00a0\u00a0\u00a0\u00a0\u00a0\u00a0 \u00a0\u00a0\u00a0\u00a0\u00a0\u00a0\u00a0\u00a04\u201958\u2019\u2019<\/span><\/em><\/p>\n<p><em><span style=\"color: #0000ff;\">4\u00ba.-JOSE DIEGO MOLINA GARCIA \u2026\u2026\u2026\u2026\u2026.\u00a0\u00a0\u00a0\u00a0 VT\u00a0\u00a0\u00a0\u00a0\u00a0\u00a0\u00a0\u00a0\u00a0\u00a0\u00a0\u00a0\u00a0\u00a0\u00a0\u00a0\u00a0\u00a0\u00a0\u00a0\u00a0\u00a0\u00a0\u00a0\u00a0\u00a0\u00a0\u00a0\u00a0\u00a0\u00a0 1609\u00a0\u00a0\u00a0\u00a0\u00a0\u00a0\u00a0\u00a0\u00a0\u00a0\u00a0\u00a0\u00a0\u00a0\u00a0\u00a0\u00a0\u00a0\u00a0\u00a0 5\u201910\u2019\u2019<\/span><\/em><\/p>\n<p><em><span style=\"color: #0000ff;\">2\u00ba.-ANTONIO JIMENEZ CASADO\u2026\u2026\u2026\u2026\u2026\u2026..\u00a0\u00a0\u00a0\u00a0\u00a0 VT\u00a0\u00a0\u00a0\u00a0\u00a0\u00a0\u00a0\u00a0\u00a0\u00a0\u00a0\u00a0\u00a0\u00a0\u00a0\u00a0\u00a0\u00a0\u00a0\u00a0\u00a0\u00a0\u00a0\u00a0\u00a0\u00a0\u00a0\u00a0\u00a0 1609\u00a0\u00a0\u00a0\u00a0\u00a0\u00a0\u00a0\u00a0\u00a0\u00a0\u00a0\u00a0\u00a0\u00a0\u00a0\u00a0\u00a0\u00a0\u00a0\u00a0\u00a0 5\u201919\u2019\u2019<\/span><\/em><\/p>\n<p><em><span style=\"color: #0000ff;\">7\u00ba.-CAT MIGUEL A.BALLESTEROS ROLDAN..\u00a0 \u00a0\u00a0\u00a0\u00a0\u00a0\u00a0VT\u00a0\u00a0\u00a0 \u00a0\u00a0\u00a0\u00a0\u00a0\u00a0\u00a0\u00a0\u00a0\u00a0\u00a0\u00a0\u00a0\u00a0\u00a0\u00a0\u00a0\u00a0\u00a0\u00a0\u00a0\u00a0\u00a0\u00a0\u00a0\u00a01609\u00a0\u00a0\u00a0\u00a0\u00a0\u00a0\u00a0\u00a0\u00a0\u00a0\u00a0\u00a0\u00a0\u00a0\u00a0\u00a0\u00a0\u00a0\u00a0\u00a0\u00a0 5\u201928\u2019\u2019<\/span><\/em><\/p>\n<p><em><span style=\"color: #0000ff;\">4\u00ba.-JUAN MANJON CABEZA \u2026\u2026\u2026\u2026\u2026\u2026\u2026\u2026\u2026..\u00a0 VT\u00a0\u00a0\u00a0\u00a0\u00a0\u00a0\u00a0\u00a0\u00a0\u00a0\u00a0\u00a0\u00a0\u00a0\u00a0\u00a0\u00a0\u00a0\u00a0\u00a0\u00a0\u00a0\u00a0\u00a0\u00a0\u00a0\u00a0\u00a0\u00a0\u00a0 1609\u00a0\u00a0\u00a0\u00a0\u00a0\u00a0\u00a0\u00a0\u00a0\u00a0\u00a0\u00a0\u00a0\u00a0\u00a0\u00a0\u00a0\u00a0\u00a0\u00a0\u00a0 6\u201921\u2019\u2019<\/span><\/em><\/p>\n<p><em><span style=\"color: #0000ff;\"> <\/span><\/em><\/p>\n<p><em><span style=\"color: #0000ff;\"> <\/span><span style=\"text-decoration: underline;\"><span style=\"color: #339966;\">CLUB SUR ATLETISMO CORDOBA 2016<\/span><\/span><\/em><\/p>\n<p><em><span style=\"color: #0000ff;\">4\u00aa CAT ARACELI LOPEZ JIMENEZ\u2026\u2026\u2026\u2026\u2026\u2026.. <\/span><\/em><em><span style=\"color: #0000ff;\">JUNIOR\u00a0\u00a0\u00a0\u00a0\u00a0\u00a0\u00a0\u00a0\u00a0\u00a0\u00a0\u00a0\u00a0 \u00a0\u00a0\u00a0\u00a0\u00a0\u00a0\u00a01609\u00a0\u00a0\u00a0\u00a0\u00a0\u00a0\u00a0\u00a0\u00a0\u00a0\u00a0\u00a0\u00a0\u00a0\u00a0\u00a0\u00a0\u00a0\u00a0\u00a0\u00a0\u00a0\u00a0 6\u201921\u2019\u2019<\/span><\/em><\/p>\n<p><em><span style=\"color: #0000ff;\">4\u00ba.-CAT\u00a0 JORGE SANCHEZ ALBA \u2026\u2026\u2026\u2026\u2026\u2026\u2026\u2026JUVENIL\u00a0\u00a0\u00a0\u00a0\u00a0\u00a0\u00a0\u00a0\u00a0\u00a0\u00a0\u00a0\u00a0\u00a0\u00a0\u00a0\u00a0 1609\u00a0\u00a0\u00a0\u00a0\u00a0\u00a0\u00a0\u00a0\u00a0\u00a0\u00a0\u00a0\u00a0\u00a0\u00a0\u00a0\u00a0\u00a0\u00a0\u00a0\u00a0\u00a0\u00a0 5\u201931\u2019\u2019<\/span><\/em><\/p>\n<p><em><span style=\"color: #0000ff;\"> <\/span><\/em><\/p>\n<p><em><span style=\"color: #0000ff;\"> <\/span><\/em><em><span style=\"color: #339966;\"><span style=\"text-decoration: underline;\">PERSONAS CON DISCAPACIDAD SALUD MENTAL<\/span><\/span><\/em><span style=\"color: #0000ff;\"><em> <\/em><\/span><\/p>\n<p><em><span style=\"color: #0000ff;\">6\u00ba.- ANDRES RUBIO AGUILERA \u2026\u2026\u2026\u2026\u2026\u2026\u2026\u2026\u2026.ABSOLUTA\u00a0\u00a0\u00a0\u00a0\u00a0\u00a0 \u00a0\u00a0\u00a0\u00a0\u00a0400\u00a0\u00a0\u00a0\u00a0\u00a0\u00a0\u00a0\u00a0\u00a0\u00a0\u00a0\u00a0\u00a0\u00a0\u00a0\u00a0\u00a0\u00a0\u00a0\u00a0\u00a0\u00a0 1\u201931\u2019\u2019<\/span><\/em><\/p>\n<p><em><span style=\"color: #0000ff;\">7\u00ba.-ANTONIO FERNANDEZ MURIEL \u2026\u2026\u2026\u2026\u2026\u2026..\u00a0 \u00a0\u00a0\u00a0\u00a0\u00a0\u00a0\u00a0\u00a0\u201c\u00a0\u00a0\u00a0\u00a0\u00a0\u00a0\u00a0\u00a0\u00a0\u00a0\u00a0\u00a0\u00a0\u00a0\u00a0\u00a0\u00a0\u00a0\u00a0\u00a0\u00a0 400\u00a0\u00a0\u00a0\u00a0\u00a0\u00a0\u00a0\u00a0\u00a0\u00a0\u00a0\u00a0 \u00a0\u00a0\u00a0\u00a0\u00a0\u00a0\u00a0\u00a0\u00a0\u00a01\u201941\u2019\u2019<\/span><\/em><\/p>\n<p><em><span style=\"color: #0000ff;\">8\u00ba.-JOSE RUIZ PULIDO \u2026\u2026\u2026\u2026\u2026\u2026\u2026\u2026\u2026\u2026\u2026\u2026.\u00a0\u00a0\u00a0\u00a0\u00a0\u00a0\u00a0\u00a0\u00a0\u00a0\u00a0\u00a0 \u201c\u00a0\u00a0\u00a0 \u00a0\u00a0\u00a0\u00a0\u00a0\u00a0\u00a0\u00a0\u00a0\u00a0\u00a0\u00a0\u00a0\u00a0\u00a0\u00a0400\u00a0 \u00a0\u00a0\u00a0\u00a0\u00a0\u00a0\u00a0\u00a0\u00a0\u00a0\u00a0\u00a0\u00a0\u00a0\u00a0\u00a0\u00a0\u00a0\u00a0\u00a0\u00a0\u00a01\u201945\u2019\u2019<\/span><\/em><\/p>\n<p><em><span style=\"color: #0000ff;\">9\u00ba.-JUAN VILLATORO JIMENEZ\u2026\u2026\u2026\u2026\u2026\u2026\u2026\u2026..\u00a0\u00a0 \u00a0\u00a0\u00a0\u00a0\u00a0\u00a0\u00a0\u00a0\u00a0\u00a0\u201c\u00a0\u00a0\u00a0\u00a0\u00a0\u00a0\u00a0\u00a0\u00a0\u00a0\u00a0\u00a0\u00a0\u00a0\u00a0\u00a0\u00a0\u00a0\u00a0 400\u00a0\u00a0\u00a0\u00a0\u00a0\u00a0\u00a0\u00a0 \u00a0\u00a0\u00a0\u00a0\u00a0\u00a0\u00a0\u00a0\u00a0\u00a0\u00a0\u00a0\u00a0\u00a0\u00a02\u201900\u2019\u2019 <\/span><\/em><\/p>\n<p><em><span style=\"color: #0000ff;\">2\u00ba.-ANA ZAYAS SOBRINO \u2026\u2026\u2026\u2026\u2026\u2026\u2026\u2026\u2026\u2026\u2026\u2026\u00a0 \u00a0\u00a0\u00a0\u00a0\u00a0\u00a0\u00a0\u00a0\u00a0\u00a0\u201c\u00a0\u00a0\u00a0\u00a0\u00a0\u00a0\u00a0\u00a0\u00a0\u00a0\u00a0\u00a0\u00a0\u00a0\u00a0\u00a0\u00a0\u00a0 400\u00a0\u00a0\u00a0\u00a0\u00a0\u00a0\u00a0\u00a0\u00a0\u00a0\u00a0\u00a0\u00a0 \u00a0\u00a0\u00a0\u00a0\u00a0\u00a0\u00a0\u00a0\u00a0\u00a02\u201903\u2019\u2019<\/span><\/em><\/p>\n<p><em><span style=\"color: #0000ff;\">4\u00aa.-ANTONIA M\u00aa CARO URBAN \u2026\u2026\u2026\u2026\u2026\u2026\u2026\u2026\u2026\u00a0\u00a0\u00a0 \u00a0\u00a0\u00a0\u00a0\u00a0\u00a0\u00a0\u00a0\u00a0\u201c\u00a0\u00a0\u00a0\u00a0\u00a0\u00a0\u00a0\u00a0\u00a0\u00a0\u00a0\u00a0\u00a0\u00a0\u00a0\u00a0\u00a0\u00a0 400\u00a0\u00a0\u00a0\u00a0\u00a0\u00a0\u00a0 \u00a0\u00a0\u00a0\u00a0\u00a0\u00a0\u00a0\u00a0\u00a0\u00a0\u00a0\u00a0\u00a0\u00a0\u00a0\u00a02\u201922\u2019\u2019<\/span><\/em><\/p>\n<p><em><span style=\"color: #0000ff;\">6\u00aa.-INMACULADA MARTINEZ CARRILLO \u2026\u2026\u2026\u2026.\u00a0 \u00a0\u00a0\u00a0\u00a0\u00a0\u00a0\u00a0\u00a0\u00a0\u00a0\u201c\u00a0\u00a0\u00a0\u00a0\u00a0\u00a0\u00a0\u00a0\u00a0\u00a0\u00a0\u00a0\u00a0\u00a0\u00a0\u00a0\u00a0\u00a0 400\u00a0\u00a0\u00a0\u00a0\u00a0\u00a0\u00a0\u00a0 \u00a0\u00a0\u00a0\u00a0\u00a0\u00a0\u00a0\u00a0\u00a0\u00a0\u00a0\u00a0\u00a0\u00a0\u00a02\u201940\u2019\u2019 <\/span><\/em><\/p>\n<p><em><span style=\"color: #0000ff;\">4\u00aa.-MAGDALENA CARRETERO MU\u00d1OZ \u2026\u2026\u2026\u2026\u2026\u00a0\u00a0\u00a0\u00a0\u00a0\u00a0 \u00a0\u00a0\u00a0\u00a0\u00a0\u00a0\u201c\u00a0\u00a0\u00a0\u00a0\u00a0\u00a0\u00a0\u00a0\u00a0\u00a0\u00a0\u00a0\u00a0\u00a0\u00a0\u00a0\u00a0\u00a0 400\u00a0\u00a0\u00a0\u00a0\u00a0\u00a0\u00a0\u00a0\u00a0\u00a0\u00a0\u00a0\u00a0\u00a0\u00a0\u00a0\u00a0\u00a0\u00a0\u00a0\u00a0\u00a0 3\u201910\u2019\u2019<\/span><\/em><\/p>\n<p><em><span style=\"color: #0000ff;\"> <\/span><span style=\"color: #0000ff;\"><span style=\"text-decoration: underline;\"><span style=\"color: #339966;\">PERSONAS CON DISCAPACIDAD INTELECTUAL ( AMARA)<\/span><\/span><\/span><\/em><\/p>\n<p><em><span style=\"color: #0000ff;\">1\u00ba.-FRANCISCO MOLINERO RODRIGUEZ\u2026\u2026\u2026\u2026\u2026\u2026\u2026.. .\u201d\u00a0\u00a0\u00a0\u00a0\u00a0\u00a0\u00a0\u00a0\u00a0\u00a0\u00a0\u00a0\u00a0\u00a0\u00a0\u00a0\u00a0 400\u00a0\u00a0\u00a0\u00a0\u00a0\u00a0\u00a0\u00a0\u00a0\u00a0\u00a0\u00a0\u00a0\u00a0\u00a0\u00a0\u00a0\u00a0\u00a0\u00a0\u00a0\u00a0 1\u201902\u2019\u2019<\/span><\/em><\/p>\n<p><em><span style=\"color: #0000ff;\">2\u00ba.-JESUS CARMONA CADIZ\u2026\u2026\u2026\u2026\u2026\u2026\u2026\u2026\u2026\u2026\u2026\u2026\u2026\u2026 \u201c\u00a0\u00a0\u00a0 \u00a0\u00a0\u00a0\u00a0\u00a0\u00a0\u00a0\u00a0\u00a0\u00a0\u00a0\u00a0\u00a0\u00a0\u00a0400\u00a0\u00a0\u00a0\u00a0\u00a0\u00a0\u00a0\u00a0\u00a0\u00a0\u00a0\u00a0\u00a0\u00a0\u00a0\u00a0\u00a0\u00a0\u00a0\u00a0\u00a0 1\u201904\u2019\u2019<\/span><\/em><\/p>\n<p><em><span style=\"color: #0000ff;\">3\u00ba.-VICENTE DIAZ UBEDA\u2026\u2026\u2026\u2026\u2026\u2026\u2026\u2026\u2026\u2026\u2026\u2026\u2026\u2026\u2026 \u201c\u00a0\u00a0\u00a0\u00a0\u00a0\u00a0\u00a0\u00a0\u00a0\u00a0\u00a0\u00a0\u00a0\u00a0\u00a0\u00a0\u00a0\u00a0 400\u00a0\u00a0\u00a0\u00a0\u00a0\u00a0\u00a0\u00a0\u00a0\u00a0\u00a0\u00a0\u00a0\u00a0\u00a0\u00a0\u00a0\u00a0\u00a0\u00a0\u00a0 1\u201910\u2019\u2019<\/span><\/em><\/p>\n<p><em><span style=\"color: #0000ff;\">4\u00ba.-DANIEL LOPEZ MARTIN \u2026\u2026\u2026\u2026\u2026\u2026\u2026\u2026\u2026\u2026\u2026\u2026\u2026\u2026.\u00a0 \u201c\u00a0\u00a0\u00a0\u00a0\u00a0\u00a0\u00a0\u00a0\u00a0\u00a0\u00a0\u00a0\u00a0\u00a0\u00a0\u00a0 400\u00a0\u00a0\u00a0\u00a0\u00a0\u00a0\u00a0\u00a0\u00a0\u00a0\u00a0\u00a0\u00a0\u00a0\u00a0\u00a0\u00a0\u00a0\u00a0\u00a0\u00a0 1\u201913\u2019\u2019<\/span><\/em><\/p>\n<p><em><span style=\"color: #0000ff;\">5\u00ba.-JERONIMO ALHAMA TOLEDANO \u2026\u2026\u2026\u2026\u2026\u2026\u2026\u2026\u2026\u2026\u00a0\u00a0 \u201c\u00a0\u00a0\u00a0\u00a0\u00a0\u00a0\u00a0\u00a0\u00a0\u00a0\u00a0\u00a0\u00a0\u00a0\u00a0 400\u00a0\u00a0\u00a0\u00a0\u00a0\u00a0\u00a0\u00a0\u00a0\u00a0\u00a0\u00a0\u00a0\u00a0\u00a0\u00a0\u00a0\u00a0\u00a0\u00a0 1\u201926\u2019\u2019<\/span><\/em><\/p>\n<p><em><span style=\"color: #0000ff;\">1\u00aa.-CARMINA TORRALBO LOPEZ \u2026\u2026\u2026\u2026\u2026\u2026\u2026\u2026\u2026\u2026\u2026\u2026.\u00a0 \u201c\u00a0\u00a0\u00a0\u00a0\u00a0\u00a0\u00a0\u00a0\u00a0\u00a0\u00a0\u00a0\u00a0\u00a0\u00a0 400\u00a0\u00a0\u00a0\u00a0\u00a0\u00a0\u00a0\u00a0\u00a0\u00a0\u00a0\u00a0\u00a0\u00a0\u00a0\u00a0\u00a0\u00a0\u00a0\u00a0 1\u201939\u2019\u2019<\/span><\/em><\/p>\n<p><em><span style=\"color: #0000ff;\">3\u00aa.-INMACULADA GALVEZ GOMEZ \u2026\u2026\u2026\u2026\u2026\u2026\u2026\u2026\u2026\u2026\u2026\u00a0 \u201c\u00a0\u00a0\u00a0\u00a0\u00a0\u00a0\u00a0\u00a0\u00a0\u00a0\u00a0\u00a0\u00a0\u00a0\u00a0 400\u00a0\u00a0\u00a0\u00a0\u00a0\u00a0\u00a0\u00a0\u00a0\u00a0\u00a0\u00a0\u00a0\u00a0\u00a0\u00a0\u00a0\u00a0\u00a0\u00a0\u00a0 2\u201904\u2019\u2019<\/span><\/em><\/p>\n<p><em><span style=\"color: #0000ff;\">5\u00aa.-GRACIA ALONSO NIETO \u2026\u2026\u2026\u2026\u2026\u2026\u2026\u2026\u2026\u2026\u2026\u2026\u2026\u2026..\u00a0\u00a0 \u201c\u00a0\u00a0\u00a0\u00a0\u00a0\u00a0\u00a0\u00a0\u00a0\u00a0\u00a0\u00a0\u00a0\u00a0 400\u00a0\u00a0\u00a0\u00a0\u00a0\u00a0\u00a0\u00a0\u00a0\u00a0\u00a0\u00a0\u00a0\u00a0\u00a0\u00a0\u00a0\u00a0\u00a0\u00a0 2\u201931\u2019\u2019 <\/span><\/em><\/p>\n<p><em><span style=\"color: #0000ff;\"> <\/span><\/em><\/p>\n<p><em><span style=\"color: #0000ff;\"> <\/span><span style=\"text-decoration: underline;\"><span style=\"color: #339966;\">CLUB ATLETISMO TROTASIERRA DE HORNACHUELOS <\/span><\/span><\/em><\/p>\n<p><em><span style=\"color: #0000ff;\">2\u00ba.-MANUEL ROMERO CRUCES\u2026\u2026\u2026\u2026\u2026\u2026\u2026\u2026\u2026\u2026\u2026\u2026\u2026 JUV\u00a0\u00a0\u00a0\u00a0\u00a0\u00a0\u00a0\u00a0\u00a0\u00a0\u00a0 1609\u00a0\u00a0\u00a0\u00a0\u00a0\u00a0\u00a0\u00a0\u00a0\u00a0\u00a0\u00a0\u00a0\u00a0\u00a0\u00a0\u00a0\u00a0 5\u201910\u2019\u2019<\/span><\/em><\/p>\n<p><em><span style=\"color: #0000ff;\">3\u00ba.-M\u00aa DOLORES JIMENEZ SANCHEZ \u2026\u2026\u2026\u2026\u2026\u2026\u2026\u2026\u2026\u2026\u00a0 JUN\u00a0\u00a0\u00a0\u00a0\u00a0\u00a0\u00a0\u00a0\u00a0\u00a0 1609\u00a0\u00a0\u00a0\u00a0\u00a0\u00a0\u00a0\u00a0\u00a0\u00a0\u00a0\u00a0\u00a0\u00a0\u00a0\u00a0\u00a0\u00a0 6\u201913\u2019\u2019<\/span><\/em><\/p>\n<p><em><span style=\"color: #0000ff;\">1\u00ba.-ANTONIO MONTERO PAREJO \u2026\u2026\u2026\u2026\u2026\u2026\u2026\u2026\u2026\u2026\u2026..\u00a0\u00a0 JUN\u00a0\u00a0\u00a0\u00a0\u00a0\u00a0\u00a0\u00a0\u00a0 1609\u00a0\u00a0\u00a0\u00a0\u00a0\u00a0\u00a0\u00a0\u00a0\u00a0\u00a0\u00a0\u00a0\u00a0\u00a0\u00a0\u00a0\u00a0 4\u201956\u2019\u2019<\/span><\/em><\/p>\n<p><em><span style=\"color: #0000ff;\">2\u00ba.-CARLOS ROMERO CRUCES\u2026\u2026\u2026\u2026\u2026\u2026\u2026\u2026\u2026\u2026\u2026\u2026\u2026\u00a0\u00a0 SN\u00a0\u00a0\u00a0\u00a0\u00a0\u00a0\u00a0\u00a0\u00a0\u00a0\u00a0\u00a0 1609\u00a0\u00a0\u00a0\u00a0\u00a0\u00a0\u00a0\u00a0\u00a0\u00a0\u00a0\u00a0\u00a0\u00a0\u00a0\u00a0\u00a0\u00a0 4\u201939\u2019\u2019<\/span><\/em><\/p>\n<p><em><span style=\"color: #0000ff;\"> <\/span><span style=\"text-decoration: underline;\"><span style=\"color: #339966;\">CTO. PROVINCIAL POR EQUIPOS<\/span><\/span><\/em><\/p>\n<p><em><span style=\"color: #0000ff;\"> <\/span><\/em><\/p>\n<p><em><span style=\"color: #0000ff;\">1\u00ba.-RAFAEL SANCHEZ ALBA \u2026\u2026\u2026\u2026\u2026\u2026\u2026\u2026\u2026\u2026\u2026\u2026\u2026\u2026.. SN\u00a0\u00a0\u00a0\u00a0\u00a0 5 KM MARCHA\u00a0\u00a0\u00a0\u00a0\u00a0\u00a0\u00a0 28\u201918\u201930\u2019\u2019<\/span><\/em><\/p>\n<p><em><span style=\"color: #0000ff;\">1\u00ba.-ANTONIO MONTERO PAREJO \u2026\u2026\u2026\u2026\u2026\u2026\u2026\u2026\u2026\u2026\u2026\u2026.JUN\u00a0\u00a0\u00a0\u00a0\u00a0\u00a0\u00a0\u00a0\u00a0 3000\u00a0\u00a0\u00a0\u00a0\u00a0\u00a0\u00a0\u00a0\u00a0\u00a0\u00a0\u00a0\u00a0\u00a0\u00a0\u00a0\u00a0\u00a0\u00a0 9\u201901\u2019\u201919\u2019\u2019<\/span><\/em><\/p>\n<p><em><span style=\"color: #0000ff;\">1\u00ba.-CARLOS ROMERO CRUCES \u2026\u2026\u2026\u2026\u2026\u2026\u2026\u2026\u2026\u2026\u2026\u2026\u2026.SN \u00a0\u00a0\u00a0\u00a0\u00a0\u00a0\u00a0\u00a0\u00a0\u00a0\u00a0\u00a0800\u00a0\u00a0\u00a0\u00a0\u00a0\u00a0\u00a0\u00a0\u00a0\u00a0\u00a0\u00a0\u00a0\u00a0\u00a0\u00a0\u00a0\u00a0\u00a0\u00a0\u00a0 1\u201957\u2019\u201999\u2019\u2019<\/span><\/em><\/p>\n<p>&#8212;&#8212;&#8212;&#8212;&#8212;&#8212;&#8212;&#8212;&#8212;&#8212;&#8212;&#8212;&#8212;&#8212;&#8212;&#8212;&#8212;&#8212;&#8212;&#8212;&#8212;&#8212;&#8212;&#8212;&#8212;&#8212;&#8212;&#8212;&#8212;&#8212;&#8212;&#8212;&#8212;&#8212;&#8212;&#8212;&#8212;&#8212;&#8212;&#8212;&#8212;&#8212;&#8212;&#8211;<\/p>\n<p><em><span style=\"color: #ff0000;\"><span style=\"text-decoration: underline;\">XXI.- MEDIO\u00a0 \u00a0MARATON \u00a0CIUDAD DE MALAGA \u00a0.GRAN CARRERON DE NUESTROS ATLETAS!!!!!<\/span><\/span><\/em><\/p>\n<p><em> <\/em><em>DOMINGO 10 DE ABRIL \u00a02011<\/em> <em>A LAS \u00a010.00 \u00a0HORAS<\/em><\/p>\n<p><em> <\/em><\/p>\n<p><em>LUGAR:\u00a0 MALAGA <\/em><em>CORREDORES:\u00a0 3.034<\/em><\/p>\n<p><em> <\/em><\/p>\n<p><em> <\/em><\/p>\n<p><em><span style=\"color: #993300;\">PUESTO\u00a0\u00a0\u00a0\u00a0\u00a0\u00a0\u00a0\u00a0\u00a0 NOMBRES \u00a0 \u00a0 \u00a0 \u00a0 \u00a0 \u00a0 \u00a0 \u00a0 \u00a0 \u00a0 \u00a0 \u00a0 \u00a0 \u00a0 \u00a0 \u00a0 \u00a0 \u00a0 \u00a0 \u00a0 \u00a0 \u00a0 \u00a0 \u00a0 \u00a0TIEMPO <\/span><\/em><\/p>\n<p><em><span style=\"color: #993300;\"> <\/span><\/em><\/p>\n<p><em><span style=\"color: #993300;\"> <\/span><\/em><\/p>\n<p><em><span style=\"color: #993300;\"> <\/span><\/em><\/p>\n<p><em><span style=\"color: #993300;\"> <\/span><\/em><\/p>\n<p><em><span style=\"color: #0000ff;\">10\u00ba.-CAT\u00a0\u00a0\u00a0 ANTONIO BURGUILLOS CABEZA \u00a0 \u00a0 \u00a0 \u00a0 1.21\u201912\u2019\u2019 <\/span><\/em><em><span style=\"color: #0000ff;\">46\u00ba.-GRAL<\/span><\/em><\/p>\n<p><em><span style=\"color: #0000ff;\"> <\/span><\/em><\/p>\n<p><em><span style=\"color: #0000ff;\"> <\/span><\/em><\/p>\n<p><em><span style=\"color: #0000ff;\">23\u00ba.-CAT\u00a0\u00a0\u00a0 RAFAEL CABALLERO FUENTES \u2026\u2026 \u00a0 \u00a01.26\u20193\u2019\u2019\u00a0\u00a0\u00a0\u00a0\u00a0\u00a0\u00a0\u00a0\u00a0\u00a0\u00a0\u00a0\u00a0\u00a0\u00a0\u00a0 112\u00ba.-GRAL<\/span><\/em><\/p>\n<p><em><span style=\"color: #0000ff;\"> <\/span><\/em><\/p>\n<p><em><span style=\"color: #0000ff;\"> <\/span><\/em><\/p>\n<p><em><span style=\"color: #0000ff;\">46\u00ba.-CAT\u00a0\u00a0 \u00a0\u00a0JAVI JIMENEZ JIMENEZ <\/span><\/em><em><span style=\"color: #0000ff;\"> 1.27\u201954\u2019\u2019 <\/span><\/em><em><span style=\"color: #0000ff;\">154\u00ba.-GRAL<\/span><\/em><\/p>\n<p><em><span style=\"color: #0000ff;\"> <\/span><\/em><\/p>\n<p><em><span style=\"color: #0000ff;\"> <\/span><\/em><\/p>\n<p><em><span style=\"color: #0000ff;\">15\u00ba.-CAT\u00a0\u00a0\u00a0 PABLO PINO LARA\u2026\u2026\u2026\u2026\u2026\u2026\u2026\u2026\u2026. \u00a0 \u00a0 1.33\u201947\u2019\u2019 <\/span><\/em><em><span style=\"color: #0000ff;\">350\u00ba.-GRAL<\/span><\/em><\/p>\n<p><em><span style=\"color: #0000ff;\"> <\/span><\/em><\/p>\n<p><em><span style=\"color: #0000ff;\"> <\/span><\/em><\/p>\n<p><em><span style=\"color: #0000ff;\">29\u00ba.-CAT ANTONIO ROLDAN RUIZ \u2026\u2026\u2026\u2026\u2026 \u00a0 \u00a0 \u00a01.48\u201980\u2019\u2019 <\/span><\/em><em><span style=\"color: #0000ff;\">1.227\u00ba GRAL<\/span><\/em><\/p>\n<p><em> <\/em><\/p>\n<p><em> <\/em><\/p>\n<p><em> <\/em><\/p>\n<p><em> <span style=\"text-decoration: underline;\"><span style=\"color: #008000;\">MEJORES MARCAS \u00a0OBTENIDAS\u00a0 CLUB ATLETISMO DE LUCENA<\/span><\/span><\/em><\/p>\n<p><em> <\/em><\/p>\n<p><em><span style=\"color: #0000ff;\"> 1\u00ba.-ANTONIO BURGUILLOS CABEZA<\/span><\/em><\/p>\n<p><em><span style=\"color: #0000ff;\"> 2\u00ba- RAFAEL CABALLERO FUENTES<\/span><\/em><\/p>\n<p><em><span style=\"color: #0000ff;\"> 3\u00ba.-JAVI JIMENEZ JIMENEZ <\/span><\/em><\/p>\n<p><em> <\/em><\/p>\n<p>&#8212;&#8212;&#8212;&#8212;&#8212;&#8212;&#8212;&#8212;&#8212;&#8212;&#8212;&#8212;&#8212;&#8212;&#8212;&#8212;&#8212;&#8212;&#8212;&#8212;&#8212;&#8212;&#8212;&#8212;&#8212;&#8212;&#8212;&#8212;&#8212;&#8212;&#8212;&#8212;&#8212;&#8212;&#8212;&#8212;&#8212;&#8212;&#8211;<\/p>\n<p><em><span style=\"color: #ff0000;\"><strong><span style=\"text-decoration: underline;\">XXV.-CARRERA POPULAR DE CA\u00d1ERO(C\u00f3rdoba)<\/span><\/strong><\/span><\/em><\/p>\n<p><em> <\/em><\/p>\n<p><em><span style=\"color: #800080;\">DOMINGO 3 \u00a0DE ABRIL \u00a02011 <\/span><\/em><em><span style=\"color: #800080;\">A LAS \u00a0\u00a010 HORAS<\/span><\/em><\/p>\n<p><em><span style=\"color: #800080;\"> <\/span><\/em><\/p>\n<p><em><span style=\"color: #800080;\">LUGAR:\u00a0 CORDOBA <\/span><\/em><em><span style=\"color: #800080;\">CORREDORES: 262<\/span><\/em><\/p>\n<p><em><span style=\"color: #800080;\"> <\/span><\/em><\/p>\n<p><em><span style=\"color: #800080;\"> <\/span><\/em><\/p>\n<p><em><span style=\"color: #800080;\">PUESTO\u00a0\u00a0\u00a0\u00a0\u00a0\u00a0\u00a0\u00a0\u00a0 NOMBRES\u00a0\u00a0\u00a0\u00a0\u00a0\u00a0\u00a0\u00a0\u00a0\u00a0\u00a0\u00a0\u00a0\u00a0\u00a0\u00a0\u00a0\u00a0\u00a0\u00a0\u00a0\u00a0\u00a0\u00a0 CATEG\u00a0\u00a0\u00a0\u00a0\u00a0\u00a0\u00a0\u00a0\u00a0\u00a0\u00a0\u00a0\u00a0\u00a0 PRUEBA\u00a0\u00a0\u00a0\u00a0\u00a0\u00a0 TIEMPO<\/span><\/em><\/p>\n<p><em> <\/em><\/p>\n<p><em> <span style=\"text-decoration: underline;\"><span style=\"color: #008000;\"><strong>CLUB ATLETISMO Y TRIATLON DE LUCENA<\/strong><\/span><\/span><\/em><\/p>\n<p><em><span style=\"text-decoration: underline;\"> <\/span><\/em><\/p>\n<p><em>4\u00ba.-CAT\u00a0 SAMUEL VILLA FLORES \u00a0 \u00a0 JUNIOR \u00a0 \u00a0 \u00a0 \u00a0 9.100 \u00a0 \u00a0 \u00a0 \u00a035\u201918\u2019\u2019 <\/em><em>37\u00ba.-GRAL<\/em><\/p>\n<p><em> <\/em><\/p>\n<p><em> <\/em><\/p>\n<p><em> <\/em><\/p>\n<p><em> <\/em><\/p>\n<p><em> <span style=\"color: #008000;\"><span style=\"text-decoration: underline;\"><strong>CLUB SUR\u00a0 ATLETISMO CORDOBA 2016<\/strong><\/span><\/span><\/em><\/p>\n<p><em><span style=\"text-decoration: underline;\"> <\/span><\/em><\/p>\n<p><em> <\/em><\/p>\n<p><em>2\u00aa.-CAT\u00a0 ARACELI LOPEZ JIMENEZ\u2026\u2026\u2026\u2026.JUNIOR\u00a0\u00a0\u00a0\u00a0\u00a0\u00a0\u00a0\u00a0\u00a0\u00a0 9.100 \u00a0\u00a0\u00a0\u00a0\u00a0\u00a0\u00a0\u00a0\u00a0\u00a0\u00a0\u00a0\u00a045\u201921\u2019\u2019<\/em><\/p>\n<p><em>3\u00aa.-CAT\u00a0 ELVIRA LLAMAS MESA\u2026\u2026\u2026\u2026\u2026\u2026 JUNIOR\u00a0\u00a0\u00a0\u00a0\u00a0\u00a0\u00a0\u00a0\u00a0 9.100\u00a0\u00a0\u00a0\u00a0\u00a0\u00a0\u00a0\u00a0\u00a0\u00a0\u00a0\u00a0\u00a0 49\u201936\u2019\u2019<\/em><\/p>\n<p>&#8212;&#8212;&#8212;&#8212;&#8212;&#8212;&#8212;&#8212;&#8212;&#8212;&#8212;&#8212;&#8212;&#8212;&#8212;&#8212;&#8212;&#8212;&#8212;&#8212;&#8212;&#8212;&#8212;&#8212;&#8212;&#8212;&#8212;&#8212;&#8212;&#8212;&#8212;&#8212;&#8212;&#8212;&#8212;&#8212;&#8212;&#8212;&#8212;&#8212;&#8212;&#8212;&#8212;&#8212;<\/p>\n<p><em><span style=\"color: #0000ff;\"><span style=\"text-decoration: underline;\">VIII.-TROFEO CAMPO A TRAVES \u00a0CIUDAD CERRO MURIANO(Cordoba)<\/span><\/span><\/em><\/p>\n<p><em> <\/em><\/p>\n<p><span style=\"color: #800080;\"><em>SABADO\u00a0 2 \u00a0DE ABRIL 2011 <\/em><\/span><span style=\"color: #800080;\"><em>A LAS \u00a0\u00a010\u201930 \u00a0HORAS<\/em><\/span><\/p>\n<p><span style=\"color: #800080;\"><em> <\/em><\/span><\/p>\n<p><span style=\"color: #800080;\"><em>LUGAR:\u00a0 INSTALACIONES BRIMZ-X DE CORDOBA<\/em><\/span><\/p>\n<p><span style=\"color: #800080;\"><em> <\/em><\/span><\/p>\n<p><span style=\"color: #800080;\"><em>CORREDORES: 80 <\/em><\/span><\/p>\n<p><em> <\/em><\/p>\n<p><em>PUESTO\u00a0\u00a0\u00a0\u00a0\u00a0\u00a0\u00a0\u00a0\u00a0 NOMBRES\u00a0\u00a0\u00a0\u00a0\u00a0\u00a0\u00a0\u00a0\u00a0\u00a0\u00a0\u00a0\u00a0\u00a0\u00a0\u00a0\u00a0\u00a0\u00a0\u00a0\u00a0\u00a0\u00a0\u00a0 CATEG\u00a0\u00a0\u00a0\u00a0\u00a0\u00a0\u00a0\u00a0\u00a0\u00a0\u00a0\u00a0\u00a0\u00a0 PRUEBA\u00a0\u00a0\u00a0\u00a0\u00a0\u00a0 TIEMPO<\/em><\/p>\n<p><em> <\/em><\/p>\n<p><em> <span style=\"text-decoration: underline;\"><span style=\"color: #008000;\">CLUB ATLETISMO Y TRIATLON DE LUCENA<\/span><\/span><\/em><\/p>\n<p><em> <\/em><\/p>\n<p><em>2\u00ba\u00a0\u00a0\u00a0\u00a0\u00a0\u00a0\u00a0\u00a0\u00a0\u00a0\u00a0\u00a0 FRANCISCO REY MARTINEZ\u2026\u2026.. VT\u00a0\u00a0\u00a0 \u00a0\u00a0\u00a0\u00a0\u00a0\u00a0\u00a05000\u00a0\u00a0\u00a0\u00a0\u00a0\u00a0 \u00a0\u00a018\u201914\u2019\u2019\u00a0 Gua.Civil <\/em><em>de Lucena<\/em><\/p>\n<p><em> <\/em><\/p>\n<p><em> <\/em><\/p>\n<p><em> <\/em><\/p>\n<p><em> <span style=\"text-decoration: underline;\"><span style=\"color: #008000;\">CLASIFICACION POR EQUIPOS<\/span><\/span><\/em><\/p>\n<p><em><span style=\"text-decoration: underline;\"> <\/span><\/em><\/p>\n<p><em><span style=\"color: #0000ff;\">1\u00ba.- GUARDIA CIVIL<\/span><\/em><\/p>\n<p><em><span style=\"color: #0000ff;\">2\u00ba.-POLICIA NACIONAL<\/span><\/em><\/p>\n<p><em><span style=\"color: #0000ff;\">3\u00ba.-POLICIA LOCAL<\/span><\/em><\/p>\n<p><em><span style=\"color: #0000ff;\">4\u00ba.-BRIGADA MECANIZADA<\/span><\/em><\/p>\n<p><em><span style=\"color: #0000ff;\">5\u00ba.-INSTITUCIONES PENINTENCIARIAS<\/span><\/em><\/p>\n<p><em><span style=\"color: #0000ff;\">6\u00ba.-DIPUTACION PROVINCIAL<\/span><\/em><\/p>\n<p><em><span style=\"color: #0000ff;\">7\u00ba.-BOMBEROS<\/span><\/em><\/p>\n<p><em><span style=\"color: #0000ff;\">8\u00ba.-UNIVERSIDAD DE CORDOBA<\/span><\/em><\/p>\n<p>&#8212;&#8212;&#8212;&#8212;&#8212;&#8212;&#8212;&#8212;&#8212;&#8212;&#8212;&#8212;&#8212;&#8212;&#8212;&#8212;&#8212;&#8212;&#8212;&#8212;&#8212;&#8212;&#8212;&#8212;&#8212;&#8212;&#8212;&#8212;&#8212;&#8212;&#8212;&#8212;&#8212;&#8212;&#8212;&#8212;&#8212;&#8211;<\/p>\n<p><em><span style=\"color: #ff0000;\"><strong>XV.-OLIMPIADAS ESCOLARES\u00a0\u00a0 ( ALEVIN E INFANTIL)<\/strong><\/span><\/em><\/p>\n<p><em> <\/em><\/p>\n<p><em><span style=\"color: #008000;\">VIERNES 1\u00ba \u00a0DE ABRIL \u00a02011 <\/span><\/em><em><span style=\"color: #008000;\">A LAS \u00a0\u00a09 \u00a0HORAS<\/span><\/em><\/p>\n<p><em> <\/em><\/p>\n<p><em>LUGAR:\u00a0 LUCENA <\/em><span style=\"font-size: 11.6667px;\"><em>CORREDORES:\u00a0 300\u00a0 NI\u00d1OS \/AS<\/em><\/span><\/p>\n<p><em> <\/em><\/p>\n<p><em>PUESTO\u00a0\u00a0\u00a0\u00a0\u00a0\u00a0\u00a0\u00a0\u00a0 NOMBRES\u00a0\u00a0\u00a0\u00a0\u00a0\u00a0\u00a0\u00a0\u00a0\u00a0\u00a0\u00a0\u00a0\u00a0\u00a0\u00a0\u00a0\u00a0\u00a0\u00a0\u00a0\u00a0\u00a0\u00a0 CATEG\u00a0\u00a0\u00a0\u00a0\u00a0\u00a0\u00a0\u00a0\u00a0\u00a0\u00a0\u00a0\u00a0\u00a0 PRUEBA\u00a0\u00a0\u00a0\u00a0\u00a0\u00a0 TIEMPO<\/em><\/p>\n<p><em> <\/em><\/p>\n<p><em> <span style=\"text-decoration: underline;\"><span style=\"color: #008000;\"><strong>CLUB ATLETISMO Y TRIATLON DE LUCENA<\/strong><\/span><\/span> <\/em><\/p>\n<p><em> <\/em><\/p>\n<p><em><span style=\"color: #0000ff;\">1\u00aa.-\u00a0 ANA LOPEZ FLORES\u2026\u2026\u2026\u2026\u2026\u2026\u2026 ALEVIN\u00a0\u00a0\u00a0\u00a0\u00a0\u00a0\u00a0\u00a0\u00a0\u00a0\u00a0\u00a0\u00a0\u00a0\u00a0 800\u00a0\u00a0\u00a0\u00a0\u00a0\u00a0\u00a0\u00a0\u00a0\u00a0\u00a0\u00a0\u00a0\u00a0 2\u201951\u2019\u2019<\/span><\/em><\/p>\n<p><em><span style=\"color: #0000ff;\">2\u00aa.- ANA LOPEZ FLORES &#8230;&#8230;&#8230;&#8230;&#8230;&#8230;&#8230;&#8230;\u00a0 ALEVIN\u00a0\u00a0\u00a0\u00a0\u00a0\u00a0\u00a0\u00a0\u00a0\u00a0\u00a0\u00a0\u00a0\u00a0 LONG\u00a0\u00a0\u00a0\u00a0\u00a0\u00a0\u00a0\u00a0\u00a0\u00a0 3.40<\/span><\/em><\/p>\n<p><em><span style=\"color: #0000ff;\">1\u00aa.-ANA LOPEZ FLORES \u2026\u2026\u2026\u2026\u2026\u2026\u2026\u00a0 ALEVIN\u00a0\u00a0\u00a0\u00a0\u00a0\u00a0\u00a0\u00a0\u00a0\u00a0\u00a0\u00a0\u00a0 REL 4X60\u00a0\u00a0\u00a0\u00a0 39\u2019\u201941<\/span><\/em><\/p>\n<p><em><span style=\"color: #0000ff;\">1\u00aa.- ISABEL HIDALGO LARA \u2026\u2026\u2026\u2026\u2026. ALEVIN\u00a0\u00a0\u00a0\u00a0\u00a0\u00a0\u00a0\u00a0\u00a0\u00a0\u00a0\u00a0\u00a0 ALTURA\u00a0\u00a0\u00a0\u00a0\u00a0\u00a0 1.12<\/span><\/em><\/p>\n<p><em><span style=\"color: #0000ff;\"> <\/span><\/em><\/p>\n<p><em><span style=\"color: #0000ff;\"> <\/span><\/em><\/p>\n<p><em><span style=\"color: #0000ff;\"> <\/span><\/em><\/p>\n<p><em><span style=\"color: #0000ff;\"> <\/span><\/em><\/p>\n<p><em><span style=\"color: #0000ff;\"> <\/span><\/em><\/p>\n<p><em><span style=\"color: #0000ff;\"> <\/span><\/em><\/p>\n<p><em><span style=\"color: #0000ff;\"> <\/span><\/em><\/p>\n<p><em><span style=\"color: #0000ff;\"> MEDALLERO DE LA OLIMPIADA (Club Atletismo y triatl\u00f3n de lucena) <\/span><\/em><\/p>\n<p><em><span style=\"color: #0000ff;\">3.- Medallas de\u00a0 ORO.- <\/span><\/em><\/p>\n<p><em><span style=\"color: #0000ff;\">1.-\u00a0 Medallas de\u00a0\u00a0 PLATA <\/span><\/em><\/p>\n<p>&#8212;&#8212;&#8212;&#8212;&#8212;&#8212;&#8212;&#8212;&#8212;&#8212;&#8212;&#8212;&#8212;&#8212;&#8212;&#8212;&#8212;&#8212;&#8212;&#8212;&#8212;&#8212;&#8212;&#8212;&#8212;&#8212;&#8212;&#8212;&#8212;&#8212;&#8212;&#8212;&#8212;&#8212;&#8212;&#8212;&#8212;&#8212;&#8212;&#8212;&#8212;&#8212;&#8212;-<\/p>\n<p><a href=\"https:\/\/atletismotriatlonlucena.com\/wp-content\/uploads\/2010\/08\/Resultados-completos.pdf\">Resultados Media Marat\u00f3n Castro del Rio<\/a><\/p>\n<p>RESULTADOS COMPLETOS DE LA MEDIA DE CASTRO DEL RIO. MUY BUENA PARTICIPACION DE TODOS !!!!! \u00a0(PICHAD ARRIBA)<\/p>\n<p><span style=\"text-decoration: underline;\">GRAN CARRERA MIGUEL ANGEL!!!<\/span><\/p>\n<p><em><span style=\"text-decoration: underline;\"><strong><span style=\"color: #008000;\">X.- CARRERA PEDESTRE \u201c SIERRA DE ANDUJAR\u201d<\/span><\/strong><\/span><\/em><\/p>\n<p><em> <\/em><\/p>\n<p><em>DOMINGO\u00a0 20 \u00a0DE MARZO 2011<\/em><\/p>\n<p><em>A LAS \u00a0\u00a010 HORAS <\/em><em>LUGAR:\u00a0 ANDUJAR ( JAEN)<\/em><\/p>\n<p><em> <\/em><\/p>\n<p><em>TIPO MONTA\u00d1A <\/em><em>CORREDORES: 173<\/em><\/p>\n<p><em> <\/em><\/p>\n<p><em><span style=\"color: #0000ff;\"><strong>PUESTO\u00a0\u00a0\u00a0\u00a0\u00a0\u00a0\u00a0\u00a0\u00a0 NOMBRES\u00a0\u00a0\u00a0\u00a0\u00a0\u00a0\u00a0\u00a0\u00a0\u00a0\u00a0\u00a0\u00a0\u00a0\u00a0\u00a0\u00a0\u00a0\u00a0\u00a0\u00a0\u00a0\u00a0\u00a0 CATEG\u00a0\u00a0\u00a0\u00a0\u00a0\u00a0\u00a0\u00a0\u00a0\u00a0\u00a0\u00a0\u00a0\u00a0 PRUEBA\u00a0\u00a0\u00a0\u00a0\u00a0\u00a0 TIEMPO<\/strong><\/span><\/em><\/p>\n<p><em> <\/em><\/p>\n<p><em> <span style=\"text-decoration: underline;\">CLUB ATLETISMO Y TRIATLON DE LUCENA<\/span><\/em><\/p>\n<p><em> <\/em><\/p>\n<p><em><span style=\"color: #ff0000;\">23\u00ba.-CAT MASTER 40<\/span><\/em><\/p>\n<p><em><span style=\"color: #ff0000;\">67\u00ba.-GRAL<\/span><\/em><\/p>\n<p><em><span style=\"color: #ff0000;\"> MIGUEL ANGEL MU\u00d1OZ BEATO\u2026.\u00a0 VT\u00a0\u00a0\u00a0\u00a0\u00a0\u00a0\u00a0\u00a0 20 KM\u00a0\u00a0\u00a0\u00a0\u00a0\u00a0\u00a0\u00a0\u00a0\u00a0 2.00\u201900\u2019\u2019<\/span><\/em><\/p>\n<p>&#8212;&#8212;&#8212;&#8212;&#8212;&#8212;&#8212;&#8212;&#8212;&#8212;&#8212;&#8212;&#8212;&#8212;&#8212;&#8212;&#8212;&#8212;&#8212;&#8212;&#8212;&#8212;&#8212;&#8212;&#8212;&#8212;&#8212;&#8212;&#8212;&#8212;&#8212;&#8212;&#8212;&#8212;&#8212;&#8212;&#8212;&#8212;&#8212;<\/p>\n<p><em><span style=\"text-decoration: underline;\"><strong>XV.-OLIMPIADAS ESCOLARES\u00a0\u00a0 ( INF. CADETE. JUVENIL)<\/strong><\/span><\/em><\/p>\n<p><em> <\/em><\/p>\n<p><em>VIERNES 18 \u00a0DE MARZO 2011<\/em><\/p>\n<p><em>A LAS \u00a0\u00a09 \u00a0HORAS<\/em><\/p>\n<p><em> <\/em><\/p>\n<p><em>LUGAR:\u00a0 LUCENA<\/em><\/p>\n<p><em> <\/em><\/p>\n<p><em>CORREDORES:\u00a0 300\u00a0 NI\u00d1OS \/AS<\/em><\/p>\n<p><em> <\/em><\/p>\n<p><em>P<span style=\"color: #0000ff;\"><span style=\"font-style: normal;\">UESTO\u00a0\u00a0\u00a0\u00a0\u00a0\u00a0\u00a0\u00a0\u00a0 NOMBRES\u00a0\u00a0\u00a0\u00a0\u00a0\u00a0\u00a0\u00a0\u00a0\u00a0\u00a0\u00a0\u00a0\u00a0\u00a0\u00a0\u00a0\u00a0\u00a0\u00a0\u00a0\u00a0\u00a0\u00a0 CATEG\u00a0\u00a0\u00a0\u00a0\u00a0\u00a0\u00a0\u00a0\u00a0\u00a0\u00a0\u00a0\u00a0\u00a0 PRUEBA\u00a0\u00a0\u00a0\u00a0\u00a0\u00a0 TIEMPO<\/span><\/span><\/em><\/p>\n<p><em> <\/em><\/p>\n<p><em> <span style=\"text-decoration: underline;\"><span style=\"color: #ff0000;\"><strong>CLUB ATLETISMO Y TRIATLON DE LUCENA<\/strong><\/span><\/span><\/em><\/p>\n<p><em>1\u00aa.-\u00a0\u00a0 MIRIAM LOPEZ JIMENEZ \u00a0(INF) \u00a0 \u00a0 \u00a0 \u00a0 \u00a0 \u00a0 \u00a0 \u00a0 \u00a0 \u00a01200\u00a0\u00a0\u00a0\u00a0\u00a0\u00a0\u00a0\u00a0\u00a0\u00a0\u00a0\u00a0 \u00a0\u00a0\u00a0\u00a0\u00a04\u201931\u2019\u2019<\/em><\/p>\n<p><em>1\u00aa.-\u00a0 SILVIA ROMERO PE\u00d1ALVER \u00a0( \u00a0INF) \u00a0 \u00a0 \u00a0 \u00a0 \u00a0 \u00a0 \u00a0 \u00a0100\u00a0\u00a0\u00a0\u00a0\u00a0\u00a0\u00a0\u00a0\u00a0\u00a0\u00a0\u00a0\u00a0\u00a0\u00a0\u00a0 13\u2019\u201970<\/em><\/p>\n<p><em>2\u00aa.-\u00a0 SILVIA ROMERO PE\u00d1ALVER \u00a0( INF) \u00a0 \u00a0 \u00a0 \u00a0 \u00a0 \u00a0 \u00a0 4x 80\u00a0\u00a0\u00a0\u00a0\u00a0\u00a0\u00a0\u00a0\u00a0\u00a0\u00a0\u00a0\u00a0\u00a0 52\u2019\u201920<\/em><\/p>\n<p><em>7\u00aa.-\u00a0 LAURA SOLDADO DOMINGO \u00a0 ( INF) \u00a0 \u00a0 \u00a0 \u00a0 \u00a0 \u00a0 \u00a0 \u00a0100\u00a0\u00a0\u00a0\u00a0\u00a0\u00a0\u00a0\u00a0\u00a0\u00a0\u00a0\u00a0\u00a0\u00a0\u00a0\u00a0\u00a0 15\u2019\u201912<\/em><\/p>\n<p><em>9\u00ba.- JUAN ALBERTO DAVILA LUCENA.\u00a0\u00a0\u00a0\u00a0\u00a0 CAD \u00a0 \u00a0 \u00a0 \u00a0 100\u00a0\u00a0\u00a0\u00a0\u00a0\u00a0\u00a0\u00a0\u00a0\u00a0\u00a0\u00a0\u00a0\u00a0 \u00a0\u00a0\u00a0\u00a04\u201950\u2019\u2019<\/em><\/p>\n<p><em>1\u00ba.- ANTONIO DAVID LUCENA GARCIA.\u00a0\u00a0 CAD \u00a0 \u00a0 \u00a0 \u00a0 \u00a0100\u00a0\u00a0\u00a0\u00a0\u00a0\u00a0\u00a0\u00a0\u00a0\u00a0\u00a0\u00a0\u00a0\u00a0\u00a0\u00a0\u00a0 12\u2019\u201927<\/em><\/p>\n<p><em>1\u00aa.-ANTONIO HOYOS CUENCA \u2026\u2026\u2026\u2026.\u00a0 JUV \u00a0 \u00a0 \u00a0 \u00a0 \u00a0 \u00a0 \u00a0 100\u00a0\u00a0\u00a0\u00a0\u00a0\u00a0\u00a0\u00a0\u00a0\u00a0\u00a0\u00a0\u00a0\u00a0\u00a0\u00a0\u00a0 11\u2019\u201972<\/em><\/p>\n<p><em>1\u00aa.-YOLANDA LOPEZ MORENO \u2026\u2026\u2026\u2026. .JUV \u00a0 \u00a0 \u00a0 \u00a0 \u00a0 \u00a0 100\u00a0\u00a0\u00a0\u00a0\u00a0\u00a0\u00a0\u00a0\u00a0\u00a0\u00a0\u00a0\u00a0\u00a0\u00a0\u00a0\u00a0 13\u2019\u201975<\/em><\/p>\n<p><em>1\u00aa.-YOLANDA LOPEZ MORENO\u2026\u2026\u2026\u2026\u2026JUV \u00a0 \u00a0 \u00a0 \u00a0 \u00a0 \u00a0 \u00a04 X80\u00a0 \u00a0\u00a0\u00a0\u00a0\u00a0\u00a0\u00a0\u00a0\u00a0\u00a0\u00a0\u00a0\u00a049\u2019\u201998<\/em><\/p>\n<p><em>1\u00aa.- ARACELI LOPEZ JIMENEZ\u2026\u2026\u2026\u2026\u2026 JUV \u00a0 \u00a0 \u00a0 \u00a0 \u00a0 \u00a0 \u00a01200\u00a0\u00a0\u00a0\u00a0\u00a0\u00a0\u00a0\u00a0\u00a0\u00a0\u00a0\u00a0 \u00a0\u00a0\u00a0\u00a0\u00a04\u201942\u2019\u2019<\/em><\/p>\n<p><em>1\u00aa.- ALVARO MONTERO PINO \u2026\u2026\u2026\u2026\u2026. JUV \u00a0 \u00a0 \u00a0 \u00a0 \u00a0 \u00a0 \u00a01200\u00a0\u00a0\u00a0\u00a0\u00a0\u00a0\u00a0\u00a0\u00a0\u00a0\u00a0\u00a0\u00a0 \u00a0\u00a0\u00a0\u00a0\u00a03\u201951\u2019\u2019<\/em><\/p>\n<p><em>2\u00aa.-ALICIA ARCOS LOPEZ\u2026\u2026\u2026\u2026\u2026\u2026\u2026&#8230;JUV \u00a0 \u00a0 \u00a0 \u00a0 \u00a0 \u00a0 \u00a0LONG\u00a0\u00a0\u00a0\u00a0\u00a0\u00a0\u00a0\u00a0\u00a0\u00a0\u00a0\u00a0\u00a0\u00a0\u00a0 \u00a03.55<\/em><\/p>\n<p><em>4\u00aa.-ALICIA ARCOS LOPEZ \u2026\u2026\u2026\u2026\u2026\u2026\u2026.. JUV\u00a0\u00a0\u00a0\u00a0\u00a0\u00a0\u00a0\u00a0\u00a0\u00a0\u00a0 \u00a0\u00a0\u00a0\u00a0100\u00a0\u00a0\u00a0\u00a0\u00a0\u00a0\u00a0\u00a0\u00a0\u00a0\u00a0\u00a0\u00a0\u00a0\u00a0\u00a0\u00a0 \u00a0\u00a014\u2019\u201903<\/em><\/p>\n<p><em>1\u00ba.-MARIO MU\u00d1OZ JAIME \u2026\u2026\u2026\u2026\u2026\u2026\u2026 JUV\u00a0\u00a0\u00a0\u00a0\u00a0\u00a0\u00a0\u00a0\u00a0\u00a0\u00a0\u00a0\u00a0\u00a0 \u00a0\u00a0100\u00a0\u00a0\u00a0\u00a0\u00a0\u00a0\u00a0\u00a0\u00a0\u00a0\u00a0\u00a0\u00a0\u00a0\u00a0\u00a0 \u00a0\u00a0\u00a011\u2019\u201915<\/em><\/p>\n<p><em>1\u00ba.-MARIO MU\u00d1OZ JAIME\u2026\u2026\u2026\u2026\u2026\u2026\u2026.. JUV\u00a0\u00a0\u00a0\u00a0\u00a0\u00a0\u00a0\u00a0\u00a0\u00a0\u00a0\u00a0\u00a0\u00a0 4 X 80\u00a0\u00a0\u00a0\u00a0\u00a0\u00a0\u00a0\u00a0\u00a0\u00a0\u00a0 \u00a0\u00a0\u00a0\u00a0\u00a040\u2019\u201947 <\/em><\/p>\n<p><em> <\/em><\/p>\n<p><em> <\/em><\/p>\n<p><em><span style=\"color: #0000ff;\"> MEDALLERO DE LA OLIMPIADA (Club Atletismo y triatl\u00f3n de lucena) <\/span><\/em><\/p>\n<p><em><span style=\"color: #0000ff;\"><strong>10.- Medallas de\u00a0 ORO.- <\/strong><\/span><\/em><\/p>\n<p><em><span style=\"color: #0000ff;\"><strong>2.-\u00a0 Medallas de\u00a0\u00a0 PLATA <\/strong><\/span><\/em><\/p>\n<p><em><span style=\"color: #0000ff;\"> <\/span><\/em><\/p>\n<p>&#8212;&#8212;&#8212;&#8212;&#8212;&#8212;&#8212;&#8212;&#8212;&#8212;&#8212;&#8212;&#8212;&#8212;&#8212;&#8212;&#8212;&#8212;&#8212;&#8212;&#8212;&#8212;&#8212;&#8212;&#8212;&#8212;&#8212;&#8212;&#8212;&#8212;&#8212;&#8212;&#8212;&#8212;&#8212;&#8212;&#8212;&#8212;&#8212;&#8212;&#8212;&#8211;<\/p>\n<p><em><strong><span style=\"color: #0000ff;\"><span style=\"text-decoration: underline;\">MEDIA MARATON LISBOA EXITO!!!!!<\/span><\/span><\/strong><\/em><\/p>\n<p><em> <\/em><\/p>\n<p><em><span style=\"color: #008000;\">DOMINGO 20 DE MARZO 2011<\/span><\/em><\/p>\n<p><em><span style=\"color: #008000;\">A LAS \u00a0\u00a09\u201930 HORAS<\/span><\/em><\/p>\n<p><em><span style=\"color: #008000;\"> <\/span><\/em><\/p>\n<p><em><span style=\"color: #008000;\">LUGAR:\u00a0 LISBOA(Portugal)<\/span><\/em><\/p>\n<p><em> <\/em><\/p>\n<p><em>CORREDORES: 35.000<\/em><\/p>\n<p><em> <\/em><\/p>\n<p><em> <\/em><\/p>\n<p><em><span style=\"color: #ff6600;\"><strong>PUESTO\u00a0\u00a0\u00a0\u00a0\u00a0\u00a0\u00a0\u00a0\u00a0 NOMBRES\u00a0\u00a0\u00a0\u00a0\u00a0\u00a0\u00a0\u00a0\u00a0\u00a0\u00a0\u00a0\u00a0\u00a0\u00a0\u00a0\u00a0\u00a0\u00a0\u00a0\u00a0\u00a0\u00a0\u00a0 CATEG\u00a0\u00a0\u00a0\u00a0\u00a0\u00a0\u00a0\u00a0\u00a0\u00a0\u00a0\u00a0\u00a0\u00a0 PRUEBA\u00a0\u00a0\u00a0\u00a0\u00a0\u00a0 TIEMPO <\/strong><\/span><\/em><\/p>\n<p><em><span style=\"color: #ff6600;\"> <\/span><\/em><\/p>\n<p><em><span style=\"color: #ff6600;\"> <\/span><\/em><\/p>\n<p><em><span style=\"color: #ff6600;\"> <\/span><\/em><\/p>\n<p><em><span style=\"color: #ff6600;\"> <\/span><\/em><\/p>\n<p><em>128\u00ba.-GRAL\u00a0\u00a0\u00a0 ANTONIO BURGUILLOS CABEZA\u2026\u2026\u00a0 VT \u00a0 \u00a0 \u00a021.097\u00a0\u00a0\u00a0\u00a0\u00a0\u00a0\u00a0\u00a0\u00a0\u00a0\u00a0\u00a0\u00a0\u00a0\u00a0\u00a0\u00a0\u00a0 1.18\u201949\u2019\u2019<\/em><\/p>\n<p><em> <\/em><\/p>\n<p><em>172\u00ba.-GRAL.\u00a0\u00a0 JOSE BUJALANCE PEREZ\u2026\u2026\u2026\u2026\u2026\u2026.SN \u00a0 \u00a0 \u00a0 \u00a0 \u00a0 \u00a0 \u00a0 \u00a0 \u00a0 \u00a0 \u00a0 \u00a0 \u00a0 \u00a0 \u00a0 \u00a0 \u00a0 \u00a0 \u00a0 \u00a01.21\u201943\u2019\u2019<\/em><\/p>\n<p><em> <\/em><\/p>\n<p><em>478\u00ba GRAL\u00a0\u00a0\u00a0\u00a0 \u00a0\u00a0FRANCISCO REY MARTINEZ\u2026\u2026\u2026\u2026\u2026.VT \u00a0 \u00a0 \u00a0 \u00a0 \u00a0 \u00a0 \u00a0 \u00a0 \u00a0 \u00a0 \u00a0 \u00a0 \u00a0 \u00a0 \u00a0 \u00a0 \u00a0 \u00a01.31\u201909\u2019\u2019<\/em><\/p>\n<p><em> <\/em><\/p>\n<p><em>1044.-GRAL\u00a0\u00a0 ALBERTO VALVERDE RUIZ\u2026\u2026\u2026\u2026\u2026\u2026 VT \u00a0 \u00a0 \u00a0 \u00a0 \u00a0 \u00a0 \u00a0 \u00a0 \u00a0 \u00a0 \u00a0 \u00a0 \u00a0 \u00a0 \u00a0 \u00a0 \u00a0 \u00a0 1.40\u201917\u2019\u2019<\/em><\/p>\n<p><em> <\/em><\/p>\n<p><em>1045.-GRAL\u00a0\u00a0 JUAN PEDRO MU\u00d1OZ NAVARRO \u2026\u2026\u2026 VT \u00a0 \u00a0 \u00a0 \u00a0 \u00a0 \u00a0 \u00a0 \u00a0 \u00a0 \u00a0 \u00a0 \u00a0 \u00a0 \u00a0 \u00a0 \u00a0 \u00a01.40\u201917\u2019\u2019<\/em><\/p>\n<p><em> <\/em><\/p>\n<p><em>1500.-GRAL\u00a0\u00a0 FRANCISCO SERRANO VEGA \u2026\u2026\u2026\u2026\u2026 VT\u00a0\u00a0\u00a0\u00a0\u00a0\u00a0\u00a0\u00a0\u00a0\u00a0\u00a0 \u00a0\u00a0\u00a0\u00a0\u00a0\u00a0\u00a0\u00a0\u00a0\u201c \u00a0 \u00a0 \u00a0 \u00a0 \u00a0 \u00a01.44\u201955\u2019\u2019<\/em><\/p>\n<p><em> <\/em><\/p>\n<p><em>1792.-GRAL\u00a0 JOSE M\u00aa MU\u00d1OZ CANTERO\u2026\u2026\u2026\u2026\u2026\u2026.\u00a0 VT\u00a0\u00a0\u00a0\u00a0\u00a0\u00a0\u00a0\u00a0\u00a0\u00a0\u00a0\u00a0\u00a0\u00a0\u00a0\u00a0\u00a0\u00a0\u00a0\u00a0 \u201c \u00a0 \u00a0 \u00a0 \u00a0 \u00a0 1.48\u201924\u2019\u2019<\/em><\/p>\n<p><em> <\/em><\/p>\n<p><em>2403.-GRAL\u00a0 JOAQUIN ALBA DE LA TORRE\u2026\u2026\u2026\u2026\u2026. VT\u00a0\u00a0\u00a0\u00a0\u00a0\u00a0\u00a0\u00a0\u00a0\u00a0\u00a0\u00a0\u00a0\u00a0\u00a0\u00a0\u00a0\u00a0\u00a0\u00a0 \u201c \u00a0 \u00a0 \u00a0 \u00a0 \u00a01.52\u201938\u2019\u2019 <\/em><\/p>\n<p><em> <\/em><\/p>\n<p><em> <\/em><\/p>\n<p><em> <\/em><\/p>\n<p><em> <\/em><\/p>\n<p><em> <\/em><\/p>\n<p><em> <\/em><\/p>\n<p><span style=\"text-decoration: underline;\"><span style=\"color: #008000;\"><strong><em>MEJORES MARCAS CLUB ATLETISMO DE LUCENA<\/em><\/strong><\/span><\/span><\/p>\n<p><em> <\/em><\/p>\n<p><em><span style=\"color: #800080;\"><strong> 1\u00ba.-ANTONIO BURGUILLOS CABEZA<\/strong><\/span><\/em><\/p>\n<p><em><span style=\"color: #800080;\"><strong> 2\u00ba.-JOSE BUJALANCE PEREZ<\/strong><\/span><\/em><\/p>\n<p><em><span style=\"color: #800080;\"><strong> 3\u00ba.-FRANCISCO REY MARTINEZ<\/strong><\/span><\/em><\/p>\n<p><em> <\/em><\/p>\n<p><em> <\/em><\/p>\n<p><em> <\/em><\/p>\n<p><em><span style=\"color: #00ff00;\"><span style=\"text-decoration: underline;\"><strong><span style=\"color: #0000ff;\">XIII.- CARRERA POPULAR PUENTE ROMANO DE CORDOBA<\/span><\/strong><\/span><\/span><\/em><\/p>\n<p><em><span style=\"color: #339966;\"> <\/span><\/em><\/p>\n<p><em><span style=\"color: #ff00ff;\">DOMINGO 20 \u00a0DE MARZO 2011<\/span><\/em><\/p>\n<p><em>A LAS \u00a0\u00a010 HORAS<\/em><\/p>\n<p><em> <\/em><\/p>\n<p><em>LUGAR:\u00a0 CORDOBA<\/em><\/p>\n<p><em> <\/em><\/p>\n<p><em>CORREDORES: 444<\/em><\/p>\n<p><em> <\/em><\/p>\n<p><em>PUESTO\u00a0\u00a0\u00a0\u00a0\u00a0\u00a0\u00a0\u00a0\u00a0 NOMBRES\u00a0\u00a0\u00a0\u00a0\u00a0\u00a0\u00a0\u00a0\u00a0\u00a0\u00a0\u00a0\u00a0\u00a0\u00a0\u00a0\u00a0\u00a0\u00a0\u00a0\u00a0\u00a0\u00a0\u00a0 CATEG\u00a0\u00a0\u00a0\u00a0\u00a0\u00a0\u00a0\u00a0\u00a0\u00a0\u00a0\u00a0\u00a0\u00a0 PRUEBA\u00a0\u00a0\u00a0\u00a0\u00a0\u00a0 TIEMPO<\/em><\/p>\n<p><em> <\/em><\/p>\n<p><em> <span style=\"color: #00ff00;\"><span style=\"text-decoration: underline;\"><span style=\"color: #339966;\"><strong>CLUB ATLETISMO Y TRIATLON DE LUCENA<\/strong><\/span><\/span><\/span><\/em><\/p>\n<p><em><span style=\"text-decoration: underline;\"> <\/span><\/em><\/p>\n<p><em>9\u00ba.- DARIO BALLESTEROS ROMERO\u2026..\u00a0 ALEVIN\u00a0\u00a0\u00a0\u00a0\u00a0\u00a0\u00a0\u00a0\u00a0\u00a0\u00a0\u00a0\u00a0 500\u00a0\u00a0\u00a0\u00a0\u00a0\u00a0\u00a0\u00a0\u00a0\u00a0\u00a0\u00a0 1\u201957\u2019\u2019<\/em><\/p>\n<p><em> <\/em><\/p>\n<p><em> <\/em><\/p>\n<p><em>3\u00ba.-CAT\u00a0\u00a0 SAMUEL VILLA MORALES \u2026\u2026\u00a0 JUNIOR\u00a0\u00a0\u00a0\u00a0\u00a0\u00a0\u00a0\u00a0\u00a0\u00a0\u00a0\u00a0 7500\u00a0\u00a0\u00a0\u00a0\u00a0\u00a0\u00a0\u00a0 29\u201918\u2019\u2019<\/em><\/p>\n<p><em>81\u00ba.-GRAL<\/em><\/p>\n<p><em> <\/em><\/p>\n<p><em>7\u00ba.-CAT\u00a0 MIGUEL A. BALLESTEROS ROLDAN\u00a0\u00a0 VT\u00a0\u00a0\u00a0\u00a0\u00a0\u00a0\u00a0\u00a0\u00a0\u00a0\u00a0 7500\u00a0\u00a0\u00a0\u00a0\u00a0\u00a0\u00a0\u00a0\u00a0 27\u201912\u2019\u2019<\/em><\/p>\n<p><em>26\u00ba.-GRAL<\/em><\/p>\n<p><em> <\/em><\/p>\n<p><em> <span style=\"text-decoration: underline;\"><span style=\"color: #339966;\"><strong>CLUB\u00a0 SUR ATLETISMO CORDOBA 2016<\/strong><\/span><\/span><\/em><\/p>\n<p><em><span style=\"text-decoration: underline;\"> <\/span><\/em><\/p>\n<p><em>3\u00aa.- CAT.\u00a0 ARACELI LOPEZ JIMENEZ \u2026\u2026.. JUNIOR\u00a0\u00a0\u00a0\u00a0\u00a0\u00a0\u00a0\u00a0\u00a0\u00a0 7500\u00a0\u00a0\u00a0\u00a0\u00a0\u00a0\u00a0\u00a0\u00a0 27\u201912\u2019\u2019<\/em><\/p>\n<h3><span style=\"text-decoration: underline;\"><span style=\"color: #008000;\">Trail Cabo de Gata-Nijar<\/span><\/span><\/h3>\n<div><span style=\"font-weight: normal;\"> <span style=\"color: #0000ff;\">Gran exhibici\u00f3n de forma de \u00a0<span style=\"text-decoration: underline;\">MIGUEL ANGEL MU\u00d1OZ BEATO <\/span> en el III.- Trail Cabo de Gata-Nijar, con una distancia de 29.200 metros <\/span><\/span><span style=\"font-weight: normal;\"><span style=\"color: #0000ff;\">de monta\u00f1a y ramblas arenosas con salida en las MINAS de Rodalquilar y meta en San Jose de Nijar con unos participantes que rondaron los 600 obtuvo el puesto 107 de la general, quedando el 24 de su categor\u00eda con un crono de 2 horas 27 minutos 51 segundos. \u00a1\u00a1\u00a1ESTUPENDO MIGUEL ANGEL!!!<\/span><\/span><\/div>\n<h3><em><span style=\"color: #008000;\"><span style=\"text-decoration: underline;\">XXV.-CARRERA POPULAR SEVILLA ESTE<\/span><\/span><\/em><\/h3>\n<p><em> <\/em><\/p>\n<p><em>DOMINGO 6 \u00a0DE MARZO 2011 <\/em><em>A LAS \u00a0\u00a010 HORAS<\/em><\/p>\n<p><em> <\/em><\/p>\n<p><em>LUGAR:\u00a0 PARQUE AMATE DE SEVILLA. Corredores 1800<\/em><\/p>\n<p><span style=\"color: #0000ff;\">Gran \u00e9xito de <\/span><em><span style=\"color: #0000ff;\">FC\u00ba REY MARTINEZ que en la categor\u00eda de Veteranos quedo el 1\u00baen una distancia de \u00a0 9700 metros con un crono de \u00a0 34\u201950\u2019\u2019.<\/span><\/em><\/p>\n<p><em><span style=\"color: #008000;\">\u00a1\u00a1 ENHORABUENA FRANCISCO!!<\/span><\/em><\/p>\n<h3><em><span style=\"text-decoration: underline;\"><span style=\"color: #008000;\">XXVII Marat\u00f3n Ciudad de Sevilla (2011)<\/span><\/span><\/em><\/h3>\n<p><span style=\"color: #008000;\"><strong><em><span style=\"text-decoration: underline;\">Maravillosa actuaci\u00f3n<\/span><\/em><\/strong><\/span><\/p>\n<p>Estupenda actuaci\u00f3n de nuestros atletas en esta prueba veterana y de gran nivel deportivo de la Pen\u00ednsula. Miguel A. Ballesteros (22 cat), pulverizo el crono con un tiempo que costar\u00e1 trabajo mejorar a los atletas lucentinos (\u00a002:46:44 ) \u00a0(3, 58 el km). Antonio Burguillos tambi\u00e9n realiz\u00f3 una marca importante (02:54:03) acabando el 35 de su categor\u00eda.Rafael Caballero con un tiempo de 3 horas se situ\u00f3 en los tiempos de \u00e9lite de la prueba. Gran carrera. Al igual que Miguel A. Mu\u00f1oz Beato con un tiempo de 3 horas y once minutos. Pablo Pino buena actuaci\u00f3n 3:12.<\/p>\n<p><span style=\"color: #ff0000;\"><strong>Pincha en enlace de abajo para ver clasificaciones.<\/strong><\/span><\/p>\n<p><em><span style=\"color: #ff0000;\"><strong><span style=\"text-decoration: underline;\"><span style=\"color: #0000ff;\"><a href=\"http:\/\/imd.sevilla.org\/maraton-clasificaciones\">Clasificaciones MARATON SEVILLA<\/a><\/span><\/span><\/strong><\/span><\/em><\/p>\n<h2><span style=\"text-decoration: underline;\"><span style=\"color: #008000;\">49\u00ba.- CAMPEONATO NACIONAL MILITAR Y GUARDIA CIVIL<\/span><\/span><\/h2>\n<p><em><span style=\"color: #008000;\"><strong><span style=\"text-decoration: underline;\"><span style=\"color: #008000;\"> <\/span><\/span><\/strong><\/span><\/em><\/p>\n<h2>JUEVES\u00a0 10 DE FEBRERO 2011<\/h2>\n<h2>A LAS \u00a0\u00a010 HORAS<\/h2>\n<p><em><span style=\"color: #008000;\"><strong> <\/strong><\/span><\/em><\/p>\n<h2>LUGAR:\u00a0 ROTA ( CADIZ )<\/h2>\n<p><em><span style=\"color: #008000;\"><strong> <\/strong><\/span><\/em><\/p>\n<h2>CORREDORES:\u00a0 65<\/h2>\n<p><em> <\/em><\/p>\n<p><em> <\/em><\/p>\n<p><span style=\"color: #ff0000;\"><strong>PUESTO\u00a0\u00a0\u00a0\u00a0\u00a0\u00a0\u00a0\u00a0\u00a0 NOMBRES\u00a0\u00a0\u00a0\u00a0\u00a0\u00a0\u00a0\u00a0\u00a0\u00a0\u00a0\u00a0\u00a0\u00a0\u00a0\u00a0\u00a0\u00a0\u00a0\u00a0\u00a0\u00a0\u00a0\u00a0 CATEG\u00a0\u00a0\u00a0\u00a0\u00a0\u00a0\u00a0\u00a0\u00a0\u00a0\u00a0\u00a0\u00a0\u00a0 PRUEBA\u00a0\u00a0\u00a0\u00a0\u00a0\u00a0 TIEMPO<\/strong><\/span><\/p>\n<p><em> <\/em><\/p>\n<p><span style=\"color: #000080;\"><strong><em>21\u00ba.-GRAL\u00a0\u00a0\u00a0 MIGUEL ANGEL MU\u00d1OZ BEATO\u2026\u2026.\u00a0\u00a0\u00a0\u00a0\u00a0\u00a0 VT\u00a0\u00a0\u00a0\u00a0\u00a0\u00a0\u00a0\u00a0\u00a0\u00a0\u00a0\u00a0\u00a0\u00a0\u00a0\u00a0\u00a0\u00a0\u00a0\u00a0\u00a0\u00a0\u00a0\u00a0\u00a0\u00a0\u00a0 12.000 M\u00a0\u00a0\u00a0\u00a0\u00a0\u00a0\u00a0\u00a0\u00a0\u00a0\u00a0\u00a0 47\u201921\u2019\u2019<\/em><\/strong><\/span><\/p>\n<p><span style=\"color: #000080;\"><strong><em> <\/em><\/strong><\/span><\/p>\n<p><span style=\"color: #000080;\"><strong><em> <\/em><\/strong><\/span><\/p>\n<p><span style=\"color: #000080;\"><strong><em> <\/em><\/strong><\/span><\/p>\n<p><em><span style=\"color: #000080;\"> 5\u00ba.- POR\u00a0 EQUIPOS\u00a0 EN FONDO LARGO<\/span><\/em><\/p>\n<p><em><span style=\"color: #000080;\"> <\/span><\/em><\/p>\n<p><em><span style=\"color: #000080;\"> LA JEFATURA DE ENSE\u00d1ANZA DE LA GUARDIA CIVIL\u00a0 EN\u00a0 MADRID<\/span><\/em><\/p>\n<h2><span style=\"text-decoration: underline;\"><span style=\"color: #008000;\">III.- DUATLON CIUDA DE COIN COPA ANDALUCIA<\/span><\/span><\/h2>\n<p><em><span style=\"color: #008000;\"><strong><span style=\"text-decoration: underline;\"> <\/span><\/strong><\/span><\/em><\/p>\n<p><em><span style=\"color: #008000;\"><strong>DOMINGO 13 DE FEBRERO 2011<\/strong><\/span><\/em><\/p>\n<p><span style=\"color: #008000;\"><strong> <\/strong><\/span><\/p>\n<p><em>A LAS \u00a0\u00a010 HORAS<\/em><\/p>\n<p><em> <\/em><\/p>\n<p><em>LUGAR:\u00a0 COIN ( MALAGA)<\/em><\/p>\n<p><em> <\/em><\/p>\n<p><em>CORREDORES:\u00a0 134<\/em><\/p>\n<p><em> <\/em><\/p>\n<p><em> <\/em><\/p>\n<p><em><span style=\"color: #000080;\"><strong>PUESTO\u00a0\u00a0\u00a0\u00a0\u00a0\u00a0\u00a0\u00a0\u00a0 NOMBRES\u00a0\u00a0\u00a0\u00a0\u00a0\u00a0\u00a0\u00a0\u00a0\u00a0\u00a0\u00a0\u00a0\u00a0\u00a0\u00a0\u00a0\u00a0\u00a0\u00a0\u00a0\u00a0\u00a0\u00a0 CATEG\u00a0\u00a0\u00a0\u00a0\u00a0\u00a0\u00a0\u00a0\u00a0\u00a0\u00a0\u00a0\u00a0\u00a0 PRUEBA\u00a0\u00a0\u00a0\u00a0\u00a0\u00a0 TIEMPO<\/strong><\/span><\/em><\/p>\n<p><em><span style=\"color: #000080;\"> <\/span><\/em><\/p>\n<p><em><span style=\"color: #0000ff;\"><strong>1\u00ba ELITE\u00a0\u00a0\u00a0 ANTONIO PEREZ MARIN \u00a0 VT\u00a0\u00a0\u00a0\u00a0 4\u20195 kms\u00a0 pie\u00a0 20 kms bici y 2\u20198 kms pi e(1.28\u201930\u2019\u2019 ) <\/strong><\/span><\/em><em><span style=\"color: #0000ff;\"><strong>4\u00ba.-GRAL<\/strong><\/span><\/em><\/p>\n<p><em><span style=\"color: #0000ff;\"><strong> <\/strong><\/span><\/em><\/p>\n<p><em><span style=\"color: #0000ff;\"><strong>3\u00ba.-CAT\u00a0\u00a0\u00a0\u00a0 PACO HUERTAS CAMPOS \u00a0VT\u00a0\u00a0\u00a0\u00a0\u00a0\u00a0\u00a0\u00a0\u00a0\u00a0 \u201c\u00a0\u00a0\u00a0\u00a0\u00a0\u00a0\u00a0\u00a0\u00a0\u00a0\u00a0\u00a0\u00a0\u00a0\u00a0\u00a0\u00a0\u00a0\u00a0\u00a0\u00a0\u00a0\u00a0\u00a0\u00a0 \u201c\u00a0\u00a0\u00a0\u00a0\u00a0\u00a0\u00a0\u00a0\u00a0\u00a0\u00a0\u00a0\u00a0\u00a0\u00a0\u00a0\u00a0\u00a0 \u201c\u00a0\u00a0\u00a0 (1.43\u201912\u2019\u2019 ) <\/strong><\/span><\/em><em><span style=\"color: #0000ff;\"><strong>28\u00ba.-GRAL<\/strong><\/span><\/em><\/p>\n<p><em><span style=\"color: #0000ff;\"><strong> <\/strong><\/span><\/em><\/p>\n<p><em><span style=\"color: #0000ff;\"><strong>1\u00aa.-CAT.\u00a0\u00a0 CARMEN CAMPA\u00d1A GUERRERO \u00a0VT\u00a0\u00a0\u00a0\u00a0\u00a0\u00a0\u00a0 \u00a0\u201c\u00a0\u00a0\u00a0\u00a0\u00a0\u00a0\u00a0\u00a0\u00a0\u00a0\u00a0\u00a0\u00a0\u00a0\u00a0\u00a0\u00a0\u00a0\u00a0\u00a0\u00a0\u00a0\u00a0\u00a0\u00a0 \u201c\u00a0\u00a0\u00a0\u00a0\u00a0\u00a0\u00a0\u00a0\u00a0\u00a0\u00a0\u00a0\u00a0\u00a0\u00a0\u00a0\u00a0\u00a0\u00a0 \u201c\u00a0\u00a0 (2.09\u201957\u2019\u2019 )<\/strong><\/span><\/em><\/p>\n<p><em><span style=\"color: #0000ff;\"><strong> <\/strong><\/span><\/em><\/p>\n<p><em><span style=\"color: #0000ff;\"><strong>5\u00ba.-CAT\u00a0\u00a0\u00a0 FRANCISCO GARCIA DEL PINO \u00a0VT\u00a0\u00a0\u00a0\u00a0\u00a0\u00a0\u00a0 \u201c\u00a0\u00a0\u00a0\u00a0\u00a0\u00a0\u00a0\u00a0\u00a0\u00a0\u00a0\u00a0\u00a0\u00a0\u00a0\u00a0\u00a0\u00a0\u00a0\u00a0\u00a0\u00a0\u00a0\u00a0\u00a0\u00a0 \u201c\u00a0\u00a0\u00a0\u00a0\u00a0\u00a0\u00a0\u00a0\u00a0\u00a0\u00a0\u00a0\u00a0\u00a0\u00a0\u00a0\u00a0\u00a0\u00a0\u00a0 \u201c\u00a0 (2.14\u201916\u2019\u2019 ) <\/strong><\/span><\/em><em><span style=\"color: #0000ff;\"><strong>91\u00ba.-GRAL<\/strong><\/span><\/em><\/p>\n<p><em><span style=\"color: #0000ff;\"><strong> <\/strong><\/span><\/em><\/p>\n<p><em><span style=\"color: #0000ff;\"><strong>7\u00ba.-CAT\u00a0\u00a0\u00a0 JUAN JOSE PEREZ LEON \u00a0 \u00a0VT\u00a0\u00a0\u00a0\u00a0\u00a0\u00a0\u00a0 \u201c\u00a0\u00a0\u00a0\u00a0\u00a0\u00a0 \u00a0\u00a0\u00a0\u00a0\u00a0\u00a0\u00a0\u00a0\u00a0\u00a0\u00a0\u00a0\u00a0\u00a0\u00a0\u00a0\u00a0\u00a0\u00a0\u00a0\u201c\u00a0\u00a0\u00a0\u00a0\u00a0\u00a0\u00a0\u00a0\u00a0\u00a0\u00a0\u00a0\u00a0\u00a0\u00a0\u00a0\u00a0\u00a0\u00a0 \u201c\u00a0 ( 2.25\u201941\u2019\u2019 ) <\/strong><\/span><\/em><em><span style=\"color: #0000ff;\"><strong>102\u00ba.-GRAL<\/strong><\/span><\/em><\/p>\n<p><em> <\/em><\/p>\n<p><em> <\/em><\/p>\n<p><em> <\/em><\/p>\n<p><em> <\/em><\/p>\n<p><em> <span style=\"text-decoration: underline;\"><span style=\"color: #000080;\">5\u00ba\u00a0 POR\u00a0 EQUIPOS <\/span><\/span><\/em><\/p>\n<p><em><span style=\"text-decoration: underline;\"><span style=\"color: #000080;\"> <\/span><\/span><\/em><span style=\"color: #000080;\"><em> <\/em><\/span><\/p>\n<p><em><span style=\"color: #000080;\"> ANTONIO PEREZ MARIN <\/span><\/em><\/p>\n<p><em><span style=\"color: #000080;\"> <\/span><\/em><\/p>\n<p><em><span style=\"color: #000080;\"> PACO HUERTAS CAMPOS\u00a0\u00a0\u00a0\u00a0\u00a0\u00a0\u00a0\u00a0\u00a0\u00a0\u00a0\u00a0\u00a0\u00a0\u00a0\u00a0\u00a0\u00a0\u00a0\u00a0\u00a0\u00a0 TIEMPO\u2026\u2026\u2026\u2026.5.25\u201958\u2019\u2019<\/span><\/em><\/p>\n<p><em><span style=\"color: #000080;\"> <\/span><\/em><\/p>\n<p><em><span style=\"color: #000080;\"> FRANCISCO GARCIA DEL PINO<\/span><\/em><\/p>\n<p><strong><span style=\"color: #008000;\">II.- CONTROL EXTRAORDINARIO<\/span><\/strong><\/p>\n<p><strong><span style=\"color: #008000;\">JUEVES\u00a0\u00a0 3\u00a0\u00a0\u00a0 DE\u00a0 FEBRERO\u00a0 2011<\/span><\/strong><\/p>\n<p><strong><span style=\"color: #008000;\">A LAS\u00a0\u00a0\u00a0\u00a0 15&#8217;00 HORAS<\/span><\/strong><\/p>\n<p><strong><span style=\"color: #008000;\">LUGAR:\u00a0 FONTANAR DE CORDOBA<\/span><\/strong><\/p>\n<p><strong>______________________________________________________________________<\/strong><\/p>\n<p><strong>PUESTO\u00a0\u00a0\u00a0\u00a0\u00a0\u00a0\u00a0\u00a0 NOMBRES\u00a0\u00a0\u00a0\u00a0\u00a0\u00a0\u00a0\u00a0\u00a0\u00a0\u00a0\u00a0\u00a0\u00a0\u00a0\u00a0\u00a0\u00a0\u00a0\u00a0\u00a0\u00a0\u00a0\u00a0\u00a0 CATEG.\u00a0\u00a0\u00a0\u00a0\u00a0\u00a0 PRUEBA\u00a0\u00a0\u00a0\u00a0\u00a0\u00a0 \u00a0TIEMPO<\/strong><\/p>\n<p><strong>______________________________________________________________________<\/strong><\/p>\n<p><strong> <\/strong><\/p>\n<p><strong> <span style=\"text-decoration: underline;\"><span style=\"color: #ff0000;\">C.D. SUR ATLETISMO \u00a0CORDOBA <\/span><\/span><\/strong><\/p>\n<p><strong> <\/strong><\/p>\n<p><strong><span style=\"color: #0000ff;\"> 1\u00ba.-\u00a0\u00a0 JORGE SANCHEZ ALBA \u2026\u2026\u2026\u2026\u2026\u2026\u2026\u00a0 JUV\u00a0\u00a0\u00a0\u00a0\u00a0\u00a0\u00a0\u00a0 \u00a0\u00a0\u00a0\u00a0Jabalina\u00a0\u00a0\u00a0\u00a0\u00a0\u00a0\u00a0\u00a0\u00a0\u00a0\u00a0\u00a0\u00a0\u00a0\u00a0\u00a0\u00a0\u00a0\u00a0 37.44<\/span><\/strong><\/p>\n<p><strong> <\/strong><\/p>\n<p><strong> <\/strong><\/p>\n<p><strong> <span style=\"text-decoration: underline;\"><span style=\"color: #ff0000;\">CLUB\u00a0 ATLETISMO DE LUCENA <\/span><\/span><\/strong><\/p>\n<p><strong><span style=\"text-decoration: underline;\"> <\/span><\/strong><\/p>\n<p><strong><span style=\"color: #0000ff;\"> 1\u00ba.-\u00a0\u00a0 MIRIAM LOPEZ JIMENEZ\u2026\u2026\u2026\u2026\u2026\u2026\u2026\u00a0 INF\u00a0\u00a0\u00a0\u00a0\u00a0\u00a0\u00a0\u00a0\u00a0 1000\u00a0\u00a0\u00a0\u00a0\u00a0\u00a0\u00a0\u00a0\u00a0\u00a0\u00a0\u00a0\u00a0\u00a0\u00a0\u00a0\u00a0\u00a0\u00a0\u00a0\u00a0\u00a0\u00a0\u00a0 3\u201944\u2019\u201916<\/span><\/strong><\/p>\n<p><strong><span style=\"color: #0000ff;\"> <\/span><\/strong><\/p>\n<p><strong><span style=\"color: #0000ff;\"> 1\u00ba.-\u00a0\u00a0 ISMAEL ORTIZ CABEZA\u2026\u2026\u2026\u2026\u2026\u2026\u2026\u2026 INF\u00a0\u00a0\u00a0\u00a0\u00a0\u00a0\u00a0\u00a0\u00a0 JABALINA\u00a0\u00a0\u00a0\u00a0\u00a0\u00a0\u00a0\u00a0\u00a0\u00a0\u00a0 17.90<\/span><\/strong><\/p>\n<h2><span style=\"text-decoration: underline;\"><span style=\"color: #008000;\">XXI Media Marat\u00f3n de Puente Genil 2011. <\/span><\/span><\/h2>\n<p><span style=\"color: #000080;\">Gran exito de nuestros Atletas, Rafael Caballero Fuentes, Pablo Pino Lara, Javier Jimenez Jimenez , Juan Manj\u00f3n Cabeza, Juan Pedro Mu\u00f1oz Navarro, Jos\u00e9 Mar\u00eda Mu\u00f1oz Cantero. Sin duda un buen comienzo para la temporada. Felicidades !!!. Gran carrera de todos y Rafael te salistes!!!<\/span><\/p>\n<h2><span style=\"color: #0000ff;\"><span style=\"text-decoration: underline;\"><a href=\"http:\/\/www.ideain.com\/febrero2011\/20110206puentegenil.htm\">Resultados de Media Marat\u00f3n<\/a> (pulsa para ir)<\/span><\/span><\/h2>\n<h2><strong><span style=\"color: #008000;\">CAMPEONATO ANDALUCIA\u00a0 CADETE\u00a0\u00a0 P.C.<\/span><\/strong><\/h2>\n<p><span style=\"color: #008000;\"><strong> <\/strong><\/span><\/p>\n<p><strong><span style=\"color: #008000;\"> <\/span><\/strong><\/p>\n<h2><strong><span style=\"color: #008000;\">DOMINGO\u00a0 6 DE\u00a0 FEBRERO\u00a0 2011<\/span><\/strong><\/h2>\n<p><strong><span style=\"color: #008000;\"> <\/span><\/strong><\/p>\n<h2><strong><span style=\"color: #008000;\">A LAS\u00a0\u00a0\u00a0 9\u201930 HORAS<\/span><\/strong><\/h2>\n<p><strong><span style=\"color: #008000;\"> <\/span><\/strong><\/p>\n<h2><strong><span style=\"color: #008000;\">LUGAR:\u00a0 PABELLON CUBIERTO SAN PABLO( SEVILLA)<\/span><\/strong><\/h2>\n<p><strong><span style=\"color: #008000;\"> <\/span><\/strong><\/p>\n<h2><strong><span style=\"color: #008000;\">DISTANCIA : 300 M<\/span><\/strong><\/h2>\n<p><strong> <\/strong><\/p>\n<p><strong> <\/strong><\/p>\n<p><strong>______________________________________________________________________<\/strong><\/p>\n<p><strong>PUESTO\u00a0\u00a0\u00a0\u00a0\u00a0\u00a0\u00a0\u00a0 NOMBRES\u00a0\u00a0\u00a0\u00a0 \u00a0\u00a0\u00a0\u00a0\u00a0\u00a0\u00a0\u00a0\u00a0\u00a0\u00a0\u00a0\u00a0\u00a0\u00a0\u00a0\u00a0\u00a0\u00a0\u00a0\u00a0CATEG.\u00a0\u00a0\u00a0\u00a0\u00a0\u00a0 PRUEBA\u00a0\u00a0\u00a0\u00a0\u00a0\u00a0\u00a0 TIEMPO<\/strong><\/p>\n<p><strong>______________________________________________________________________<\/strong><\/p>\n<p><strong> <span style=\"text-decoration: underline;\"><span style=\"color: #ff0000;\">CLUB ATLETISMOY TRIATLON \u00a0DE LUCENA<\/span><\/span><\/strong><\/p>\n<p><strong><span style=\"text-decoration: underline;\"> <\/span><\/strong><\/p>\n<p><strong><span style=\"color: #0000ff;\">9\u00ba.-\u00a0\u00a0\u00a0\u00a0\u00a0\u00a0\u00a0 ANTONIO DAVID LUCENA GARCIA..\u00a0\u00a0\u00a0 CAD .\u00a0\u00a0\u00a0\u00a0\u00a0\u00a0\u00a0\u00a0\u00a0 300\u00a0\u00a0\u00a0\u00a0\u00a0\u00a0\u00a0\u00a0\u00a0\u00a0\u00a0\u00a0\u00a0 \u00a043\u2019\u201930<\/span><\/strong><\/p>\n<p><strong><span style=\"text-decoration: underline;\"> <\/span><\/strong><\/p>\n<h2><strong><span style=\"color: #008000;\"><span style=\"text-decoration: underline;\">XXVIII.-CARRERA SAN ANTON<\/span><\/span><\/strong><\/h2>\n<p><strong> <\/strong><\/p>\n<p><strong><span style=\"color: #0000ff;\">DOMINGO\u00a0 16 DE\u00a0 ENERO\u00a0 2011<\/span><\/strong><\/p>\n<p><strong><span style=\"color: #0000ff;\"> <\/span><\/strong><\/p>\n<p><strong><span style=\"color: #0000ff;\">A LAS\u00a0\u00a0\u00a0\u00a0 20 \u00a0\u00a0HORAS<\/span><\/strong><\/p>\n<p><strong><span style=\"color: #0000ff;\"> <\/span><\/strong><\/p>\n<p><strong><span style=\"color: #0000ff;\">LUGAR:\u00a0 JAEN <\/span><\/strong><\/p>\n<p><strong><span style=\"color: #0000ff;\"> <\/span><\/strong><\/p>\n<p><strong><span style=\"color: #0000ff;\">PARTICIPANTES:\u00a0 3.990\u00a0 ADULTOS<\/span><\/strong><\/p>\n<p><strong><span style=\"color: #0000ff;\"> <\/span><\/strong><\/p>\n<p><strong><span style=\"color: #0000ff;\">PARTICIPANTES:\u00a0 NI\u00d1OS\u00a0 1.372<\/span><\/strong><\/p>\n<p><strong><span style=\"color: #0000ff;\"> <\/span><\/strong><\/p>\n<p><strong><span style=\"color: #0000ff;\">TOTAL CORREDORES:\u00a0 5.362<\/span><\/strong><\/p>\n<address>Preciosa carrera como todos los a\u00f1os donde nuestros atletas brillaron por su actuaci\u00f3n. Estos fueron los resultados.<\/address>\n<address><strong><span style=\"color: #0000ff;\">7\u00ba.-CAT\u00a0\u00a0 JORGE ARAGON\u00a0 GONZALEZ\u2026.\u00a0 ALEVIN\u00a0\u00a0\u00a0 3500\u00a0\u00a0\u00a0\u00a0\u00a0\u00a0\u00a0\u00a0\u00a0\u00a0\u00a0\u00a0\u00a0\u00a0\u00a0 13\u201919\u2019\u2019 <\/span><\/strong><strong><span style=\"color: #0000ff;\">54\u00ba.-GRAL<\/span><\/strong><\/p>\n<p><span style=\"color: #0000ff;\"> <\/span><strong><span style=\"color: #0000ff;\"> <\/span><\/strong><\/p>\n<p><span style=\"color: #0000ff;\"> <\/span><strong><span style=\"color: #0000ff;\">40\u00ba.-CAT\u00a0\u00a0\u00a0 DARIO BALLESTEROS ROMERO.. ALEVIN\u00a0\u00a0 3500\u00a0\u00a0\u00a0\u00a0\u00a0\u00a0\u00a0\u00a0\u00a0\u00a0\u00a0 15\u201943\u2019\u2019 <\/span><\/strong><strong><span style=\"color: #0000ff;\">226\u00ba.-GRAL<\/span><\/strong><\/p>\n<p><span style=\"color: #0000ff;\"> <\/span><strong><span style=\"color: #0000ff;\"> <\/span><\/strong><\/p>\n<p><span style=\"color: #0000ff;\"> <\/span><strong><span style=\"color: #0000ff;\">26\u00ba.-CAT\u00a0\u00a0 MIGUEL A. BALLESTEROS ROLDAN \u2026SN\u00a0\u00a0\u00a0\u00a0\u00a0 10.000\u00a0\u00a0\u00a0\u00a0\u00a0\u00a0\u00a0\u00a0 32\u201932\u2019\u2019 <\/span><\/strong><strong><span style=\"color: #0000ff;\">111\u00ba.-GRAL<\/span><\/strong><\/p>\n<p><span style=\"color: #0000ff;\"> <\/span><strong><span style=\"color: #0000ff;\"> <\/span><\/strong><\/p>\n<p><span style=\"color: #0000ff;\"> <\/span><strong><span style=\"color: #0000ff;\">33\u00ba.-CAT\u00a0\u00a0 JOSE DIEGO MOLINA GARCIA\u2026\u2026\u2026\u2026. SN\u00a0\u00a0\u00a0\u00a0 10.000\u00a0\u00a0\u00a0\u00a0\u00a0\u00a0\u00a0 33\u201909\u2019\u2019 <\/span><\/strong><strong><span style=\"color: #0000ff;\">144\u00ba.-GRAL<\/span><\/strong><\/p>\n<p><span style=\"color: #0000ff;\"> <\/span><strong><span style=\"color: #0000ff;\"> <\/span><\/strong><\/p>\n<p><span style=\"color: #0000ff;\"> <\/span><strong><span style=\"color: #0000ff;\">28\u00ba.-CAT\u00a0\u00a0 MIGUEL A. MU\u00d1OZ BEATO \u2026\u2026\u2026\u2026\u2026\u2026.VT\u00a0\u00a0\u00a0\u00a0 10.000\u00a0\u00a0\u00a0\u00a0\u00a0\u00a0\u00a0 34\u201934\u2019\u2019 <\/span><\/strong><strong><span style=\"color: #0000ff;\">219\u00ba.-GRAL<\/span><\/strong><\/p>\n<p><span style=\"color: #0000ff;\"> <\/span><strong><span style=\"color: #0000ff;\"> <\/span><\/strong><\/p>\n<p><span style=\"color: #0000ff;\"> <\/span><strong><span style=\"color: #0000ff;\">94\u00ba.-CAT\u00a0\u00a0\u00a0 RAFAEL\u00a0 ARAGON HURTADO\u2026\u2026\u2026\u2026\u2026.\u00a0 VT\u00a0\u00a0 10.000\u00a0\u00a0\u00a0\u00a0\u00a0\u00a0\u00a0 39\u201935\u2019\u2019<\/span><\/strong><strong><span style=\"color: #0000ff;\">712\u00ba.-GRAL<\/span><\/strong><\/p>\n<p><span style=\"color: #0000ff;\"> <\/span><strong><span style=\"color: #0000ff;\"> <\/span><\/strong><\/p>\n<\/address>\n<p><strong><span style=\"text-decoration: underline;\">Algunos EXITOS DEL A\u00d1O 2010<\/span><\/strong><\/p>\n<h3>\n<div><span style=\"color: #0000ff;\">Medalla plata Campeonato Espa\u00f1a veteranos 5000 <\/span> JUAN MANJON CABEZA<\/div>\n<div><span style=\"color: #0000ff;\">5\u00ba.coto Espa\u00f1a veteranos <\/span>JUAN MANJON CABEZA<\/div>\n<div><span style=\"color: #0000ff;\">4\u00ba.- cto. Espa\u00f1a Duatlon veterano \u00a0Caceres <\/span> PACO HUERTAS CAMPOS<\/div>\n<div><span style=\"color: #0000ff;\">7\u00ba cto. Espa\u00f1a cadete en Oviedo pista cubierta 600 mts.<\/span> MANUEL ROMERO CRUCES<\/div>\n<div><span style=\"color: #0000ff;\">Medalla Oro cto. Andalucia Duatlon en Periana <\/span> PACO HUERTAS CAMPOS<\/div>\n<div><span style=\"color: #0000ff;\">Medalla Plata cto. Andalucia 5000 en Salobreja Jaen<\/span> ANTONIO JIMENEZ CASADO<\/div>\n<div><span style=\"color: #0000ff;\">Medalla Plata cto Andalucia 5000 en Salobreja Jaen<\/span> JUAN MANJON CABEZA<\/div>\n<div><span style=\"color: #0000ff;\">Medalla Plata cto. Andalucia sub 20\u00a0 de 5000 en Huelva<\/span> ANTONIO MONTERO PAREJO<\/div>\n<div><span style=\"color: #0000ff;\">Medalla Plata cto. Andalucia sub 20 de 1500 en Huelva <\/span>M\u00aa DOLORES JIMENEZ SANCHEZ<\/div>\n<div><span style=\"color: #0000ff;\">Medalla Plata prueba Ultrafondo 60 kms en Madrid <\/span>MIGUEL ANGEL MU\u00d1OZ BEATO<\/div>\n<div><span style=\"color: #0000ff;\">5\u00ba.- Juegos Europeos de Policia y Bomberos participantes varios Paises de Europa medio maraton en Valencia<\/span> MIGUEL ANGEL MU\u00d1OZ BEATO.<\/div>\n<\/h3>\n<h2><strong><span style=\"text-decoration: underline;\"><span style=\"color: #008000;\">XXVIII.- SAN SILVESTRE CORDOBESA<\/span><\/span><\/strong><\/h2>\n<p><strong> <\/strong><\/p>\n<p><strong><span style=\"color: #0000ff;\"> VIERNES 31 DE\u00a0 DICIEMBRE\u00a0 2010<\/span><\/strong><\/p>\n<p><strong><span style=\"color: #0000ff;\"> <\/span><\/strong><\/p>\n<p><strong><span style=\"color: #0000ff;\">A LAS\u00a0\u00a0 15\u201930 HORAS<\/span><\/strong><\/p>\n<p><strong><span style=\"color: #0000ff;\"> <\/span><\/strong><\/p>\n<p><strong><span style=\"color: #0000ff;\">LUGAR:\u00a0 CORDOBA( Parque Figueroa)<\/span><\/strong><\/p>\n<p><strong><span style=\"color: #0000ff;\"> <\/span><\/strong><\/p>\n<p><strong><span style=\"color: #0000ff;\">DISTANCIA:\u00a0 9.000<\/span><\/strong><\/p>\n<p><strong>PUESTO\u00a0\u00a0\u00a0\u00a0\u00a0\u00a0\u00a0\u00a0 NOMBRES\u00a0\u00a0\u00a0 \u00a0\u00a0\u00a0\u00a0\u00a0\u00a0\u00a0\u00a0\u00a0\u00a0\u00a0\u00a0\u00a0\u00a0\u00a0\u00a0\u00a0\u00a0\u00a0\u00a0\u00a0\u00a0\u00a0\u00a0\u00a0CATEG.\u00a0\u00a0\u00a0\u00a0\u00a0 \u00a0\u00a0\u00a0PRUEBA\u00a0\u00a0\u00a0\u00a0\u00a0\u00a0 \u00a0\u00a0\u00a0TIEMPO<\/strong><\/p>\n<p><strong> <\/strong><\/p>\n<p><strong> <span style=\"text-decoration: underline;\"><span style=\"color: #ff0000;\">CLUB ATLETISMO Y TRIATLON\u00a0 \u00a0DE LUCENA<\/span><\/span><\/strong><\/p>\n<p><strong> <\/strong><\/p>\n<p><strong>11\u00ba.-CAT\u00a0 \u00a0\u00a0\u00a0\u00a0\u00a0CARLOS ESPA\u00d1A SANCHEZ \u2026\u00a0 SN\u00a0\u00a0\u00a0\u00a0\u00a0\u00a0\u00a0\u00a0 9.000\u00a0\u00a0\u00a0\u00a0\u00a0\u00a0\u00a0\u00a0 \u00a0\u00a0\u00a0\u00a0\u00a0\u00a0\u00a0\u00a0\u00a0\u00a0\u00a029\u201951\u2019\u2019 <\/strong><\/p>\n<p><strong>23\u00ba.- GRAL<\/strong><\/p>\n<h2><strong><span style=\"color: #339966;\"><span style=\"text-decoration: underline;\">IV.- CARRERA ARRECIFE \u00a0LA CARLOTA<\/span><\/span><\/strong><\/h2>\n<p><strong> <\/strong><\/p>\n<p><strong><span style=\"color: #0000ff;\">DOMINGO\u00a0 26\u00a0\u00a0\u00a0 DE\u00a0\u00a0 DICIEMBRE\u00a0\u00a0 2010<\/span><\/strong><\/p>\n<p><strong><span style=\"color: #0000ff;\"> <\/span><\/strong><\/p>\n<p><strong><span style=\"color: #0000ff;\"> LUGAR:\u00a0 LA CARLOTA( C\u00f3rdoba)<\/span><\/strong><\/p>\n<p><strong><span style=\"color: #0000ff;\"> <\/span><\/strong><\/p>\n<p><strong><span style=\"color: #0000ff;\">A LAS\u00a0\u00a0\u00a0 10 HORAS<\/span><\/strong><\/p>\n<p><strong><span style=\"color: #0000ff;\"> <\/span><\/strong><\/p>\n<p><strong><span style=\"color: #0000ff;\"> CORREDORES: 195<\/span><\/strong><\/p>\n<p><strong><span style=\"color: #0000ff;\"> <\/span><\/strong><\/p>\n<p><strong>______________________________________________________________________<\/strong><\/p>\n<p><strong>PUESTO\u00a0\u00a0\u00a0\u00a0\u00a0\u00a0\u00a0\u00a0 NOMBRES\u00a0\u00a0\u00a0\u00a0\u00a0\u00a0\u00a0\u00a0\u00a0\u00a0\u00a0\u00a0\u00a0\u00a0\u00a0\u00a0\u00a0\u00a0\u00a0\u00a0 \u00a0\u00a0\u00a0\u00a0\u00a0CATEG.\u00a0\u00a0\u00a0\u00a0\u00a0\u00a0 PRUEBA\u00a0\u00a0\u00a0\u00a0\u00a0\u00a0\u00a0 TIEMPO<\/strong><\/p>\n<p><strong>______________________________________________________________________ <\/strong><\/p>\n<p><strong> <span style=\"text-decoration: underline;\"><span style=\"color: #ff0000;\">CLUB\u00a0 ATL.Y TRIATLON \u00a0DE\u00a0 LUCENA<\/span><\/span><\/strong><\/p>\n<p><strong>2\u00aa.-ANA LOPEZ FLORES\u2026\u2026\u2026\u2026\u2026\u2026\u2026\u2026\u2026\u2026\u2026\u2026.\u00a0\u00a0 Alevin\u00a0\u00a0\u00a0\u00a0\u00a0\u00a0\u00a0\u00a0\u00a0\u00a0\u00a0\u00a0 850\u00a0 \u00a0\u00a0\u00a0\u00a0\u00a0\u00a0\u00a0\u00a0\u00a0\u00a0\u00a0\u00a0\u00a0\u00a0\u00a0\u00a0\u00a0\u00a0\u00a0\u00a0\u00a0\u00a03\u201917\u2019\u2019<\/strong><\/p>\n<p><strong>7\u00ba.-DARIO BALLESTEROS ROMERO\u2026\u2026\u2026\u2026\u2026\u2026.\u00a0\u00a0\u00a0 Alevin\u00a0\u00a0\u00a0\u00a0\u00a0\u00a0\u00a0\u00a0\u00a0\u00a0\u00a0 \u00a0850\u00a0\u00a0\u00a0\u00a0\u00a0\u00a0\u00a0\u00a0\u00a0\u00a0\u00a0\u00a0\u00a0\u00a0\u00a0\u00a0\u00a0\u00a0\u00a0\u00a0\u00a0\u00a0\u00a0 3\u201950\u2019\u2019 <\/strong><\/p>\n<p><strong>1\u00aa.-MIRIAM LOPEZ JIMENEZ\u2026\u2026\u2026\u2026\u2026\u2026\u2026\u2026\u2026..\u00a0\u00a0 \u00a0\u00a0Inf\u00a0\u00a0\u00a0\u00a0\u00a0\u00a0\u00a0\u00a0\u00a0\u00a0\u00a0\u00a0\u00a0\u00a0\u00a0 \u00a01800\u00a0\u00a0\u00a0\u00a0\u00a0\u00a0\u00a0\u00a0\u00a0\u00a0\u00a0\u00a0\u00a0\u00a0\u00a0\u00a0\u00a0\u00a0\u00a0\u00a0 \u00a0\u00a0\u00a07\u201950\u2019\u2019<\/strong><\/p>\n<p><strong>5\u00ba.-ANTONIO DAVID LUCENA GARCIA \u2026\u2026\u2026\u2026\u2026\u00a0\u00a0\u00a0 Inf\u00a0\u00a0\u00a0\u00a0\u00a0\u00a0\u00a0\u00a0\u00a0\u00a0\u00a0\u00a0\u00a0\u00a0\u00a0\u00a0 1800\u00a0\u00a0\u00a0\u00a0\u00a0\u00a0\u00a0\u00a0\u00a0\u00a0\u00a0\u00a0\u00a0\u00a0\u00a0\u00a0\u00a0\u00a0\u00a0\u00a0\u00a0\u00a0\u00a0 7\u201910\u2019\u2019<\/strong><\/p>\n<p><strong>9\u00ba.-ANTONIO MANUEL MU\u00d1OZ VARO \u2026\u2026\u2026\u2026\u2026..\u00a0\u00a0 Cadete\u00a0\u00a0\u00a0\u00a0\u00a0\u00a0\u00a0\u00a0\u00a0 2700\u00a0\u00a0\u00a0\u00a0\u00a0\u00a0\u00a0\u00a0\u00a0\u00a0\u00a0\u00a0\u00a0\u00a0\u00a0\u00a0\u00a0\u00a0\u00a0\u00a0\u00a0\u00a0\u00a0 9\u201949\u2019\u2019<\/strong><\/p>\n<p><strong>7\u00ba.-CAT.\u00a0 SAMUEL VILLA MORALES\u2026\u2026\u2026\u2026\u2026\u2026.\u00a0\u00a0\u00a0 \u00a0Juv\u00a0\u00a0\u00a0\u00a0\u00a0\u00a0\u00a0\u00a0\u00a0\u00a0\u00a0\u00a0\u00a0\u00a0 \u00a06000\u00a0\u00a0\u00a0\u00a0\u00a0\u00a0\u00a0\u00a0\u00a0\u00a0\u00a0\u00a0\u00a0\u00a0\u00a0\u00a0\u00a0\u00a0\u00a0\u00a0\u00a0\u00a0 25\u201946 <\/strong><\/p>\n<p><strong>3\u00ba.- YASSINE SAIDI\u2026\u2026\u2026\u2026\u2026\u2026\u2026\u2026\u2026\u2026\u2026\u2026\u2026\u2026\u2026\u00a0\u00a0 Senior\u00a0\u00a0\u00a0\u00a0\u00a0\u00a0\u00a0\u00a0\u00a0\u00a0 9000\u00a0\u00a0\u00a0\u00a0\u00a0\u00a0\u00a0\u00a0\u00a0\u00a0\u00a0\u00a0\u00a0\u00a0\u00a0\u00a0\u00a0\u00a0\u00a0\u00a0\u00a0\u00a0 36\u201907\u2019\u2019<\/strong><\/p>\n<p><strong>4\u00ba.- MIGUEL A. BALLESTEROS ROLDAN \u2026\u2026\u2026\u2026..\u00a0\u00a0\u00a0 Senior\u00a0\u00a0\u00a0\u00a0\u00a0\u00a0\u00a0\u00a0\u00a0 9000\u00a0\u00a0\u00a0\u00a0\u00a0\u00a0\u00a0\u00a0\u00a0\u00a0\u00a0\u00a0\u00a0\u00a0\u00a0\u00a0\u00a0\u00a0\u00a0\u00a0\u00a0\u00a0 36\u201920\u2019\u2019<\/strong><\/p>\n<p><strong> 5\u00ba.-\u00a0\u00a0 JUAN MANJON CABEZA \u2026\u2026\u2026\u2026\u2026\u2026\u2026\u2026\u2026\u2026 Veterano\u00a0 \u00a0\u00a0\u00a0\u00a0\u00a09000\u00a0\u00a0\u00a0\u00a0\u00a0\u00a0\u00a0\u00a0\u00a0\u00a0\u00a0\u00a0\u00a0\u00a0\u00a0\u00a0\u00a0\u00a0 \u00a0\u00a0\u00a0\u00a040\u201929\u2019\u2019<\/strong><\/p>\n<p><strong>13\u00ba.- JOSE DIEGO MOLINA GARCIA\u2026\u2026\u2026\u2026\u2026\u2026\u2026.\u00a0 Senior\u00a0\u00a0\u00a0\u00a0\u00a0\u00a0\u00a0\u00a0\u00a0\u00a0 9000\u00a0\u00a0\u00a0\u00a0\u00a0\u00a0\u00a0\u00a0\u00a0\u00a0\u00a0\u00a0\u00a0\u00a0\u00a0\u00a0\u00a0\u00a0\u00a0\u00a0\u00a0\u00a0 40\u201929\u2019\u2019<\/strong><\/p>\n<p><strong>9\u00ba.- ANTONIO ROLDAN RUIZ\u2026\u2026\u2026\u2026\u2026\u2026\u2026\u2026\u2026\u2026. .Veterano\u00a0\u00a0\u00a0\u00a0\u00a0\u00a0 9000\u00a0\u00a0\u00a0\u00a0\u00a0\u00a0\u00a0\u00a0\u00a0\u00a0\u00a0\u00a0\u00a0\u00a0\u00a0\u00a0\u00a0\u00a0\u00a0\u00a0\u00a0\u00a0\u00a0 44\u201902\u2019\u2019<\/strong><\/p>\n<p><strong> <\/strong><\/p>\n<p><strong> <\/strong><\/p>\n<p><strong> <span style=\"text-decoration: underline;\"><span style=\"color: #ff0000;\">CLUB SURATLETISMO DIPUTACION CORDOBA 2016<\/span><\/span><\/strong><\/p>\n<p><strong><span style=\"color: #ff0000;\"> <\/span><\/strong><\/p>\n<p><strong>5\u00aa.-\u00a0\u00a0 ARACELI LOPEZ JIMENEZ \u2026\u2026\u2026\u2026\u2026\u2026\u2026\u2026\u2026\u2026.\u00a0 JUV\u00a0\u00a0\u00a0\u00a0\u00a0\u00a0\u00a0\u00a0 6000\u00a0\u00a0\u00a0\u00a0\u00a0\u00a0\u00a0\u00a0\u00a0\u00a0\u00a0\u00a0\u00a0\u00a0\u00a0\u00a0\u00a0\u00a0\u00a0\u00a0\u00a0\u00a0 31\u201902\u2019\u2019<\/strong><\/p>\n<p><strong>9\u00ba.-.-JORGE SANCHEZ ALBA \u2026\u2026\u2026\u2026\u2026\u2026\u2026\u2026\u2026. \u2026\u2026.\u00a0\u00a0 Juv\u00a0\u00a0\u00a0\u00a0\u00a0\u00a0\u00a0 \u00a0\u00a06000\u00a0\u00a0\u00a0\u00a0\u00a0\u00a0\u00a0 \u00a0\u00a0\u00a0\u00a0\u00a0\u00a0\u00a0\u00a0\u00a0\u00a0\u00a0\u00a0\u00a0\u00a0\u00a026\u201959\u2019\u2019<\/strong><\/p>\n<p><strong>Retirada\u00a0 \u00a0ELVIRA LLAMAS MESA \u2026\u2026\u2026\u2026\u2026\u2026\u2026\u2026\u2026\u00a0\u00a0\u00a0 Senior\u00a0\u00a0\u00a0 \u00a06000 <\/strong><\/p>\n<p><strong> <\/strong><\/p>\n<p><strong> <span style=\"text-decoration: underline;\"><span style=\"color: #ff0000;\">PERSONAS CON DISCAPACIDAD<\/span><\/span><\/strong><\/p>\n<p><strong> 1\u00ba.-ANDRES RUBIO AGUILERA \u2026\u2026\u2026\u2026\u2026\u2026\u2026\u2026\u2026.\u00a0\u00a0\u00a0\u00a0\u00a0\u00a0\u00a0\u00a0 \u201c\u00a0\u00a0\u00a0\u00a0\u00a0\u00a0\u00a0\u00a0\u00a0\u00a0 500\u00a0\u00a0\u00a0\u00a0\u00a0\u00a0\u00a0\u00a0\u00a0\u00a0\u00a0\u00a0\u00a0\u00a0\u00a0\u00a0\u00a0\u00a0\u00a0\u00a0\u00a0\u00a0 1\u201939\u2019\u2019<\/strong><\/p>\n<p><strong> 2\u00ba.-JUAN LOPEZ JIMENEZ\u2026\u2026\u2026\u2026\u2026\u2026\u2026\u2026\u2026\u2026\u2026..\u00a0\u00a0 \u00a0\u00a0\u00a0\u00a0\u00a0\u00a0\u00a0\u201c\u00a0\u00a0\u00a0\u00a0\u00a0\u00a0\u00a0\u00a0\u00a0\u00a0 500\u00a0\u00a0\u00a0\u00a0\u00a0\u00a0\u00a0\u00a0\u00a0\u00a0\u00a0\u00a0\u00a0\u00a0\u00a0\u00a0\u00a0\u00a0\u00a0\u00a0\u00a0\u00a0 1\u201956\u2019\u2019<\/strong><\/p>\n<p><strong> 3\u00ba.-JOSE RUIZ PULIDO\u2026\u2026\u2026\u2026\u2026\u2026\u2026\u2026\u2026\u2026\u2026\u2026\u2026\u2026\u00a0\u00a0\u00a0\u00a0\u00a0\u00a0 \u201c\u00a0\u00a0\u00a0\u00a0\u00a0\u00a0\u00a0\u00a0\u00a0\u00a0 500\u00a0\u00a0\u00a0\u00a0\u00a0\u00a0\u00a0\u00a0\u00a0\u00a0\u00a0\u00a0\u00a0\u00a0\u00a0\u00a0\u00a0\u00a0\u00a0\u00a0\u00a0 1\u201959\u2019\u2019<\/strong><\/p>\n<p><strong> 4\u00ba.-JUAN VILLATORO JIMENEZ\u2026\u2026\u2026\u2026\u2026\u2026\u2026\u2026\u2026\u00a0\u00a0\u00a0\u00a0\u00a0\u00a0\u00a0\u00a0\u00a0 \u201c\u00a0\u00a0\u00a0\u00a0\u00a0\u00a0\u00a0\u00a0\u00a0 500\u00a0\u00a0\u00a0\u00a0\u00a0\u00a0\u00a0\u00a0\u00a0\u00a0\u00a0\u00a0\u00a0\u00a0\u00a0\u00a0\u00a0\u00a0\u00a0\u00a0\u00a0 2\u201912\u2019\u2019<\/strong><\/p>\n<p><strong> 1\u00aa.-ANA ZAYAS SOBRINO \u2026\u2026\u2026\u2026\u2026\u2026\u2026\u2026\u2026\u2026\u2026\u2026.\u00a0\u00a0\u00a0\u00a0\u00a0\u00a0\u00a0\u00a0 \u201c\u00a0\u00a0\u00a0\u00a0\u00a0\u00a0\u00a0\u00a0\u00a0 500\u00a0\u00a0\u00a0\u00a0\u00a0\u00a0\u00a0\u00a0\u00a0\u00a0\u00a0\u00a0\u00a0\u00a0\u00a0\u00a0\u00a0\u00a0\u00a0\u00a0\u00a0 2\u201946\u2019\u2019<\/strong><\/p>\n<p><strong> 2\u00aa..-INMACULADA MARTINEZ CARRILLO \u2026\u2026\u2026\u2026.\u00a0\u00a0\u00a0\u00a0\u00a0\u00a0\u00a0\u00a0 \u201c\u00a0\u00a0\u00a0\u00a0\u00a0\u00a0\u00a0\u00a0\u00a0 500\u00a0\u00a0\u00a0\u00a0\u00a0\u00a0\u00a0\u00a0\u00a0\u00a0\u00a0\u00a0\u00a0\u00a0\u00a0\u00a0\u00a0\u00a0\u00a0\u00a0\u00a0 2\u201948\u2019\u2019<\/strong><\/p>\n<p><strong> 3\u00aa.-ANTONIO AGUILERA LUQUE\u2026\u2026\u2026\u2026\u2026\u2026\u2026\u2026\u2026..\u00a0\u00a0\u00a0\u00a0\u00a0\u00a0 \u201c\u00a0\u00a0\u00a0\u00a0\u00a0\u00a0\u00a0\u00a0\u00a0 500\u00a0\u00a0\u00a0\u00a0\u00a0\u00a0\u00a0\u00a0\u00a0\u00a0\u00a0\u00a0\u00a0\u00a0\u00a0\u00a0\u00a0\u00a0\u00a0\u00a0\u00a0 4\u201905\u2019\u2019 <\/strong><\/p>\n<h2><span style=\"color: #339966;\">I.- SAN SILVESTRE HERRERA<\/span><\/h2>\n<p><strong><span style=\"color: #0000ff;\"><span style=\"text-decoration: underline;\"> <\/span><\/span><\/strong><\/p>\n<p><strong><span style=\"color: #0000ff;\"> VIERNES 31 DE\u00a0 DICIEMBRE\u00a0 2010<\/span><\/strong><\/p>\n<p><strong><span style=\"color: #0000ff;\"> <\/span><\/strong><\/p>\n<p><strong><span style=\"color: #0000ff;\">A LAS\u00a0\u00a0 19\u201900 HORAS<\/span><\/strong><\/p>\n<p><strong><span style=\"color: #0000ff;\"> <\/span><\/strong><\/p>\n<p><strong><span style=\"color: #0000ff;\">LUGAR:\u00a0 HERRERA (Sevilla)<\/span><\/strong><\/p>\n<p><strong><span style=\"color: #0000ff;\"> <\/span><\/strong><\/p>\n<p><strong><span style=\"color: #0000ff;\">DISTANCIA:\u00a0 5.000<\/span><\/strong><\/p>\n<p><strong><span style=\"color: #0000ff;\"> <\/span><\/strong><\/p>\n<p><strong><span style=\"color: #0000ff;\">CORREDORES :\u00a0 100<\/span><\/strong><\/p>\n<p><strong> <\/strong><\/p>\n<p><strong> <span style=\"color: #ff0000;\"><span style=\"text-decoration: underline;\">CLUB ATLETISMO Y TRIATLON\u00a0 \u00a0DE LUCENA<\/span><\/span><\/strong><\/p>\n<p><strong><span style=\"color: #ff0000;\"><span style=\"text-decoration: underline;\"> <\/span><\/span><\/strong><\/p>\n<p><strong><span style=\"color: #ff0000;\"><span style=\"text-decoration: underline;\">1\u00ba.-CAT\u00a0\u00a0\u00a0\u00a0\u00a0 FRANCISCO REY MARTINEZ\u2026..\u00a0 VT\u00a0\u00a0\u00a0\u00a0\u00a0\u00a0\u00a0\u00a0 5.000\u00a0\u00a0\u00a0\u00a0\u00a0\u00a0 \u00a0\u00a0\u00a0\u00a0\u00a0\u00a0\u00a0\u00a0\u00a0\u00a0\u00a0\u00a0\u00a0\u00a017\u201915\u2019\u2019 <\/span><\/span><\/strong><\/p>\n<p><strong><span style=\"color: #ff0000;\"><span style=\"text-decoration: underline;\">7\u00ba.- GRAL<\/span><\/span><\/strong><\/p>\n<h3><span style=\"color: #ff0000;\"><span style=\"text-decoration: underline;\"><em><span style=\"color: #008000;\">Busca tus resultados<\/span><\/em><\/span><\/span><\/h3>\n<p><a href=\"http:\/\/www.dipucordoba.es\/la_diputacion\/deportes\"><span style=\"color: #0000ff;\">Clasificaciones y Resultados Premio Diputaci\u00f3n 2010<\/span><\/a><\/p>\n<p><a href=\"http:\/\/www.fedatletismoandaluz.net\/index.php?option=com_docman&amp;Itemid=220\"><span style=\"color: #0000ff;\">Federaci\u00f3n Andaluza de Atletismo. Resultados de Carreras<\/span><\/a><\/p>\n<p><a href=\"http:\/\/www.rfea.es\/web\/competiciones\/competiciones.asp\"><span style=\"color: #0000ff;\">Real Federaci\u00f3n Espa\u00f1ola de Atletismo<\/span><\/a><\/p>\n","protected":false},"excerpt":{"rendered":"<p>XIV.- PRUEBA \u00a0LOS 101 KM RONDA SABADO 6\u00a0\u00a0 Y\u00a0\u00a0 DOMINGO\u00a0 7\u00a0 \u00a0\u00a0DE MAYO 2011 A LAS \u00a0\u00a09 \u00a0HORA LUGAR:\u00a0 RONDA ( MALAGA) MODALIDAD:\u00a0 MARCHA CORTA,\u00a0 101 \u00a0KM MODALIDAD:\u00a0 DUATLON\u00a0\u00a0\u00a0\u00a0 101\u00a0\u00a0&hellip;<\/p>\n","protected":false},"author":1,"featured_media":0,"parent":216,"menu_order":0,"comment_status":"open","ping_status":"open","template":"","meta":{"footnotes":"","_links_to":"","_links_to_target":""},"class_list":["post-314","page","type-page","status-publish","hentry"],"_links":{"self":[{"href":"https:\/\/atletismotriatlonlucena.com\/index.php?rest_route=\/wp\/v2\/pages\/314","targetHints":{"allow":["GET"]}}],"collection":[{"href":"https:\/\/atletismotriatlonlucena.com\/index.php?rest_route=\/wp\/v2\/pages"}],"about":[{"href":"https:\/\/atletismotriatlonlucena.com\/index.php?rest_route=\/wp\/v2\/types\/page"}],"author":[{"embeddable":true,"href":"https:\/\/atletismotriatlonlucena.com\/index.php?rest_route=\/wp\/v2\/users\/1"}],"replies":[{"embeddable":true,"href":"https:\/\/atletismotriatlonlucena.com\/index.php?rest_route=%2Fwp%2Fv2%2Fcomments&post=314"}],"version-history":[{"count":0,"href":"https:\/\/atletismotriatlonlucena.com\/index.php?rest_route=\/wp\/v2\/pages\/314\/revisions"}],"up":[{"embeddable":true,"href":"https:\/\/atletismotriatlonlucena.com\/index.php?rest_route=\/wp\/v2\/pages\/216"}],"wp:attachment":[{"href":"https:\/\/atletismotriatlonlucena.com\/index.php?rest_route=%2Fwp%2Fv2%2Fmedia&parent=314"}],"curies":[{"name":"wp","href":"https:\/\/api.w.org\/{rel}","templated":true}]}}